{"id":4604032,"date":"2025-08-29T12:18:47","date_gmt":"2025-08-29T15:18:47","guid":{"rendered":"https:\/\/midianinja.org\/opiniao\/"},"modified":"2025-08-29T12:19:28","modified_gmt":"2025-08-29T15:19:28","slug":"opiniao","status":"publish","type":"page","link":"https:\/\/midianinja.org\/es\/opiniao\/","title":{"rendered":"Opini\u00f5es"},"content":{"rendered":"\n<div class=\"wp-block-columns opiniao-header is-layout-flex wp-container-core-columns-is-layout-9d6595d7 wp-block-columns-is-layout-flex\">\n<div class=\"wp-block-column is-layout-flow wp-block-column-is-layout-flow\">\t<div\n\t\tclass=\"wp-block-newspack-blocks-homepage-articles  wpnbha ts-4  has-text-align-left\"\n\t\tstyle=\"\"\n\t\t>\n\t\t<div data-posts data-current-post-id=\"4604032\">\n\t\t\t\t\t\t\t<h2 class=\"article-section-title\">\n\t\t\t\t\t<span>Opini\u00e3o<\/span>\n\t\t\t\t<\/h2>\n\t\t\t\t\t\t\n\t<article data-post-id=\"4653923\"\n\t\tclass=\"category-meio-ambiente-es marcador_afluente-casa-ninja-amazonia-es marcador_afluente-climax-now-es marcador_especial-cop30 type-opiniao post-has-image\"\n\t\t\t\t>\n\t\t\t\t\n\t\t<div class=\"entry-wrapper\">\n\t\t\t\t\t\t<h3 class=\"entry-title\"><a href=\"https:\/\/midianinja.org\/es\/opiniao\/a-historica-oportunidade-da-america-latina-da-resistencia-a-acao-climatica\/\" rel=\"bookmark\">La hist\u00f3rica oportunidad de Am\u00e9rica Latina: De la resistencia a la acci\u00f3n clim\u00e1tica<\/a><\/h3>\t\t\t\t\t\t<p>Am\u00e9rica Latina carga consigo una doble condici\u00f3n en la COP30, realizada en Bel\u00e9m do Par\u00e1 en 2025. Por un lado, es una de las regiones m\u00e1s decisivas para enfrentar el cambio clim\u00e1tico desde la resistencia de los pueblos y, por otro, es una de las regiones m\u00e1s vulnerables a \u00e9l<\/p>\n\t\t\t\t<div class=\"entry-meta\">\n\t\t\t\t\t<a href=\"https:\/\/midianinja.org\/es\/author\/colunista-ninja-na-cop30\/\"><img loading=\"lazy\" decoding=\"async\" width=\"48\" height=\"48\" src=\"https:\/\/midianinja.org\/wp-content\/uploads\/2025\/10\/Modelo-Colunista-\u2014-Feed-\u2014-NINJA-31-150x150.png\" class=\"avatar avatar-48 photo has-transparency wp-post-image\" alt=\"\" srcset=\"https:\/\/midianinja.org\/wp-content\/uploads\/2025\/10\/Modelo-Colunista-\u2014-Feed-\u2014-NINJA-31-150x150.png 150w, https:\/\/midianinja.org\/wp-content\/uploads\/2025\/10\/Modelo-Colunista-\u2014-Feed-\u2014-NINJA-31-300x300.png 300w, https:\/\/midianinja.org\/wp-content\/uploads\/2025\/10\/Modelo-Colunista-\u2014-Feed-\u2014-NINJA-31-750x750.png 750w, https:\/\/midianinja.org\/wp-content\/uploads\/2025\/10\/Modelo-Colunista-\u2014-Feed-\u2014-NINJA-31-768x768.png 768w, https:\/\/midianinja.org\/wp-content\/uploads\/2025\/10\/Modelo-Colunista-\u2014-Feed-\u2014-NINJA-31-800x800.png 800w, https:\/\/midianinja.org\/wp-content\/uploads\/2025\/10\/Modelo-Colunista-\u2014-Feed-\u2014-NINJA-31-600x600.png 600w, https:\/\/midianinja.org\/wp-content\/uploads\/2025\/10\/Modelo-Colunista-\u2014-Feed-\u2014-NINJA-31-400x400.png 400w, https:\/\/midianinja.org\/wp-content\/uploads\/2025\/10\/Modelo-Colunista-\u2014-Feed-\u2014-NINJA-31-200x200.png 200w, https:\/\/midianinja.org\/wp-content\/uploads\/2025\/10\/Modelo-Colunista-\u2014-Feed-\u2014-NINJA-31.png 1080w\" sizes=\"auto, (max-width: 48px) 100vw, 48px\" data-has-transparency=\"true\" data-dominant-color=\"c68726\" \/><\/a>\t\t\t\t\t\t<span class=\"byline\">\n\t\t\t\t\t\t\t<span class=\"author-prefix\">por<\/span> <span class=\"author vcard\"><a class=\"url fn n\" href=\"https:\/\/midianinja.org\/es\/author\/colunista-ninja-na-cop30\/\">Colunista NINJA na COP30<\/a><\/span>\t\t\t\t\t\t<\/span><!-- .author-name -->\n\t\t\t\t\t\t\t\t\t\t<\/div><!-- .entry-meta -->\n\t\t\t\t\t\t\t\t<\/div><!-- .entry-wrapper -->\n\t<\/article>\n\n\t\t\t\t<\/div>\n\t\t\n\t<\/div>\n\t<\/div>\n\n\n\n<div class=\"wp-block-column is-layout-flow wp-block-column-is-layout-flow\"><div id=\"block__latest-vertical-posts-4604032-0\" class=\"latest-vertical-posts-block post--columns-2 post--grid-columns post--has-author post--has-thumbnail post--thumbnail-rounded model-posts\" data-slider=\"vertical-posts\"><div class=\"latest-vertical-posts-block__slides\"><div class='slide'>\n<a href=\"https:\/\/midianinja.org\/es\/opiniao\/enquanto-a-cop30-reune-delegacoes-a-sociobioeconomia-reune-futuros-possiveis-em-manifesto-criativo-no-combu\/\">\n    <div class=\"post\">\n                    <div class=\"post-thumbnail\">\n                <div class=\"post-thumbnail--image\">\n                                            <img loading=\"lazy\" decoding=\"async\" width=\"1080\" height=\"1080\" src=\"https:\/\/midianinja.org\/wp-content\/uploads\/2025\/10\/Modelo-Colunista-\u2014-Feed-\u2014-NINJA-31.png\" class=\"avatar avatar-medium photo has-transparency wp-post-image\" alt=\"\" srcset=\"https:\/\/midianinja.org\/wp-content\/uploads\/2025\/10\/Modelo-Colunista-\u2014-Feed-\u2014-NINJA-31.png 1080w, https:\/\/midianinja.org\/wp-content\/uploads\/2025\/10\/Modelo-Colunista-\u2014-Feed-\u2014-NINJA-31-300x300.png 300w, https:\/\/midianinja.org\/wp-content\/uploads\/2025\/10\/Modelo-Colunista-\u2014-Feed-\u2014-NINJA-31-750x750.png 750w, https:\/\/midianinja.org\/wp-content\/uploads\/2025\/10\/Modelo-Colunista-\u2014-Feed-\u2014-NINJA-31-150x150.png 150w, https:\/\/midianinja.org\/wp-content\/uploads\/2025\/10\/Modelo-Colunista-\u2014-Feed-\u2014-NINJA-31-768x768.png 768w, https:\/\/midianinja.org\/wp-content\/uploads\/2025\/10\/Modelo-Colunista-\u2014-Feed-\u2014-NINJA-31-800x800.png 800w, https:\/\/midianinja.org\/wp-content\/uploads\/2025\/10\/Modelo-Colunista-\u2014-Feed-\u2014-NINJA-31-600x600.png 600w, https:\/\/midianinja.org\/wp-content\/uploads\/2025\/10\/Modelo-Colunista-\u2014-Feed-\u2014-NINJA-31-400x400.png 400w, https:\/\/midianinja.org\/wp-content\/uploads\/2025\/10\/Modelo-Colunista-\u2014-Feed-\u2014-NINJA-31-200x200.png 200w\" sizes=\"auto, (max-width: 1080px) 100vw, 1080px\" data-has-transparency=\"true\" data-dominant-color=\"c68726\" style=\"--dominant-color: #c68726;\" \/>                                    <\/div>\n            <\/div>\n        \n        <div class=\"post-content\">\n            <h2 class=\"post-title\">Mientras la COP30 re\u00fane delegaciones, la socio-bio-econom\u00eda re\u00fane futuros posibles en manifiesto creativo en Combu<\/h2>\n\n            \n            <div class=\"post-meta\">\n                <div class=\"post-meta--date\">\n                    \n                                    <\/div>\n\n                                    <div class=\"post-author\">\n                        <span>por<\/span>\n                        <span>Colunista NINJA na COP30<\/span>                    <\/div>\n                            <\/div>\n        <\/div>\n    <\/div>\n<\/a>\n\n<a href=\"https:\/\/midianinja.org\/es\/opiniao\/a-crise-climatica-e-o-colapso-das-politicas-publicas-no-sul-do-brasil-em-meio-a-cop30\/\">\n    <div class=\"post\">\n                    <div class=\"post-thumbnail\">\n                <div class=\"post-thumbnail--image\">\n                                            <img loading=\"lazy\" decoding=\"async\" width=\"1080\" height=\"1080\" src=\"https:\/\/midianinja.org\/wp-content\/uploads\/2025\/10\/Modelo-Colunista-\u2014-Feed-\u2014-NINJA-31.png\" class=\"avatar avatar-medium photo has-transparency wp-post-image\" alt=\"\" srcset=\"https:\/\/midianinja.org\/wp-content\/uploads\/2025\/10\/Modelo-Colunista-\u2014-Feed-\u2014-NINJA-31.png 1080w, https:\/\/midianinja.org\/wp-content\/uploads\/2025\/10\/Modelo-Colunista-\u2014-Feed-\u2014-NINJA-31-300x300.png 300w, https:\/\/midianinja.org\/wp-content\/uploads\/2025\/10\/Modelo-Colunista-\u2014-Feed-\u2014-NINJA-31-750x750.png 750w, https:\/\/midianinja.org\/wp-content\/uploads\/2025\/10\/Modelo-Colunista-\u2014-Feed-\u2014-NINJA-31-150x150.png 150w, https:\/\/midianinja.org\/wp-content\/uploads\/2025\/10\/Modelo-Colunista-\u2014-Feed-\u2014-NINJA-31-768x768.png 768w, https:\/\/midianinja.org\/wp-content\/uploads\/2025\/10\/Modelo-Colunista-\u2014-Feed-\u2014-NINJA-31-800x800.png 800w, https:\/\/midianinja.org\/wp-content\/uploads\/2025\/10\/Modelo-Colunista-\u2014-Feed-\u2014-NINJA-31-600x600.png 600w, https:\/\/midianinja.org\/wp-content\/uploads\/2025\/10\/Modelo-Colunista-\u2014-Feed-\u2014-NINJA-31-400x400.png 400w, https:\/\/midianinja.org\/wp-content\/uploads\/2025\/10\/Modelo-Colunista-\u2014-Feed-\u2014-NINJA-31-200x200.png 200w\" sizes=\"auto, (max-width: 1080px) 100vw, 1080px\" data-has-transparency=\"true\" data-dominant-color=\"c68726\" style=\"--dominant-color: #c68726;\" \/>                                    <\/div>\n            <\/div>\n        \n        <div class=\"post-content\">\n            <h2 class=\"post-title\">La crisis clim\u00e1tica y el colapso de las pol\u00edticas p\u00fablicas en el sur de Brasil en medio de la COP30<\/h2>\n\n            \n            <div class=\"post-meta\">\n                <div class=\"post-meta--date\">\n                    \n                                    <\/div>\n\n                                    <div class=\"post-author\">\n                        <span>por<\/span>\n                        <span>Colunista NINJA na COP30<\/span>                    <\/div>\n                            <\/div>\n        <\/div>\n    <\/div>\n<\/a>\n\n<a href=\"https:\/\/midianinja.org\/es\/opiniao\/cop-30-quando-so-a-grama-e-verde\/\">\n    <div class=\"post\">\n                    <div class=\"post-thumbnail\">\n                <div class=\"post-thumbnail--image\">\n                                            <img loading=\"lazy\" decoding=\"async\" width=\"1080\" height=\"1080\" src=\"https:\/\/midianinja.org\/wp-content\/uploads\/2025\/10\/Modelo-Colunista-\u2014-Feed-\u2014-NINJA-31.png\" class=\"avatar avatar-medium photo has-transparency wp-post-image\" alt=\"\" srcset=\"https:\/\/midianinja.org\/wp-content\/uploads\/2025\/10\/Modelo-Colunista-\u2014-Feed-\u2014-NINJA-31.png 1080w, https:\/\/midianinja.org\/wp-content\/uploads\/2025\/10\/Modelo-Colunista-\u2014-Feed-\u2014-NINJA-31-300x300.png 300w, https:\/\/midianinja.org\/wp-content\/uploads\/2025\/10\/Modelo-Colunista-\u2014-Feed-\u2014-NINJA-31-750x750.png 750w, https:\/\/midianinja.org\/wp-content\/uploads\/2025\/10\/Modelo-Colunista-\u2014-Feed-\u2014-NINJA-31-150x150.png 150w, https:\/\/midianinja.org\/wp-content\/uploads\/2025\/10\/Modelo-Colunista-\u2014-Feed-\u2014-NINJA-31-768x768.png 768w, https:\/\/midianinja.org\/wp-content\/uploads\/2025\/10\/Modelo-Colunista-\u2014-Feed-\u2014-NINJA-31-800x800.png 800w, https:\/\/midianinja.org\/wp-content\/uploads\/2025\/10\/Modelo-Colunista-\u2014-Feed-\u2014-NINJA-31-600x600.png 600w, https:\/\/midianinja.org\/wp-content\/uploads\/2025\/10\/Modelo-Colunista-\u2014-Feed-\u2014-NINJA-31-400x400.png 400w, https:\/\/midianinja.org\/wp-content\/uploads\/2025\/10\/Modelo-Colunista-\u2014-Feed-\u2014-NINJA-31-200x200.png 200w\" sizes=\"auto, (max-width: 1080px) 100vw, 1080px\" data-has-transparency=\"true\" data-dominant-color=\"c68726\" style=\"--dominant-color: #c68726;\" \/>                                    <\/div>\n            <\/div>\n        \n        <div class=\"post-content\">\n            <h2 class=\"post-title\">COP30: Cuando solo el pasto es verde<\/h2>\n\n            \n            <div class=\"post-meta\">\n                <div class=\"post-meta--date\">\n                    \n                                    <\/div>\n\n                                    <div class=\"post-author\">\n                        <span>por<\/span>\n                        <span>Colunista NINJA na COP30<\/span>                    <\/div>\n                            <\/div>\n        <\/div>\n    <\/div>\n<\/a>\n<\/div><div class='slide'>\n<a href=\"https:\/\/midianinja.org\/es\/opiniao\/o-sujeito-neoliberal-diante-da-extincao-sabemos-mas-preferimos-rolar-o-feed\/\">\n    <div class=\"post\">\n                    <div class=\"post-thumbnail\">\n                <div class=\"post-thumbnail--image\">\n                                            <img loading=\"lazy\" decoding=\"async\" width=\"1080\" height=\"1080\" src=\"https:\/\/midianinja.org\/wp-content\/uploads\/2025\/10\/Modelo-Colunista-\u2014-Feed-\u2014-NINJA-31.png\" class=\"avatar avatar-medium photo has-transparency wp-post-image\" alt=\"\" srcset=\"https:\/\/midianinja.org\/wp-content\/uploads\/2025\/10\/Modelo-Colunista-\u2014-Feed-\u2014-NINJA-31.png 1080w, https:\/\/midianinja.org\/wp-content\/uploads\/2025\/10\/Modelo-Colunista-\u2014-Feed-\u2014-NINJA-31-300x300.png 300w, https:\/\/midianinja.org\/wp-content\/uploads\/2025\/10\/Modelo-Colunista-\u2014-Feed-\u2014-NINJA-31-750x750.png 750w, https:\/\/midianinja.org\/wp-content\/uploads\/2025\/10\/Modelo-Colunista-\u2014-Feed-\u2014-NINJA-31-150x150.png 150w, https:\/\/midianinja.org\/wp-content\/uploads\/2025\/10\/Modelo-Colunista-\u2014-Feed-\u2014-NINJA-31-768x768.png 768w, https:\/\/midianinja.org\/wp-content\/uploads\/2025\/10\/Modelo-Colunista-\u2014-Feed-\u2014-NINJA-31-800x800.png 800w, https:\/\/midianinja.org\/wp-content\/uploads\/2025\/10\/Modelo-Colunista-\u2014-Feed-\u2014-NINJA-31-600x600.png 600w, https:\/\/midianinja.org\/wp-content\/uploads\/2025\/10\/Modelo-Colunista-\u2014-Feed-\u2014-NINJA-31-400x400.png 400w, https:\/\/midianinja.org\/wp-content\/uploads\/2025\/10\/Modelo-Colunista-\u2014-Feed-\u2014-NINJA-31-200x200.png 200w\" sizes=\"auto, (max-width: 1080px) 100vw, 1080px\" data-has-transparency=\"true\" data-dominant-color=\"c68726\" style=\"--dominant-color: #c68726;\" \/>                                    <\/div>\n            <\/div>\n        \n        <div class=\"post-content\">\n            <h2 class=\"post-title\">Sabemos lo que pasa y todav\u00eda nos perdemos en el feed: el sujeto neoliberal frente a la extinci\u00f3n<\/h2>\n\n            \n            <div class=\"post-meta\">\n                <div class=\"post-meta--date\">\n                    \n                                    <\/div>\n\n                                    <div class=\"post-author\">\n                        <span>por<\/span>\n                        <span>Colunista NINJA na COP30<\/span>                    <\/div>\n                            <\/div>\n        <\/div>\n    <\/div>\n<\/a>\n\n<a href=\"https:\/\/midianinja.org\/es\/opiniao\/o-norte-so-queria-fazer-parte-da-nacao-porque-uma-cop-na-amazonia-incomoda-tanto-boa-parte-do-brasil\/\">\n    <div class=\"post\">\n                    <div class=\"post-thumbnail\">\n                <div class=\"post-thumbnail--image\">\n                                            <img loading=\"lazy\" decoding=\"async\" width=\"1080\" height=\"1080\" src=\"https:\/\/midianinja.org\/wp-content\/uploads\/2025\/10\/Modelo-Colunista-\u2014-Feed-\u2014-NINJA-31.png\" class=\"avatar avatar-medium photo has-transparency wp-post-image\" alt=\"\" srcset=\"https:\/\/midianinja.org\/wp-content\/uploads\/2025\/10\/Modelo-Colunista-\u2014-Feed-\u2014-NINJA-31.png 1080w, https:\/\/midianinja.org\/wp-content\/uploads\/2025\/10\/Modelo-Colunista-\u2014-Feed-\u2014-NINJA-31-300x300.png 300w, https:\/\/midianinja.org\/wp-content\/uploads\/2025\/10\/Modelo-Colunista-\u2014-Feed-\u2014-NINJA-31-750x750.png 750w, https:\/\/midianinja.org\/wp-content\/uploads\/2025\/10\/Modelo-Colunista-\u2014-Feed-\u2014-NINJA-31-150x150.png 150w, https:\/\/midianinja.org\/wp-content\/uploads\/2025\/10\/Modelo-Colunista-\u2014-Feed-\u2014-NINJA-31-768x768.png 768w, https:\/\/midianinja.org\/wp-content\/uploads\/2025\/10\/Modelo-Colunista-\u2014-Feed-\u2014-NINJA-31-800x800.png 800w, https:\/\/midianinja.org\/wp-content\/uploads\/2025\/10\/Modelo-Colunista-\u2014-Feed-\u2014-NINJA-31-600x600.png 600w, https:\/\/midianinja.org\/wp-content\/uploads\/2025\/10\/Modelo-Colunista-\u2014-Feed-\u2014-NINJA-31-400x400.png 400w, https:\/\/midianinja.org\/wp-content\/uploads\/2025\/10\/Modelo-Colunista-\u2014-Feed-\u2014-NINJA-31-200x200.png 200w\" sizes=\"auto, (max-width: 1080px) 100vw, 1080px\" data-has-transparency=\"true\" data-dominant-color=\"c68726\" style=\"--dominant-color: #c68726;\" \/>                                    <\/div>\n            <\/div>\n        \n        <div class=\"post-content\">\n            <h2 class=\"post-title\">El norte solo quer\u00eda hacer parte de la naci\u00f3n: \u00bfPor qu\u00e9 una COP en la Amazon\u00eda molesta tanto a gran parte del Brasil?<\/h2>\n\n            \n            <div class=\"post-meta\">\n                <div class=\"post-meta--date\">\n                    \n                                    <\/div>\n\n                                    <div class=\"post-author\">\n                        <span>por<\/span>\n                        <span>Colunista NINJA na COP30<\/span>                    <\/div>\n                            <\/div>\n        <\/div>\n    <\/div>\n<\/a>\n\n<a href=\"https:\/\/midianinja.org\/es\/opiniao\/o-que-o-brasil-faz-com-o-trauma-ecologico\/\">\n    <div class=\"post\">\n                    <div class=\"post-thumbnail\">\n                <div class=\"post-thumbnail--image\">\n                                            <img loading=\"lazy\" decoding=\"async\" width=\"1080\" height=\"1080\" src=\"https:\/\/midianinja.org\/wp-content\/uploads\/2025\/10\/Modelo-Colunista-\u2014-Feed-\u2014-NINJA-31.png\" class=\"avatar avatar-medium photo has-transparency wp-post-image\" alt=\"\" srcset=\"https:\/\/midianinja.org\/wp-content\/uploads\/2025\/10\/Modelo-Colunista-\u2014-Feed-\u2014-NINJA-31.png 1080w, https:\/\/midianinja.org\/wp-content\/uploads\/2025\/10\/Modelo-Colunista-\u2014-Feed-\u2014-NINJA-31-300x300.png 300w, https:\/\/midianinja.org\/wp-content\/uploads\/2025\/10\/Modelo-Colunista-\u2014-Feed-\u2014-NINJA-31-750x750.png 750w, https:\/\/midianinja.org\/wp-content\/uploads\/2025\/10\/Modelo-Colunista-\u2014-Feed-\u2014-NINJA-31-150x150.png 150w, https:\/\/midianinja.org\/wp-content\/uploads\/2025\/10\/Modelo-Colunista-\u2014-Feed-\u2014-NINJA-31-768x768.png 768w, https:\/\/midianinja.org\/wp-content\/uploads\/2025\/10\/Modelo-Colunista-\u2014-Feed-\u2014-NINJA-31-800x800.png 800w, https:\/\/midianinja.org\/wp-content\/uploads\/2025\/10\/Modelo-Colunista-\u2014-Feed-\u2014-NINJA-31-600x600.png 600w, https:\/\/midianinja.org\/wp-content\/uploads\/2025\/10\/Modelo-Colunista-\u2014-Feed-\u2014-NINJA-31-400x400.png 400w, https:\/\/midianinja.org\/wp-content\/uploads\/2025\/10\/Modelo-Colunista-\u2014-Feed-\u2014-NINJA-31-200x200.png 200w\" sizes=\"auto, (max-width: 1080px) 100vw, 1080px\" data-has-transparency=\"true\" data-dominant-color=\"c68726\" style=\"--dominant-color: #c68726;\" \/>                                    <\/div>\n            <\/div>\n        \n        <div class=\"post-content\">\n            <h2 class=\"post-title\">\u00bfQu\u00e9 hace Brasil con sus traumas ecol\u00f3gicos?<\/h2>\n\n            \n            <div class=\"post-meta\">\n                <div class=\"post-meta--date\">\n                    \n                                    <\/div>\n\n                                    <div class=\"post-author\">\n                        <span>por<\/span>\n                        <span>Colunista NINJA na COP30<\/span>                    <\/div>\n                            <\/div>\n        <\/div>\n    <\/div>\n<\/a>\n<\/div><div class='slide'>\n<a href=\"https:\/\/midianinja.org\/es\/opiniao\/a-floresta-nao-e-cenario-e-personagem-e-autora-e-mae\/\">\n    <div class=\"post\">\n                    <div class=\"post-thumbnail\">\n                <div class=\"post-thumbnail--image\">\n                                            <img loading=\"lazy\" decoding=\"async\" width=\"1080\" height=\"1080\" src=\"https:\/\/midianinja.org\/wp-content\/uploads\/2025\/10\/Modelo-Colunista-\u2014-Feed-\u2014-NINJA-31.png\" class=\"avatar avatar-medium photo has-transparency wp-post-image\" alt=\"\" srcset=\"https:\/\/midianinja.org\/wp-content\/uploads\/2025\/10\/Modelo-Colunista-\u2014-Feed-\u2014-NINJA-31.png 1080w, https:\/\/midianinja.org\/wp-content\/uploads\/2025\/10\/Modelo-Colunista-\u2014-Feed-\u2014-NINJA-31-300x300.png 300w, https:\/\/midianinja.org\/wp-content\/uploads\/2025\/10\/Modelo-Colunista-\u2014-Feed-\u2014-NINJA-31-750x750.png 750w, https:\/\/midianinja.org\/wp-content\/uploads\/2025\/10\/Modelo-Colunista-\u2014-Feed-\u2014-NINJA-31-150x150.png 150w, https:\/\/midianinja.org\/wp-content\/uploads\/2025\/10\/Modelo-Colunista-\u2014-Feed-\u2014-NINJA-31-768x768.png 768w, https:\/\/midianinja.org\/wp-content\/uploads\/2025\/10\/Modelo-Colunista-\u2014-Feed-\u2014-NINJA-31-800x800.png 800w, https:\/\/midianinja.org\/wp-content\/uploads\/2025\/10\/Modelo-Colunista-\u2014-Feed-\u2014-NINJA-31-600x600.png 600w, https:\/\/midianinja.org\/wp-content\/uploads\/2025\/10\/Modelo-Colunista-\u2014-Feed-\u2014-NINJA-31-400x400.png 400w, https:\/\/midianinja.org\/wp-content\/uploads\/2025\/10\/Modelo-Colunista-\u2014-Feed-\u2014-NINJA-31-200x200.png 200w\" sizes=\"auto, (max-width: 1080px) 100vw, 1080px\" data-has-transparency=\"true\" data-dominant-color=\"c68726\" style=\"--dominant-color: #c68726;\" \/>                                    <\/div>\n            <\/div>\n        \n        <div class=\"post-content\">\n            <h2 class=\"post-title\">The florest is not a backdrop. It is a character, an author, a mother<\/h2>\n\n            \n            <div class=\"post-meta\">\n                <div class=\"post-meta--date\">\n                    \n                                    <\/div>\n\n                                    <div class=\"post-author\">\n                        <span>por<\/span>\n                        <span>Colunista NINJA na COP30<\/span>                    <\/div>\n                            <\/div>\n        <\/div>\n    <\/div>\n<\/a>\n\n<a href=\"https:\/\/midianinja.org\/es\/opiniao\/la-generacion-del-bloqueador-solar-o-por-que-debemos-narrar-la-cop-desde-la-esperanza\/\">\n    <div class=\"post\">\n                    <div class=\"post-thumbnail\">\n                <div class=\"post-thumbnail--image\">\n                                            <img loading=\"lazy\" decoding=\"async\" width=\"1080\" height=\"1080\" src=\"https:\/\/midianinja.org\/wp-content\/uploads\/2025\/10\/Modelo-Colunista-\u2014-Feed-\u2014-NINJA-31.png\" class=\"avatar avatar-medium photo has-transparency wp-post-image\" alt=\"\" srcset=\"https:\/\/midianinja.org\/wp-content\/uploads\/2025\/10\/Modelo-Colunista-\u2014-Feed-\u2014-NINJA-31.png 1080w, https:\/\/midianinja.org\/wp-content\/uploads\/2025\/10\/Modelo-Colunista-\u2014-Feed-\u2014-NINJA-31-300x300.png 300w, https:\/\/midianinja.org\/wp-content\/uploads\/2025\/10\/Modelo-Colunista-\u2014-Feed-\u2014-NINJA-31-750x750.png 750w, https:\/\/midianinja.org\/wp-content\/uploads\/2025\/10\/Modelo-Colunista-\u2014-Feed-\u2014-NINJA-31-150x150.png 150w, https:\/\/midianinja.org\/wp-content\/uploads\/2025\/10\/Modelo-Colunista-\u2014-Feed-\u2014-NINJA-31-768x768.png 768w, https:\/\/midianinja.org\/wp-content\/uploads\/2025\/10\/Modelo-Colunista-\u2014-Feed-\u2014-NINJA-31-800x800.png 800w, https:\/\/midianinja.org\/wp-content\/uploads\/2025\/10\/Modelo-Colunista-\u2014-Feed-\u2014-NINJA-31-600x600.png 600w, https:\/\/midianinja.org\/wp-content\/uploads\/2025\/10\/Modelo-Colunista-\u2014-Feed-\u2014-NINJA-31-400x400.png 400w, https:\/\/midianinja.org\/wp-content\/uploads\/2025\/10\/Modelo-Colunista-\u2014-Feed-\u2014-NINJA-31-200x200.png 200w\" sizes=\"auto, (max-width: 1080px) 100vw, 1080px\" data-has-transparency=\"true\" data-dominant-color=\"c68726\" style=\"--dominant-color: #c68726;\" \/>                                    <\/div>\n            <\/div>\n        \n        <div class=\"post-content\">\n            <h2 class=\"post-title\">La generaci\u00f3n del bloqueador solar o por qu\u00e9 debemos narrar la COP desde la esperanza<\/h2>\n\n            \n            <div class=\"post-meta\">\n                <div class=\"post-meta--date\">\n                    \n                                    <\/div>\n\n                                    <div class=\"post-author\">\n                        <span>por<\/span>\n                        <span>Colunista NINJA na COP30<\/span>                    <\/div>\n                            <\/div>\n        <\/div>\n    <\/div>\n<\/a>\n\n<a href=\"https:\/\/midianinja.org\/es\/opiniao\/um-pacto-para-viver\/\">\n    <div class=\"post\">\n                    <div class=\"post-thumbnail\">\n                <div class=\"post-thumbnail--image\">\n                                            <img loading=\"lazy\" decoding=\"async\" width=\"1080\" height=\"1080\" src=\"https:\/\/midianinja.org\/wp-content\/uploads\/2025\/10\/Modelo-Colunista-\u2014-Feed-\u2014-NINJA-31.png\" class=\"avatar avatar-medium photo has-transparency wp-post-image\" alt=\"\" srcset=\"https:\/\/midianinja.org\/wp-content\/uploads\/2025\/10\/Modelo-Colunista-\u2014-Feed-\u2014-NINJA-31.png 1080w, https:\/\/midianinja.org\/wp-content\/uploads\/2025\/10\/Modelo-Colunista-\u2014-Feed-\u2014-NINJA-31-300x300.png 300w, https:\/\/midianinja.org\/wp-content\/uploads\/2025\/10\/Modelo-Colunista-\u2014-Feed-\u2014-NINJA-31-750x750.png 750w, https:\/\/midianinja.org\/wp-content\/uploads\/2025\/10\/Modelo-Colunista-\u2014-Feed-\u2014-NINJA-31-150x150.png 150w, https:\/\/midianinja.org\/wp-content\/uploads\/2025\/10\/Modelo-Colunista-\u2014-Feed-\u2014-NINJA-31-768x768.png 768w, https:\/\/midianinja.org\/wp-content\/uploads\/2025\/10\/Modelo-Colunista-\u2014-Feed-\u2014-NINJA-31-800x800.png 800w, https:\/\/midianinja.org\/wp-content\/uploads\/2025\/10\/Modelo-Colunista-\u2014-Feed-\u2014-NINJA-31-600x600.png 600w, https:\/\/midianinja.org\/wp-content\/uploads\/2025\/10\/Modelo-Colunista-\u2014-Feed-\u2014-NINJA-31-400x400.png 400w, https:\/\/midianinja.org\/wp-content\/uploads\/2025\/10\/Modelo-Colunista-\u2014-Feed-\u2014-NINJA-31-200x200.png 200w\" sizes=\"auto, (max-width: 1080px) 100vw, 1080px\" data-has-transparency=\"true\" data-dominant-color=\"c68726\" style=\"--dominant-color: #c68726;\" \/>                                    <\/div>\n            <\/div>\n        \n        <div class=\"post-content\">\n            <h2 class=\"post-title\">Un pacto para vivir<\/h2>\n\n            \n            <div class=\"post-meta\">\n                <div class=\"post-meta--date\">\n                    \n                                    <\/div>\n\n                                    <div class=\"post-author\">\n                        <span>por<\/span>\n                        <span>Colunista NINJA na COP30<\/span>                    <\/div>\n                            <\/div>\n        <\/div>\n    <\/div>\n<\/a>\n<\/div><div class='slide'>\n<a href=\"https:\/\/midianinja.org\/es\/opiniao\/quem-tem-direito-de-se-esgotar-pelo-planeta\/\">\n    <div class=\"post\">\n                    <div class=\"post-thumbnail\">\n                <div class=\"post-thumbnail--image\">\n                                            <img loading=\"lazy\" decoding=\"async\" width=\"1080\" height=\"1080\" src=\"https:\/\/midianinja.org\/wp-content\/uploads\/2024\/05\/Modelo-Colunista-\u2014-Feed-\u2014-NINJA-4.png\" class=\"avatar avatar-medium photo has-transparency wp-post-image\" alt=\"colunista climax ninja\" srcset=\"https:\/\/midianinja.org\/wp-content\/uploads\/2024\/05\/Modelo-Colunista-\u2014-Feed-\u2014-NINJA-4.png 1080w, https:\/\/midianinja.org\/wp-content\/uploads\/2024\/05\/Modelo-Colunista-\u2014-Feed-\u2014-NINJA-4-300x300.png 300w, https:\/\/midianinja.org\/wp-content\/uploads\/2024\/05\/Modelo-Colunista-\u2014-Feed-\u2014-NINJA-4-1024x1024.png 1024w, https:\/\/midianinja.org\/wp-content\/uploads\/2024\/05\/Modelo-Colunista-\u2014-Feed-\u2014-NINJA-4-150x150.png 150w, https:\/\/midianinja.org\/wp-content\/uploads\/2024\/05\/Modelo-Colunista-\u2014-Feed-\u2014-NINJA-4-768x768.png 768w, https:\/\/midianinja.org\/wp-content\/uploads\/2024\/05\/Modelo-Colunista-\u2014-Feed-\u2014-NINJA-4-800x800.png 800w, https:\/\/midianinja.org\/wp-content\/uploads\/2024\/05\/Modelo-Colunista-\u2014-Feed-\u2014-NINJA-4-600x600.png 600w, https:\/\/midianinja.org\/wp-content\/uploads\/2024\/05\/Modelo-Colunista-\u2014-Feed-\u2014-NINJA-4-400x400.png 400w, https:\/\/midianinja.org\/wp-content\/uploads\/2024\/05\/Modelo-Colunista-\u2014-Feed-\u2014-NINJA-4-200x200.png 200w\" sizes=\"auto, (max-width: 1080px) 100vw, 1080px\" data-has-transparency=\"true\" data-dominant-color=\"8dcf0a\" style=\"--dominant-color: #8dcf0a;\" \/>                                    <\/div>\n            <\/div>\n        \n        <div class=\"post-content\">\n            <h2 class=\"post-title\">\u00bfQui\u00e9n tiene derecho de agotarse por el planeta?<\/h2>\n\n            \n            <div class=\"post-meta\">\n                <div class=\"post-meta--date\">\n                    \n                                    <\/div>\n\n                                    <div class=\"post-author\">\n                        <span>por<\/span>\n                        <span>Climax<\/span>                    <\/div>\n                            <\/div>\n        <\/div>\n    <\/div>\n<\/a>\n\n<a href=\"https:\/\/midianinja.org\/es\/opiniao\/politicas-publicas-nao-sao-autoajuda-coletiva-sao-psicanalise-social\/\">\n    <div class=\"post\">\n                    <div class=\"post-thumbnail\">\n                <div class=\"post-thumbnail--image\">\n                                            <img loading=\"lazy\" decoding=\"async\" width=\"1080\" height=\"1080\" src=\"https:\/\/midianinja.org\/wp-content\/uploads\/2024\/07\/Modelo-Colunista-\u2014-Feed-\u2014-NINJA-13.png\" class=\"avatar avatar-medium photo has-transparency wp-post-image\" alt=\"\" srcset=\"https:\/\/midianinja.org\/wp-content\/uploads\/2024\/07\/Modelo-Colunista-\u2014-Feed-\u2014-NINJA-13.png 1080w, https:\/\/midianinja.org\/wp-content\/uploads\/2024\/07\/Modelo-Colunista-\u2014-Feed-\u2014-NINJA-13-300x300.png 300w, https:\/\/midianinja.org\/wp-content\/uploads\/2024\/07\/Modelo-Colunista-\u2014-Feed-\u2014-NINJA-13-1024x1024.png 1024w, https:\/\/midianinja.org\/wp-content\/uploads\/2024\/07\/Modelo-Colunista-\u2014-Feed-\u2014-NINJA-13-150x150.png 150w, https:\/\/midianinja.org\/wp-content\/uploads\/2024\/07\/Modelo-Colunista-\u2014-Feed-\u2014-NINJA-13-768x768.png 768w, https:\/\/midianinja.org\/wp-content\/uploads\/2024\/07\/Modelo-Colunista-\u2014-Feed-\u2014-NINJA-13-800x800.png 800w, https:\/\/midianinja.org\/wp-content\/uploads\/2024\/07\/Modelo-Colunista-\u2014-Feed-\u2014-NINJA-13-600x600.png 600w, https:\/\/midianinja.org\/wp-content\/uploads\/2024\/07\/Modelo-Colunista-\u2014-Feed-\u2014-NINJA-13-400x400.png 400w, https:\/\/midianinja.org\/wp-content\/uploads\/2024\/07\/Modelo-Colunista-\u2014-Feed-\u2014-NINJA-13-200x200.png 200w\" sizes=\"auto, (max-width: 1080px) 100vw, 1080px\" data-has-transparency=\"true\" data-dominant-color=\"d4b8b3\" style=\"--dominant-color: #d4b8b3;\" \/>                                    <\/div>\n            <\/div>\n        \n        <div class=\"post-content\">\n            <h2 class=\"post-title\">Las pol\u00edticas p\u00fablicas no son autoayuda colectiva; son psicoan\u00e1lisis social<\/h2>\n\n            \n            <div class=\"post-meta\">\n                <div class=\"post-meta--date\">\n                    \n                                    <\/div>\n\n                                    <div class=\"post-author\">\n                        <span>por<\/span>\n                        <span>Casa NINJA Amaz\u00f4nia<\/span>                    <\/div>\n                            <\/div>\n        <\/div>\n    <\/div>\n<\/a>\n\n<a href=\"https:\/\/midianinja.org\/es\/opiniao\/a-ansiedade-ecologica-como-sintoma-social\/\">\n    <div class=\"post\">\n                    <div class=\"post-thumbnail\">\n                <div class=\"post-thumbnail--image\">\n                                            <img loading=\"lazy\" decoding=\"async\" width=\"1080\" height=\"1080\" src=\"https:\/\/midianinja.org\/wp-content\/uploads\/2024\/07\/Modelo-Colunista-\u2014-Feed-\u2014-NINJA-13.png\" class=\"avatar avatar-medium photo has-transparency wp-post-image\" alt=\"\" srcset=\"https:\/\/midianinja.org\/wp-content\/uploads\/2024\/07\/Modelo-Colunista-\u2014-Feed-\u2014-NINJA-13.png 1080w, https:\/\/midianinja.org\/wp-content\/uploads\/2024\/07\/Modelo-Colunista-\u2014-Feed-\u2014-NINJA-13-300x300.png 300w, https:\/\/midianinja.org\/wp-content\/uploads\/2024\/07\/Modelo-Colunista-\u2014-Feed-\u2014-NINJA-13-1024x1024.png 1024w, https:\/\/midianinja.org\/wp-content\/uploads\/2024\/07\/Modelo-Colunista-\u2014-Feed-\u2014-NINJA-13-150x150.png 150w, https:\/\/midianinja.org\/wp-content\/uploads\/2024\/07\/Modelo-Colunista-\u2014-Feed-\u2014-NINJA-13-768x768.png 768w, https:\/\/midianinja.org\/wp-content\/uploads\/2024\/07\/Modelo-Colunista-\u2014-Feed-\u2014-NINJA-13-800x800.png 800w, https:\/\/midianinja.org\/wp-content\/uploads\/2024\/07\/Modelo-Colunista-\u2014-Feed-\u2014-NINJA-13-600x600.png 600w, https:\/\/midianinja.org\/wp-content\/uploads\/2024\/07\/Modelo-Colunista-\u2014-Feed-\u2014-NINJA-13-400x400.png 400w, https:\/\/midianinja.org\/wp-content\/uploads\/2024\/07\/Modelo-Colunista-\u2014-Feed-\u2014-NINJA-13-200x200.png 200w\" sizes=\"auto, (max-width: 1080px) 100vw, 1080px\" data-has-transparency=\"true\" data-dominant-color=\"d4b8b3\" style=\"--dominant-color: #d4b8b3;\" \/>                                    <\/div>\n            <\/div>\n        \n        <div class=\"post-content\">\n            <h2 class=\"post-title\">Ansiedad ecol\u00f3gica como s\u00edntoma social<\/h2>\n\n            \n            <div class=\"post-meta\">\n                <div class=\"post-meta--date\">\n                    \n                                    <\/div>\n\n                                    <div class=\"post-author\">\n                        <span>por<\/span>\n                        <span>Casa NINJA Amaz\u00f4nia<\/span><span class=\"comma\">, <\/span><span>Colunista NINJA na COP30<\/span>                    <\/div>\n                            <\/div>\n        <\/div>\n    <\/div>\n<\/a>\n<\/div><\/div><!-- .latest-vertical-posts-block__slides --><div class=\"latest-vertical-posts-block__footer\"><div class=\"latest-vertical-posts-block__dots\"><\/div><div class=\"latest-vertical-posts-block__arrows\"><\/div><\/div><!-- .latest-vertical-posts-block__footer --><\/div><!-- .latest-vertical-posts-block --><\/div>\n<\/div>\n\n\n<div class=\"wp-block-newspack-blocks-wp-block-newspack-ads-blocks-ad-unit aligncenter\" style=\"text-align:center\"><style> @media ( min-width: 300px ) { .newspack_global_ad.block_69f485df75499 { min-height: 50px; } }  @media ( min-width: 970px ) { .newspack_global_ad.block_69f485df75499 { min-height: 90px; } } <\/style>\t\t<div class='newspack_global_ad block_69f485df75499 fixed-height'>\n\t\t\t\t\t\t<!-- \/23118823510\/teste --><div id='div-gpt-ad-69f485df75499-0'><\/div>\t\t<\/div>\n\t\t<\/div>\n\n\n<div class=\"wp-block-columns is-layout-flex wp-container-core-columns-is-layout-9d6595d7 wp-block-columns-is-layout-flex\">\n<div class=\"wp-block-column is-layout-flow wp-block-column-is-layout-flow\" style=\"flex-basis:66.66%\"><div id=\"block__latest-grid-posts-4604032-0\" class=\"latest-grid-posts-block  post--type-opiniao\"><div class=\"container\"><div class=\"latest-grid-posts-block__content\"\n                data-compare=\"OR\"\n                data-locale-code=\"es\"\n                data-max-posts=\"40\"\n                data-per-page=\"8\"\n                data-post-not-in=\"4654894,4653693,4653688,4653624,4653606,4653645,4653670,4652820,4611209,4611043,4610807,4611250,4653923\"\n                data-post-type=\"opiniao\"\n                data-no-compare=\"OR\"\n                data-no-post-type=\"\"\n                data-no-taxonomy=\"\"\n                data-no-query-terms=\"\"\n                data-show-author=\"1\"\n                data-show-children=\"\"\n                data-show-date=\"\"\n                data-show-excerpt=\"\"\n                data-taxonomy=\"\"\n                data-terms=\"\"><\/div><!-- .latest-grid-posts-block__content --><ul class=\"latest-grid-posts-block__pagination\"><\/ul><\/div><\/div><!-- .latest-grid-posts-block --><\/div>\n\n\n\n<div class=\"wp-block-column is-layout-flow wp-block-column-is-layout-flow\" style=\"flex-basis:33.33%\"><div id=\"block__latest-vertical-posts-4604032-1\" class=\"latest-vertical-posts-block post--columns-2 post--grid-columns post--has-author model-posts\" data-slider=\"vertical-posts\"><div class=\"latest-vertical-posts-block__heading\"><h2>Mais lidas<\/h2><\/div><div class=\"latest-vertical-posts-block__slides\"><div class='slide'>\n<a href=\"https:\/\/midianinja.org\/es\/opiniao\/a-amazonia-olha-de-volta\/\">\n    <div class=\"post\">\n        \n        <div class=\"post-content\">\n            <h2 class=\"post-title\">La Amazon\u00eda Mira de Vuelta<\/h2>\n\n            \n            <div class=\"post-meta\">\n                <div class=\"post-meta--date\">\n                    \n                                    <\/div>\n\n                                    <div class=\"post-author\">\n                        <span>por<\/span>\n                        <span>Casa NINJA Amaz\u00f4nia<\/span>                    <\/div>\n                            <\/div>\n        <\/div>\n    <\/div>\n<\/a>\n\n<a href=\"https:\/\/midianinja.org\/es\/opiniao\/o-lugar-da-agricultura-familiar-nas-negociacoes-sobre-o-clima\/\">\n    <div class=\"post\">\n        \n        <div class=\"post-content\">\n            <h2 class=\"post-title\">O lugar da agricultura familiar nas negocia\u00e7\u00f5es sobre o clima<\/h2>\n\n            \n            <div class=\"post-meta\">\n                <div class=\"post-meta--date\">\n                    \n                                    <\/div>\n\n                                    <div class=\"post-author\">\n                        <span>por<\/span>\n                                            <\/div>\n                            <\/div>\n        <\/div>\n    <\/div>\n<\/a>\n\n<a href=\"https:\/\/midianinja.org\/es\/opiniao\/nuestra-ultima-oportunidad-lula-va-a-la-cop-y-brasil-vuelve-a-la-lucha-por-salvar-el-planeta\/\">\n    <div class=\"post\">\n        \n        <div class=\"post-content\">\n            <h2 class=\"post-title\">NUESTRA \u00daLTIMA OPORTUNIDAD: Lula va a la COP y Brasil vuelve a la lucha por salvar el planeta<\/h2>\n\n            \n            <div class=\"post-meta\">\n                <div class=\"post-meta--date\">\n                    \n                                    <\/div>\n\n                                    <div class=\"post-author\">\n                        <span>por<\/span>\n                        <span>Ricardo Targino<\/span>                    <\/div>\n                            <\/div>\n        <\/div>\n    <\/div>\n<\/a>\n<\/div><div class='slide'>\n<a href=\"https:\/\/midianinja.org\/es\/opiniao\/las-falacias-del-capitalismo-verde-de-guillermo-lasso\/\">\n    <div class=\"post\">\n        \n        <div class=\"post-content\">\n            <h2 class=\"post-title\">Las falacias del capitalismo verde de Guillermo Lasso<\/h2>\n\n            \n            <div class=\"post-meta\">\n                <div class=\"post-meta--date\">\n                    \n                                    <\/div>\n\n                                    <div class=\"post-author\">\n                        <span>por<\/span>\n                        <span>NINJA<\/span>                    <\/div>\n                            <\/div>\n        <\/div>\n    <\/div>\n<\/a>\n<\/div><\/div><!-- .latest-vertical-posts-block__slides --><div class=\"latest-vertical-posts-block__footer\"><div class=\"latest-vertical-posts-block__dots\"><\/div><div class=\"latest-vertical-posts-block__arrows\"><\/div><\/div><!-- .latest-vertical-posts-block__footer --><\/div><!-- .latest-vertical-posts-block --><\/div>\n<\/div>\n\n\n\n<div class=\"wp-block-group colunistas mb-0 mt-0 is-layout-constrained wp-block-group-is-layout-constrained\">\n<div class=\"wp-block-buttons btn-colunistas is-layout-flex wp-block-buttons-is-layout-flex\">\n<div class=\"wp-block-button is-style-fill\"><a class=\"wp-block-button__link has-white-color has-black-background-color has-text-color has-background has-link-color wp-element-button\" href=\"https:\/\/midianinja.org\/es\/colunistas\/\" style=\"border-radius:8px\">TODOS OS COLUNISTAS<\/a><\/div>\n<\/div>\n\n\n<div id=\"block__latest-horizontal-posts-4604032-0\" class=\"latest-horizontal-posts-block colunistas-ninja model-columnists content-full show-slides-4\" data-slider=\"horizontal-posts\" data-slides-to-show=\"4\"><div class=\"container\"><div class=\"latest-horizontal-posts-block__content\"><div class=\"latest-horizontal-posts-block__heading\"><h2>Conhe\u00e7a os colunistas NINJA<\/h2><\/div><\/div><!-- .latest-horizontal-posts-block__content --><div class=\"latest-horizontal-posts-block__slides\"><div class='slide'>\n<a href=\"https:\/\/midianinja.org\/es\/author\/martadillon\/\">\n    <div class=\"post co-author\">\n        <div class=\"post-thumbnail\">\n            <img loading=\"lazy\" decoding=\"async\" width=\"400\" height=\"400\" src=\"https:\/\/midianinja.org\/wp-content\/uploads\/2017\/04\/marta.png\" class=\"attachment-post-thumbnail size-post-thumbnail wp-post-image\" alt=\"\" srcset=\"https:\/\/midianinja.org\/wp-content\/uploads\/2017\/04\/marta.png 400w, https:\/\/midianinja.org\/wp-content\/uploads\/2017\/04\/marta-150x150.png 150w, https:\/\/midianinja.org\/wp-content\/uploads\/2017\/04\/marta-300x300.png 300w, https:\/\/midianinja.org\/wp-content\/uploads\/2017\/04\/marta-100x100.png 100w\" sizes=\"auto, (max-width: 400px) 100vw, 400px\" \/>        <\/div>\n        <div class=\"post-content\">\n            <h2 class=\"post-title\">Marta Dillon<\/h2>\n                            <p>Jornalistas e escritora, ativista l\u00e9sbica feminista, integra os coletivos Ni Una Menos, Lohana Berkins &#8230;<\/p>\n                    <\/div>\n    <\/div>\n<\/a>\n<\/div><div class='slide'>\n<a href=\"https:\/\/midianinja.org\/es\/author\/mpa\/\">\n    <div class=\"post co-author\">\n        <div class=\"post-thumbnail\">\n            <img loading=\"lazy\" decoding=\"async\" width=\"400\" height=\"414\" src=\"https:\/\/midianinja.org\/wp-content\/uploads\/2018\/04\/LOGO-MPA-400x.png\" class=\"attachment-post-thumbnail size-post-thumbnail wp-post-image\" alt=\"\" srcset=\"https:\/\/midianinja.org\/wp-content\/uploads\/2018\/04\/LOGO-MPA-400x.png 400w, https:\/\/midianinja.org\/wp-content\/uploads\/2018\/04\/LOGO-MPA-400x-290x300.png 290w\" sizes=\"auto, (max-width: 400px) 100vw, 400px\" \/>        <\/div>\n        <div class=\"post-content\">\n            <h2 class=\"post-title\">Movimento dos Pequenos Agricultores<\/h2>\n                            <p>Movimento popular de massa, aut\u00f4nomo, que organiza o campesinato brasileiro.<\/p>\n                    <\/div>\n    <\/div>\n<\/a>\n<\/div><div class='slide'>\n<a href=\"https:\/\/midianinja.org\/es\/author\/victoriahenrique\/\">\n    <div class=\"post co-author\">\n        <div class=\"post-thumbnail\">\n            <img loading=\"lazy\" decoding=\"async\" width=\"500\" height=\"500\" src=\"https:\/\/midianinja.org\/wp-content\/uploads\/2019\/11\/NINJA-avatarcolunista.png\" class=\"attachment-post-thumbnail size-post-thumbnail wp-post-image\" alt=\"\" srcset=\"https:\/\/midianinja.org\/wp-content\/uploads\/2019\/11\/NINJA-avatarcolunista.png 500w, https:\/\/midianinja.org\/wp-content\/uploads\/2019\/11\/NINJA-avatarcolunista-150x150.png 150w, https:\/\/midianinja.org\/wp-content\/uploads\/2019\/11\/NINJA-avatarcolunista-300x300.png 300w\" sizes=\"auto, (max-width: 500px) 100vw, 500px\" \/>        <\/div>\n        <div class=\"post-content\">\n            <h2 class=\"post-title\">Vict\u00f3ria Henrique<\/h2>\n                            <p>Estudante de Jornalismo da Universidade Federal Fluminense e apresentadora do programa dos Estudantes NINJA, &#8230;<\/p>\n                    <\/div>\n    <\/div>\n<\/a>\n<\/div><div class='slide'>\n<a href=\"https:\/\/midianinja.org\/es\/author\/colunista-ninja\/\">\n    <div class=\"post co-author\">\n        <div class=\"post-thumbnail\">\n            <img loading=\"lazy\" decoding=\"async\" width=\"100\" height=\"100\" src=\"https:\/\/midianinja.org\/wp-content\/uploads\/2024\/04\/avatar-ninja-redesninja.png\" class=\"attachment-post-thumbnail size-post-thumbnail has-transparency wp-post-image\" alt=\"\" data-has-transparency=\"true\" data-dominant-color=\"313131\" style=\"--dominant-color: #313131;\" \/>        <\/div>\n        <div class=\"post-content\">\n            <h2 class=\"post-title\">Colunista NINJA<\/h2>\n                            <p>Espa\u00e7o para colunistas convidados e artigos pontuais de parceiros da M\u00eddia NINJA.<\/p>\n                    <\/div>\n    <\/div>\n<\/a>\n<\/div><div class='slide'>\n<a href=\"https:\/\/midianinja.org\/es\/author\/design-ativista\/\">\n    <div class=\"post co-author\">\n        <div class=\"post-thumbnail\">\n            <img loading=\"lazy\" decoding=\"async\" width=\"1080\" height=\"1080\" src=\"https:\/\/midianinja.org\/wp-content\/uploads\/2023\/02\/DA_AvatarCirculo.png\" class=\"attachment-post-thumbnail size-post-thumbnail wp-post-image\" alt=\"\" srcset=\"https:\/\/midianinja.org\/wp-content\/uploads\/2023\/02\/DA_AvatarCirculo.png 1080w, https:\/\/midianinja.org\/wp-content\/uploads\/2023\/02\/DA_AvatarCirculo-150x150.png 150w, https:\/\/midianinja.org\/wp-content\/uploads\/2023\/02\/DA_AvatarCirculo-300x300.png 300w, https:\/\/midianinja.org\/wp-content\/uploads\/2023\/02\/DA_AvatarCirculo-768x768.png 768w, https:\/\/midianinja.org\/wp-content\/uploads\/2023\/02\/DA_AvatarCirculo-1024x1024.png 1024w, https:\/\/midianinja.org\/wp-content\/uploads\/2023\/02\/DA_AvatarCirculo-600x600.png 600w\" sizes=\"auto, (max-width: 1080px) 100vw, 1080px\" \/>        <\/div>\n        <div class=\"post-content\">\n            <h2 class=\"post-title\">Design Ativista<\/h2>\n                            <p>O Design a favor do que voc\u00ea acredita.<\/p>\n                    <\/div>\n    <\/div>\n<\/a>\n<\/div><div class='slide'>\n<a href=\"https:\/\/midianinja.org\/es\/author\/ninja-foto\/\">\n    <div class=\"post co-author\">\n        <div class=\"post-thumbnail\">\n            <img loading=\"lazy\" decoding=\"async\" width=\"1080\" height=\"1080\" src=\"https:\/\/midianinja.org\/wp-content\/uploads\/2022\/05\/Card-Modelo-Novo-Noti\u0301cia-Feed-NINJA-14.png\" class=\"attachment-post-thumbnail size-post-thumbnail wp-post-image\" alt=\"\" srcset=\"https:\/\/midianinja.org\/wp-content\/uploads\/2022\/05\/Card-Modelo-Novo-Noti\u0301cia-Feed-NINJA-14.png 1080w, https:\/\/midianinja.org\/wp-content\/uploads\/2022\/05\/Card-Modelo-Novo-Noti\u0301cia-Feed-NINJA-14-150x150.png 150w, https:\/\/midianinja.org\/wp-content\/uploads\/2022\/05\/Card-Modelo-Novo-Noti\u0301cia-Feed-NINJA-14-300x300.png 300w, https:\/\/midianinja.org\/wp-content\/uploads\/2022\/05\/Card-Modelo-Novo-Noti\u0301cia-Feed-NINJA-14-768x768.png 768w, https:\/\/midianinja.org\/wp-content\/uploads\/2022\/05\/Card-Modelo-Novo-Noti\u0301cia-Feed-NINJA-14-1024x1024.png 1024w, https:\/\/midianinja.org\/wp-content\/uploads\/2022\/05\/Card-Modelo-Novo-Noti\u0301cia-Feed-NINJA-14-600x600.png 600w, https:\/\/midianinja.org\/wp-content\/uploads\/2022\/05\/Card-Modelo-Novo-Noti\u0301cia-Feed-NINJA-14-100x100.png 100w\" sizes=\"auto, (max-width: 1080px) 100vw, 1080px\" \/>        <\/div>\n        <div class=\"post-content\">\n            <h2 class=\"post-title\">NINJA Foto<\/h2>\n                            <p>Fotografia coletiva para mudar o mundo.<\/p>\n                    <\/div>\n    <\/div>\n<\/a>\n<\/div><div class='slide'>\n<a href=\"https:\/\/midianinja.org\/es\/author\/ninja-esporte-clube\/\">\n    <div class=\"post co-author\">\n        <div class=\"post-thumbnail\">\n            <img loading=\"lazy\" decoding=\"async\" width=\"1080\" height=\"1080\" src=\"https:\/\/midianinja.org\/wp-content\/uploads\/2023\/05\/Modelo-Colunista-\u2014-Feed-\u2014-NINJA-45.png\" class=\"attachment-post-thumbnail size-post-thumbnail wp-post-image\" alt=\"\" srcset=\"https:\/\/midianinja.org\/wp-content\/uploads\/2023\/05\/Modelo-Colunista-\u2014-Feed-\u2014-NINJA-45.png 1080w, https:\/\/midianinja.org\/wp-content\/uploads\/2023\/05\/Modelo-Colunista-\u2014-Feed-\u2014-NINJA-45-150x150.png 150w, https:\/\/midianinja.org\/wp-content\/uploads\/2023\/05\/Modelo-Colunista-\u2014-Feed-\u2014-NINJA-45-300x300.png 300w, https:\/\/midianinja.org\/wp-content\/uploads\/2023\/05\/Modelo-Colunista-\u2014-Feed-\u2014-NINJA-45-768x768.png 768w, https:\/\/midianinja.org\/wp-content\/uploads\/2023\/05\/Modelo-Colunista-\u2014-Feed-\u2014-NINJA-45-1024x1024.png 1024w, https:\/\/midianinja.org\/wp-content\/uploads\/2023\/05\/Modelo-Colunista-\u2014-Feed-\u2014-NINJA-45-600x600.png 600w\" sizes=\"auto, (max-width: 1080px) 100vw, 1080px\" \/>        <\/div>\n        <div class=\"post-content\">\n            <h2 class=\"post-title\">NINJA Esporte Clube<\/h2>\n                            <p>Esporte Clube da M\u00eddia NINJA.<\/p>\n                    <\/div>\n    <\/div>\n<\/a>\n<\/div><div class='slide'>\n<a href=\"https:\/\/midianinja.org\/es\/author\/jucaferreira\/\">\n    <div class=\"post co-author\">\n        <div class=\"post-thumbnail\">\n            <img loading=\"lazy\" decoding=\"async\" width=\"400\" height=\"400\" src=\"https:\/\/midianinja.org\/wp-content\/uploads\/2017\/04\/juca.png\" class=\"attachment-post-thumbnail size-post-thumbnail wp-post-image\" alt=\"\" srcset=\"https:\/\/midianinja.org\/wp-content\/uploads\/2017\/04\/juca.png 400w, https:\/\/midianinja.org\/wp-content\/uploads\/2017\/04\/juca-150x150.png 150w, https:\/\/midianinja.org\/wp-content\/uploads\/2017\/04\/juca-300x300.png 300w, https:\/\/midianinja.org\/wp-content\/uploads\/2017\/04\/juca-100x100.png 100w, https:\/\/midianinja.org\/wp-content\/uploads\/2017\/04\/juca-32x32.png 32w, https:\/\/midianinja.org\/wp-content\/uploads\/2017\/04\/juca-50x50.png 50w, https:\/\/midianinja.org\/wp-content\/uploads\/2017\/04\/juca-64x64.png 64w, https:\/\/midianinja.org\/wp-content\/uploads\/2017\/04\/juca-96x96.png 96w, https:\/\/midianinja.org\/wp-content\/uploads\/2017\/04\/juca-128x128.png 128w\" sizes=\"auto, (max-width: 400px) 100vw, 400px\" \/>        <\/div>\n        <div class=\"post-content\">\n            <h2 class=\"post-title\">Juca Ferreira<\/h2>\n                            <p>Soci\u00f3logo, foi duas vezes Ministro da Cultura, ex-Secret\u00e1rio de Cultura de S\u00e3o Paulo e &#8230;<\/p>\n                    <\/div>\n    <\/div>\n<\/a>\n<\/div><\/div><!-- .latest-horizontal-posts-block__slides --><div class=\"latest-horizontal-posts-block__footer\"><div class=\"latest-horizontal-posts-block__dots\"><\/div><div class=\"latest-horizontal-posts-block__arrows\"><\/div><\/div><!-- .latest-horizontal-posts-block__footer --><\/div><\/div><!-- .latest-horizontal-posts-block -->\n\n\n<h4 class=\"wp-block-heading\" id=\"h-conheca-os-colunistas-ninja\">Conhe\u00e7a os colunistas NINJA<\/h4>\n\n\n<div id=\"block__latest-vertical-posts-4604032-2\" class=\"latest-vertical-posts-block post--has-grid post--columns-2 post--grid-row post--has-thumbnail post--has-thumbnail vertical-post-mobile model-columnists\" data-slider=\"vertical-posts\"><div class=\"latest-vertical-posts-block__slides\"><div class='slide'><div class=\"slide-grid\">\n<a href=\"https:\/\/midianinja.org\/es\/author\/driadeaguiar1\/\">\n    <div class=\"post co-author\">\n                    <div class=\"post-thumbnail\">\n                <div class=\"post-thumbnail--image\">\n                                    <\/div>\n            <\/div>\n                <div class=\"post-content\">\n            <h3 class=\"post-title\">Dr\u00edade Aguiar<\/h3>\n                    <\/div>\n    <\/div>\n<\/a>\n\n<a href=\"https:\/\/midianinja.org\/es\/author\/campanhacerrado\/\">\n    <div class=\"post co-author\">\n                    <div class=\"post-thumbnail\">\n                <div class=\"post-thumbnail--image\">\n                                    <\/div>\n            <\/div>\n                <div class=\"post-content\">\n            <h3 class=\"post-title\">Campanha em Defesa do Cerrado<\/h3>\n                    <\/div>\n    <\/div>\n<\/a>\n\n<a href=\"https:\/\/midianinja.org\/es\/author\/dani-balbi\/\">\n    <div class=\"post co-author\">\n                    <div class=\"post-thumbnail\">\n                <div class=\"post-thumbnail--image\">\n                                    <\/div>\n            <\/div>\n                <div class=\"post-content\">\n            <h3 class=\"post-title\">Dani Balbi<\/h3>\n                    <\/div>\n    <\/div>\n<\/a>\n<\/div><!-- .slide-grid --><\/div><div class='slide'><div class=\"slide-grid\">\n<a href=\"https:\/\/midianinja.org\/es\/author\/xepaativismo\/\">\n    <div class=\"post co-author\">\n                    <div class=\"post-thumbnail\">\n                <div class=\"post-thumbnail--image\">\n                                    <\/div>\n            <\/div>\n                <div class=\"post-content\">\n            <h3 class=\"post-title\">XEPA<\/h3>\n                    <\/div>\n    <\/div>\n<\/a>\n\n<a href=\"https:\/\/midianinja.org\/es\/author\/juanespinoza\/\">\n    <div class=\"post co-author\">\n                    <div class=\"post-thumbnail\">\n                <div class=\"post-thumbnail--image\">\n                                    <\/div>\n            <\/div>\n                <div class=\"post-content\">\n            <h3 class=\"post-title\">Juan Espinoza<\/h3>\n                    <\/div>\n    <\/div>\n<\/a>\n\n<a href=\"https:\/\/midianinja.org\/es\/author\/martadillon\/\">\n    <div class=\"post co-author\">\n                    <div class=\"post-thumbnail\">\n                <div class=\"post-thumbnail--image\">\n                                    <\/div>\n            <\/div>\n                <div class=\"post-content\">\n            <h3 class=\"post-title\">Marta Dillon<\/h3>\n                    <\/div>\n    <\/div>\n<\/a>\n<\/div><!-- .slide-grid --><\/div><div class='slide'><div class=\"slide-grid\">\n<a href=\"https:\/\/midianinja.org\/es\/author\/movimentosemterra\/\">\n    <div class=\"post co-author\">\n                    <div class=\"post-thumbnail\">\n                <div class=\"post-thumbnail--image\">\n                                    <\/div>\n            <\/div>\n                <div class=\"post-content\">\n            <h3 class=\"post-title\">Movimento Sem Terra<\/h3>\n                    <\/div>\n    <\/div>\n<\/a>\n\n<a href=\"https:\/\/midianinja.org\/es\/author\/ricardotargino\/\">\n    <div class=\"post co-author\">\n                    <div class=\"post-thumbnail\">\n                <div class=\"post-thumbnail--image\">\n                                    <\/div>\n            <\/div>\n                <div class=\"post-content\">\n            <h3 class=\"post-title\">Ricardo Targino<\/h3>\n                    <\/div>\n    <\/div>\n<\/a>\n<\/div><!-- .slide-grid --><\/div><\/div><!-- .latest-vertical-posts-block__slides --><div class=\"latest-vertical-posts-block__footer\"><div class=\"latest-vertical-posts-block__dots\"><\/div><div class=\"latest-vertical-posts-block__arrows\"><\/div><\/div><!-- .latest-vertical-posts-block__footer --><\/div><!-- .latest-vertical-posts-block --><\/div>\n\n\n\n<div class=\"wp-block-group alignwide who-finances-desktop is-layout-constrained wp-block-group-is-layout-constrained\">\n<div class=\"wp-block-columns alignwide are-vertically-aligned-top is-layout-flex wp-container-core-columns-is-layout-9d6595d7 wp-block-columns-is-layout-flex\">\n<div class=\"wp-block-column is-vertically-aligned-top is-layout-flow wp-block-column-is-layout-flow\" style=\"flex-basis:70%\">\n<p>Quem financia a <span class=\"finances-title-mobile\">m\u00eddia ninja<\/span> \u00e9 voc\u00ea <\/p>\n<\/div>\n\n\n\n<div class=\"wp-block-column is-vertically-aligned-top is-layout-flow wp-block-column-is-layout-flow\" style=\"flex-basis:30%\">\n<div class=\"wp-block-buttons is-layout-flex wp-block-buttons-is-layout-flex\">\n<div class=\"wp-block-button is-style-outline is-style-outline--1\"><a class=\"wp-block-button__link wp-element-button\">AJUDE NA NOSSA CAUSA<\/a><\/div>\n<\/div>\n<\/div>\n<\/div>\n<\/div>\n","protected":false},"excerpt":{"rendered":"<p>Conhe\u00e7a os colunistas NINJA Quem financia a m\u00eddia ninja \u00e9 voc\u00ea<\/p>\n","protected":false},"author":11285,"featured_media":0,"parent":0,"menu_order":1,"comment_status":"closed","ping_status":"closed","template":"","meta":{"_coblocks_attr":"","_coblocks_dimensions":"","_coblocks_responsive_height":"","_coblocks_accordion_ie_support":"","newspack_ads_suppress_ads":false,"newspack_popups_has_disabled_popups":false,"newspack_sponsor_sponsorship_scope":"","newspack_sponsor_native_byline_display":"inherit","newspack_sponsor_native_category_display":"inherit","newspack_sponsor_underwriter_style":"inherit","newspack_sponsor_underwriter_placement":"inherit","rop_custom_images_group":[],"rop_custom_messages_group":[],"rop_publish_now":"initial","rop_publish_now_accounts":[],"rop_publish_now_history":[],"rop_publish_now_status":"pending","_themeisle_gutenberg_block_has_review":false,"_primary_brand":0,"footnotes":""},"brand":[],"newspack_spnsrs_tax":[],"coauthors":[12937],"class_list":["post-4604032","page","type-page","status-publish","hentry"],"yoast_head":"<!-- This site is optimized with the Yoast SEO Premium plugin v25.2 (Yoast SEO v26.1.1) - https:\/\/yoast.com\/wordpress\/plugins\/seo\/ -->\n<title>Opini\u00f5es - M\u00eddia NINJA<\/title>\n<meta name=\"robots\" content=\"index, follow, max-snippet:-1, max-image-preview:large, max-video-preview:-1\" \/>\n<link rel=\"canonical\" href=\"https:\/\/midianinja.org\/es\/opiniao\/\" \/>\n<meta property=\"og:locale\" content=\"es_ES\" \/>\n<meta property=\"og:type\" content=\"article\" \/>\n<meta property=\"og:title\" content=\"Opini\u00f5es\" \/>\n<meta property=\"og:description\" content=\"Conhe\u00e7a os colunistas NINJA Quem financia a m\u00eddia ninja \u00e9 voc\u00ea\" \/>\n<meta property=\"og:url\" content=\"https:\/\/midianinja.org\/es\/opiniao\/\" \/>\n<meta property=\"og:site_name\" content=\"M\u00eddia NINJA\" \/>\n<meta property=\"article:publisher\" content=\"https:\/\/www.facebook.com\/MidiaNINJA\" \/>\n<meta property=\"article:modified_time\" content=\"2025-08-29T15:19:28+00:00\" \/>\n<meta name=\"twitter:card\" content=\"summary_large_image\" \/>\n<meta name=\"twitter:site\" content=\"@MidiaNINJA\" \/>\n<meta name=\"twitter:label1\" content=\"Tiempo de lectura\" \/>\n\t<meta name=\"twitter:data1\" content=\"1 minuto\" \/>\n<script type=\"application\/ld+json\" class=\"yoast-schema-graph\">{\"@context\":\"https:\/\/schema.org\",\"@graph\":[{\"@type\":\"WebPage\",\"@id\":\"https:\/\/midianinja.org\/es\/opiniao\/\",\"url\":\"https:\/\/midianinja.org\/es\/opiniao\/\",\"name\":\"Opini\u00f5es - M\u00eddia NINJA\",\"isPartOf\":{\"@id\":\"https:\/\/midianinja.org\/#website\"},\"datePublished\":\"2025-08-29T15:18:47+00:00\",\"dateModified\":\"2025-08-29T15:19:28+00:00\",\"breadcrumb\":{\"@id\":\"https:\/\/midianinja.org\/es\/opiniao\/#breadcrumb\"},\"inLanguage\":\"es\",\"potentialAction\":[{\"@type\":\"ReadAction\",\"target\":[\"https:\/\/midianinja.org\/es\/opiniao\/\"]}]},{\"@type\":\"BreadcrumbList\",\"@id\":\"https:\/\/midianinja.org\/es\/opiniao\/#breadcrumb\",\"itemListElement\":[{\"@type\":\"ListItem\",\"position\":1,\"name\":\"In\u00edcio\",\"item\":\"https:\/\/midianinja.org\/es\/\"},{\"@type\":\"ListItem\",\"position\":2,\"name\":\"Opini\u00f5es\"}]},{\"@type\":\"WebSite\",\"@id\":\"https:\/\/midianinja.org\/#website\",\"url\":\"https:\/\/midianinja.org\/\",\"name\":\"M\u00eddia NINJA\",\"description\":\"Not\u00edcias, opini\u00e3o e jornalismo de urg\u00eancia.\",\"publisher\":{\"@id\":\"https:\/\/midianinja.org\/#organization\"},\"potentialAction\":[{\"@type\":\"SearchAction\",\"target\":{\"@type\":\"EntryPoint\",\"urlTemplate\":\"https:\/\/midianinja.org\/?s={search_term_string}\"},\"query-input\":{\"@type\":\"PropertyValueSpecification\",\"valueRequired\":true,\"valueName\":\"search_term_string\"}}],\"inLanguage\":\"es\"},{\"@type\":\"Organization\",\"@id\":\"https:\/\/midianinja.org\/#organization\",\"name\":\"M\u00eddia NINJA\",\"url\":\"https:\/\/midianinja.org\/\",\"logo\":{\"@type\":\"ImageObject\",\"inLanguage\":\"es\",\"@id\":\"https:\/\/midianinja.org\/#\/schema\/logo\/image\/\",\"url\":\"https:\/\/midianinja.org\/wp-content\/uploads\/2022\/11\/ninja-logo-preto-1.png\",\"contentUrl\":\"https:\/\/midianinja.org\/wp-content\/uploads\/2022\/11\/ninja-logo-preto-1.png\",\"width\":90,\"height\":60,\"caption\":\"M\u00eddia NINJA\"},\"image\":{\"@id\":\"https:\/\/midianinja.org\/#\/schema\/logo\/image\/\"},\"sameAs\":[\"https:\/\/www.facebook.com\/MidiaNINJA\",\"https:\/\/x.com\/MidiaNINJA\",\"https:\/\/www.instagram.com\/midianinja\/\"]}]}<\/script>\n<!-- \/ Yoast SEO Premium plugin. -->","yoast_head_json":{"title":"Opini\u00f5es - M\u00eddia NINJA","robots":{"index":"index","follow":"follow","max-snippet":"max-snippet:-1","max-image-preview":"max-image-preview:large","max-video-preview":"max-video-preview:-1"},"canonical":"https:\/\/midianinja.org\/es\/opiniao\/","og_locale":"es_ES","og_type":"article","og_title":"Opini\u00f5es","og_description":"Conhe\u00e7a os colunistas NINJA Quem financia a m\u00eddia ninja \u00e9 voc\u00ea","og_url":"https:\/\/midianinja.org\/es\/opiniao\/","og_site_name":"M\u00eddia NINJA","article_publisher":"https:\/\/www.facebook.com\/MidiaNINJA","article_modified_time":"2025-08-29T15:19:28+00:00","twitter_card":"summary_large_image","twitter_site":"@MidiaNINJA","twitter_misc":{"Tiempo de lectura":"1 minuto"},"schema":{"@context":"https:\/\/schema.org","@graph":[{"@type":"WebPage","@id":"https:\/\/midianinja.org\/es\/opiniao\/","url":"https:\/\/midianinja.org\/es\/opiniao\/","name":"Opini\u00f5es - M\u00eddia NINJA","isPartOf":{"@id":"https:\/\/midianinja.org\/#website"},"datePublished":"2025-08-29T15:18:47+00:00","dateModified":"2025-08-29T15:19:28+00:00","breadcrumb":{"@id":"https:\/\/midianinja.org\/es\/opiniao\/#breadcrumb"},"inLanguage":"es","potentialAction":[{"@type":"ReadAction","target":["https:\/\/midianinja.org\/es\/opiniao\/"]}]},{"@type":"BreadcrumbList","@id":"https:\/\/midianinja.org\/es\/opiniao\/#breadcrumb","itemListElement":[{"@type":"ListItem","position":1,"name":"In\u00edcio","item":"https:\/\/midianinja.org\/es\/"},{"@type":"ListItem","position":2,"name":"Opini\u00f5es"}]},{"@type":"WebSite","@id":"https:\/\/midianinja.org\/#website","url":"https:\/\/midianinja.org\/","name":"M\u00eddia NINJA","description":"Not\u00edcias, opini\u00e3o e jornalismo de urg\u00eancia.","publisher":{"@id":"https:\/\/midianinja.org\/#organization"},"potentialAction":[{"@type":"SearchAction","target":{"@type":"EntryPoint","urlTemplate":"https:\/\/midianinja.org\/?s={search_term_string}"},"query-input":{"@type":"PropertyValueSpecification","valueRequired":true,"valueName":"search_term_string"}}],"inLanguage":"es"},{"@type":"Organization","@id":"https:\/\/midianinja.org\/#organization","name":"M\u00eddia NINJA","url":"https:\/\/midianinja.org\/","logo":{"@type":"ImageObject","inLanguage":"es","@id":"https:\/\/midianinja.org\/#\/schema\/logo\/image\/","url":"https:\/\/midianinja.org\/wp-content\/uploads\/2022\/11\/ninja-logo-preto-1.png","contentUrl":"https:\/\/midianinja.org\/wp-content\/uploads\/2022\/11\/ninja-logo-preto-1.png","width":90,"height":60,"caption":"M\u00eddia NINJA"},"image":{"@id":"https:\/\/midianinja.org\/#\/schema\/logo\/image\/"},"sameAs":["https:\/\/www.facebook.com\/MidiaNINJA","https:\/\/x.com\/MidiaNINJA","https:\/\/www.instagram.com\/midianinja\/"]}]}},"_links":{"self":[{"href":"https:\/\/midianinja.org\/es\/wp-json\/wp\/v2\/pages\/4604032","targetHints":{"allow":["GET"]}}],"collection":[{"href":"https:\/\/midianinja.org\/es\/wp-json\/wp\/v2\/pages"}],"about":[{"href":"https:\/\/midianinja.org\/es\/wp-json\/wp\/v2\/types\/page"}],"author":[{"embeddable":true,"href":"https:\/\/midianinja.org\/es\/wp-json\/wp\/v2\/users\/11285"}],"replies":[{"embeddable":true,"href":"https:\/\/midianinja.org\/es\/wp-json\/wp\/v2\/comments?post=4604032"}],"version-history":[{"count":2,"href":"https:\/\/midianinja.org\/es\/wp-json\/wp\/v2\/pages\/4604032\/revisions"}],"predecessor-version":[{"id":4604035,"href":"https:\/\/midianinja.org\/es\/wp-json\/wp\/v2\/pages\/4604032\/revisions\/4604035"}],"wp:attachment":[{"href":"https:\/\/midianinja.org\/es\/wp-json\/wp\/v2\/media?parent=4604032"}],"wp:term":[{"taxonomy":"brand","embeddable":true,"href":"https:\/\/midianinja.org\/es\/wp-json\/wp\/v2\/brand?post=4604032"},{"taxonomy":"newspack_spnsrs_tax","embeddable":true,"href":"https:\/\/midianinja.org\/es\/wp-json\/wp\/v2\/newspack_spnsrs_tax?post=4604032"},{"taxonomy":"author","embeddable":true,"href":"https:\/\/midianinja.org\/es\/wp-json\/wp\/v2\/coauthors?post=4604032"}],"curies":[{"name":"wp","href":"https:\/\/api.w.org\/{rel}","templated":true}]}}