{"id":4652820,"date":"2025-11-12T18:35:06","date_gmt":"2025-11-12T21:35:06","guid":{"rendered":"https:\/\/midianinja.org\/?post_type=opiniao&#038;p=4652820"},"modified":"2025-11-12T18:35:11","modified_gmt":"2025-11-12T21:35:11","slug":"la-generacion-del-bloqueador-solar-o-por-que-debemos-narrar-la-cop-desde-la-esperanza","status":"publish","type":"opiniao","link":"https:\/\/midianinja.org\/es\/opiniao\/la-generacion-del-bloqueador-solar-o-por-que-debemos-narrar-la-cop-desde-la-esperanza\/","title":{"rendered":"La generaci\u00f3n del bloqueador solar o por qu\u00e9 debemos narrar la COP desde la esperanza"},"content":{"rendered":"\n<p><em>Por Alejandro G\u00f3mez Dugand, director de La Liga Contra el Silencio<\/em><\/p>\n\n\n\n<p>De ni\u00f1o pensaba que el sol me iba a matar.&nbsp;<\/p>\n\n\n\n<p>El sol que se colaba por un hueco en el cielo, pensaba, me iba a matar a m\u00ed y a mi mam\u00e1 y a mi perro. El hueco sobre el Polo Sur, me dijeron, va a crecer y los rayos ultravioleta nos van a fre\u00edr.&nbsp;<\/p>\n\n\n\n<p>Soy de la generaci\u00f3n que vivi\u00f3 con terror el hallazgo de que las emisiones de clorofluorocarbonos (CFC) \u2014utilizadas en aires acondicionados y aerosoles, por ejemplo\u2014 estaban \u201cadelgazando\u201d la capa de ozono, responsable de absorber la mayor parte de la da\u00f1ina radiaci\u00f3n ultravioleta al planeta. No solo eso: tambi\u00e9n hab\u00eda creado un inmenso agujero en la capa. Soy de la generaci\u00f3n que entendi\u00f3, por fin, la importancia del bloqueador solar.&nbsp;<\/p>\n\n\n\n<p>Hace 40 a\u00f1os, cuando nac\u00ed, fue el a\u00f1o en el que la comunidad cient\u00edfica confirm\u00f3 la existencia del agujero en la capa de ozono, cuyo tama\u00f1o, y la manera en la que crec\u00eda, empezar\u00eda a aumentar de manera sostenida en los a\u00f1os que vendr\u00edan.&nbsp;<\/p>\n\n\n\n<p>La m\u00eda fue una generaci\u00f3n de visiones catastr\u00f3ficas del futuro y ah\u00ed, al lado del agujero en la capa de ozono que me aterroriz\u00f3 cuando ni\u00f1o, llegaron tambi\u00e9n las noticias de las lluvias \u00e1cidas, producto de las emisiones de di\u00f3xido de azufre (SO2) por la quema, por ejemplo, de carb\u00f3n. Ese SO2 viaj\u00f3 por los aires, se hizo lluvia y <a href=\"https:\/\/www.epa.gov\/acidrain\/what-acid-rain\">da\u00f1\u00f3 los ecosistemas y acidific\u00f3 gravemente los suelos de bosques en Europa y EE.UU<\/a>.&nbsp;<\/p>\n\n\n\n<p>Y como si los agujeros en el cielo y las lluvias de \u00e1cido no fueran suficientes, <a href=\"https:\/\/www.cleanairfund.org\/news-item\/roundup-air-quality-news-may-2024\/?gad_source=1&amp;gad_campaignid=18136789129&amp;gbraid=0AAAAAo23RUf6ZuL3-_tHHSiyzi82jT3Op\">el aire se llen\u00f3 de veneno<\/a>: adem\u00e1s del SO2, aprendimos sobre el mon\u00f3xido de carbono (CO) y los \u00f3xidos de nitr\u00f3geno (NOx), sustancias que a\u00fan hoy, principalmente a trav\u00e9s del material particulado, siguen cobrando alrededor de siete millones de vidas prematuras al a\u00f1o en el mundo.<\/p>\n\n\n\n<p>Soy de la generaci\u00f3n, digo, donde el da\u00f1o que lxs humanxs le est\u00e1bamos haciendo al planeta, particularmente desde la revoluci\u00f3n industrial, no era ya discutible. La ciencia acumulaba evidencias innegables y esas evidencias no solo eran ya perceptibles en el d\u00eda a d\u00eda, sino que adem\u00e1s se insertaron en la cultura popular en un llamado de organizaciones y del activismo de atender la crisis ambiental con urgencia y, sobre todo, asumir las responsabilidades que como humanos tenemos de esa crisis.&nbsp;<\/p>\n\n\n\n<p>La m\u00eda, y las que vendr\u00edan luego, son las generaciones del fin del mundo: de las im\u00e1genes de osos polares flacuchentos navegando en t\u00e9mpanos de hielo que se hab\u00edan desprendido de los grandes glaciares; de las fotos a\u00e9reas de la Amazon\u00eda deforestada para la minera y para llenarla de vacas; de los peces muriendo por la temperatura alta de los mares. De los terremotos y los huracanes. Somos las generaciones que supieron que nuestra existencia en la tierra estaba siendo destructiva.&nbsp;<\/p>\n\n\n\n<p>Soy la generaci\u00f3n que pens\u00f3, porque se lo vaticinaron los medios y sus titulares apocal\u00edpticos (pero tambi\u00e9n algunos activismos y sus campa\u00f1as de <em>shock<\/em>), que ver\u00eda el final del planeta y, sin embargo, ac\u00e1 estamos. El mundo no se acab\u00f3. No por ahora. Mi perro y mi familia no se volvieron chicharrones por los rayos UV que se colaban por el agujero en el cielo. Y la raz\u00f3n es una: si bien el mundo atraviesa una crisis innegable en t\u00e9rminos ambientales, en la que la temperatura<a href=\"https:\/\/climatica.coop\/calentamiento-global-maximo-historico\/\"> del planeta aumenta aproximadamente 0,26\u00b0 C por d\u00e9cada<\/a>, y este, el 2025, <a href=\"https:\/\/news.un.org\/es\/story\/2025\/11\/1540701\">es uno de los m\u00e1s calientes desde al menos 1850<\/a>, el planeta est\u00e1 <em>un poquito<\/em> mejor que hace algunas d\u00e9cadas.<\/p>\n\n\n\n<p>Al menos un poquito en algunos aspectos que son pocos pero fundamentales: si bien el calentamiento global avanza, hemos logrado reducir la contaminaci\u00f3n directa y aguda. Las muertes prematuras por poluci\u00f3n del aire, por ejemplo, disminuyeron globalmente en un 40% desde 1990 gracias a regulaciones locales, aunque las cifras siguen siendo alt\u00edsimas. Adem\u00e1s, las emisiones de di\u00f3xido de azufre SO2, causantes de lluvia \u00e1cida, se han reducido en m\u00e1s de un 90% en naciones como EE. UU. desde 1990.<\/p>\n\n\n\n<p>Porque algo que no nos dijeron a la generaci\u00f3n del fin del mundo es que el fin, tambi\u00e9n es evitable.<\/p>\n\n\n\n<p>El problema del adelgazamiento y del agujero de la capa de ozono, que aterroriz\u00f3 a generaciones enteras de finales del siglo pasado, es un ejemplo. Luego de que la comunidad cient\u00edfica alertara de su existencia y sus efectos, hubo un ins\u00f3lito acuerdo de voluntad pol\u00edtica (entre figuras no necesariamente ambientalistas como Margaret Thatcher y Ronald Reagan) que culmin\u00f3 en el Protocolo de Montreal, un acuerdo internacional para eliminar progresivamente las sustancias responsables del da\u00f1o, especialmente los clorofluorocarbonos (CFC).&nbsp;<\/p>\n\n\n\n<p>Seg\u00fan la <a href=\"https:\/\/wmo.int\/es\/news\/media-centre\/gracias-la-ciencia-la-capa-de-ozono-se-esta-recuperando-segun-apunta-la-organizacion-meteorologica\">Organizaci\u00f3n Meteorol\u00f3gica Mundial,<\/a> desde que se firm\u00f3 el acuerdo, el agujero ha detenido su crecimiento y est\u00e1 en firme camino a la recuperaci\u00f3n total. Se espera que el ozono se recupere a los niveles de 1980 aproximadamente en 2040 en el resto del mundo, en 2045 sobre el \u00c1rtico y, en la zona m\u00e1s cr\u00edtica, el agujero ant\u00e1rtico, en el a\u00f1o 2066. La del agujero en la capa de ozono es un ejemplo que demuestra que con acci\u00f3n global colectiva, ciencia y compromiso pol\u00edtico se pueden lograr cambios tangibles y revertir da\u00f1os ambientales graves. La crisis clim\u00e1tica y ambiental persiste, pero la historia de la capa de ozono nos recuerda que los desastres no son inevitables si actuamos a tiempo.<\/p>\n\n\n\n<p>Y esta semana en Bel\u00e9m do Par\u00e1, en la Amazon\u00eda brasile\u00f1a, arranc\u00f3 la COP30, un evento que re\u00fane a 198 pa\u00edses del mundo para discutir y ojal\u00e1 llegar a acuerdos que puedan revertir la innegable crisis ambiental frente al cambio clim\u00e1tico que vive el mundo. Y ahora que estamos ac\u00e1 y como periodistas nos preguntamos c\u00f3mo cubrir lo que est\u00e1 ocurriendo y las decisiones que se pueden llegar a tomar, historias como la de la capa de ozono deber\u00edan ser significativas para entender algo y es que los discursos apocal\u00edpticos no son probablemente la salida. En su libro <a href=\"https:\/\/www.buscalibre.com.co\/libro-not-the-end-of-the-world\/9781529931242\/p\/62423220?bmkt_source=google&amp;bmkt_campaign=878570393&amp;gad_source=1&amp;gad_campaignid=878570393&amp;gbraid=0AAAAAD7H2K6UZ46Q5wQbhf7y-G4kDHS9e&amp;gclid=CjwKCAiA2svIBhB-EiwARWDPjuuoU2B1z9qhjx6IaHuzFOGWvDoXoKHirqrNMUgaG7Td1P1g1mnN2BoCRQIQAvD_BwE\"><em>Not the End of the World<\/em><\/a>, Hannah Ritchie habla de esto.<\/p>\n\n\n\n<p>La cumbre COP30 en Bel\u00e9m do Par\u00e1 nos obliga a cuestionar las historias que contamos cuando hablamos del ambiente. Seg\u00fan la investigadora de datos Hannah Ritchie, los \u00abmensajes apocal\u00edpticos hacen m\u00e1s da\u00f1o que bien\u00bb en la lucha contra el cambio clim\u00e1tico. En <em>Not the End of the World<\/em>, Ritchie sostiene que las narrativas de cat\u00e1strofe son perjudiciales porque generan par\u00e1lisis: si el fin es inminente (\u00absi ya estamos perdidxs, \u00bfqu\u00e9 sentido tiene intentarlo?\u00bb), el miedo destruye la motivaci\u00f3n para actuar.&nbsp;<\/p>\n\n\n\n<p>Ritchie afirma que \u00abesta opci\u00f3n de &#8216;rendirse&#8217; solo es posible desde un lugar de privilegio\u00bb, pues lxs m\u00e1s pobres no pueden \u00abcomprar su salida del peligro\u00bb. Ella rechaza el \u00aboptimismo complaciente\u00bb (la fe ciega) y propone el \u00aboptimismo urgente\u00bb: la confianza basada en la evidencia de que podemos moldear el futuro si actuamos. Ella anima a ver nuestra era no como la \u00ab\u00daltima Generaci\u00f3n\u00bb, sino como la \u00abPrimera Generaci\u00f3n\u00bb con la oportunidad de construir un planeta sostenible. Esto establece una tarea urgente para el periodismo: nuestra labor debe ser se\u00f1alar la crisis con rigor, pero tambi\u00e9n luchar activamente contra la desesperanza, mostrando que el cambio \u2014como lo prob\u00f3 la capa de ozono\u2014 es posible y que la acci\u00f3n cr\u00edtica y la esperanza son la \u00fanica v\u00eda para construir un futuro habitable.<\/p>\n\n\n\n<p>Porque esta COP no ocurre en cualquier momento pol\u00edtico. La convenci\u00f3n ocurre a espaldas de Donald Trump y Xi Jinping, l\u00edderes de las dos naciones m\u00e1s cr\u00edticas para la acci\u00f3n clim\u00e1tica. China y Estados Unidos son, por amplio margen, los mayores emisores de di\u00f3xido de carbono (CO2) en t\u00e9rminos anuales. China emite cerca del 30 % del total global, seguida de EE. UU. con el 12,5 %. Este contexto pol\u00edtico, donde el liderazgo de los principales contaminadores se distancia de los acuerdos multilaterales en Brasil, subraya la profunda dificultad que tiene el mundo para replicar el \u00e9xito de acuerdos como el Protocolo de Montreal, con el que se lograr\u00eda combatir la crisis de la capa de ozono.<\/p>\n\n\n\n<p>Y es ac\u00e1 donde lxs periodistas tenemos que tomar una decisi\u00f3n frente a cu\u00e1l futuro queremos dibujar. Nuestro trabajo es reportar los datos actualizados y m\u00e1s recientes. Y esos datos, lo sabemos, no son buenos. La batalla por las lecturas, los clics y el <em>engagement<\/em> obligan a un sector del periodismo a caer en titulares catastr\u00f3ficos. El fin del mundo siempre ha sido un material de venta.<\/p>\n\n\n\n<p>Pero en este momento de crisis, donde los discursos de negaci\u00f3n clim\u00e1tica se vuelven tan populares y empiezan a permear la cultura y los gobiernos, la esperanza resulta ser una gran revoluci\u00f3n. Porque la desesperanza le sirve mucho a quienes no les importa ni el planeta ni quienes viven en \u00e9l. Ideas malthusianas, como que el problema es que \u201csomos muchxs y somxs malxs\u201d, empiezan a calar, y el dilema de que hay cuerpos que sobran en el mundo, siempre recae en lxs que son empobrecidxs, precarizadxs y olvidadxs. Nada mejor que la desesperanza para los que quieren meter <em>bulldozer<\/em> en la Amazon\u00eda y vender carros.<\/p>\n\n\n\n<p>Por eso, creo, es el momento de asumir una responsabilidad m\u00e1s amplia; de hacer reportajes que nos lleven m\u00e1s all\u00e1 de solamente la exposici\u00f3n de la cat\u00e1strofe para tratar de buscar alg\u00fan tipo de futuro posible. As\u00ed empieza esta COP, y esperamos que as\u00ed el periodismo encuentre tambi\u00e9n una manera de dar un marco de entendimiento que nos ayude a pensar que el mundo, a pesar de todo, puede estar mejor.<\/p>\n","protected":false},"excerpt":{"rendered":"<p>La generaci\u00f3n que temi\u00f3 al sol por el ozono hoy mira la COP30 en Bel\u00e9m. Entre el engagement catastrofista y el negacionismo de Trump, la esperanza, basada en la evidencia de que podemos cambiar, es nuestra \u00fanica revoluci\u00f3n.<\/p>\n","protected":false},"author":11321,"featured_media":4609421,"menu_order":0,"template":"","format":"standard","meta":{"_coblocks_attr":"","_coblocks_dimensions":"","_coblocks_responsive_height":"","_coblocks_accordion_ie_support":"","newspack_ads_suppress_ads":false,"newspack_popups_has_disabled_popups":false,"newspack_sponsor_sponsorship_scope":"","newspack_sponsor_native_byline_display":"inherit","newspack_sponsor_native_category_display":"inherit","newspack_sponsor_underwriter_style":"inherit","newspack_sponsor_underwriter_placement":"inherit","rop_custom_images_group":[],"rop_custom_messages_group":[],"rop_publish_now":"initial","rop_publish_now_accounts":[],"rop_publish_now_history":[],"rop_publish_now_status":"pending","_themeisle_gutenberg_block_has_review":false,"footnotes":""},"categories":[1480],"tags":[],"marcador_afluente":[13010,20484],"marcador_especial":[21082],"coauthors":[21141],"class_list":["post-4652820","opiniao","type-opiniao","status-publish","format-standard","has-post-thumbnail","hentry","category-meio-ambiente-es","marcador_afluente-casa-ninja-amazonia-es","marcador_afluente-climax-now-es","marcador_especial-cop30"],"yoast_head":"<!-- This site is optimized with the Yoast SEO Premium plugin v25.2 (Yoast SEO v26.1.1) - https:\/\/yoast.com\/wordpress\/plugins\/seo\/ -->\n<title>La generaci\u00f3n del bloqueador solar o por qu\u00e9 debemos narrar la COP desde la esperanza - M\u00eddia NINJA<\/title>\n<meta name=\"robots\" content=\"index, follow, max-snippet:-1, max-image-preview:large, max-video-preview:-1\" \/>\n<link rel=\"canonical\" href=\"https:\/\/midianinja.org\/es\/opiniao\/la-generacion-del-bloqueador-solar-o-por-que-debemos-narrar-la-cop-desde-la-esperanza\/\" \/>\n<meta property=\"og:locale\" content=\"es_ES\" \/>\n<meta property=\"og:type\" content=\"article\" \/>\n<meta property=\"og:title\" content=\"La generaci\u00f3n del bloqueador solar o por qu\u00e9 debemos narrar la COP desde la esperanza\" \/>\n<meta property=\"og:description\" content=\"La generaci\u00f3n que temi\u00f3 al sol por el ozono hoy mira la COP30 en Bel\u00e9m. Entre el engagement catastrofista y el negacionismo de Trump, la esperanza, basada en la evidencia de que podemos cambiar, es nuestra \u00fanica revoluci\u00f3n.\" \/>\n<meta property=\"og:url\" content=\"https:\/\/midianinja.org\/es\/opiniao\/la-generacion-del-bloqueador-solar-o-por-que-debemos-narrar-la-cop-desde-la-esperanza\/\" \/>\n<meta property=\"og:site_name\" content=\"M\u00eddia NINJA\" \/>\n<meta property=\"article:publisher\" content=\"https:\/\/www.facebook.com\/MidiaNINJA\" \/>\n<meta property=\"article:modified_time\" content=\"2025-11-12T21:35:11+00:00\" \/>\n<meta property=\"og:image\" content=\"https:\/\/midianinja.org\/wp-content\/uploads\/2025\/10\/Capa_opiniao-scaled.png\" \/>\n\t<meta property=\"og:image:width\" content=\"2560\" \/>\n\t<meta property=\"og:image:height\" content=\"1440\" \/>\n\t<meta property=\"og:image:type\" content=\"image\/png\" \/>\n<meta name=\"twitter:card\" content=\"summary_large_image\" \/>\n<meta name=\"twitter:site\" content=\"@MidiaNINJA\" \/>\n<meta name=\"twitter:label1\" content=\"Tiempo de lectura\" \/>\n\t<meta name=\"twitter:data1\" content=\"9 minutos\" \/>\n\t<meta name=\"twitter:label2\" content=\"Written by\" \/>\n\t<meta name=\"twitter:data2\" content=\"Colunista NINJA na COP30\" \/>\n<script type=\"application\/ld+json\" class=\"yoast-schema-graph\">{\"@context\":\"https:\/\/schema.org\",\"@graph\":[{\"@type\":\"WebPage\",\"@id\":\"https:\/\/midianinja.org\/es\/opiniao\/la-generacion-del-bloqueador-solar-o-por-que-debemos-narrar-la-cop-desde-la-esperanza\/\",\"url\":\"https:\/\/midianinja.org\/es\/opiniao\/la-generacion-del-bloqueador-solar-o-por-que-debemos-narrar-la-cop-desde-la-esperanza\/\",\"name\":\"La generaci\u00f3n del bloqueador solar o por qu\u00e9 debemos narrar la COP desde la esperanza - M\u00eddia NINJA\",\"isPartOf\":{\"@id\":\"https:\/\/midianinja.org\/#website\"},\"primaryImageOfPage\":{\"@id\":\"https:\/\/midianinja.org\/es\/opiniao\/la-generacion-del-bloqueador-solar-o-por-que-debemos-narrar-la-cop-desde-la-esperanza\/#primaryimage\"},\"image\":{\"@id\":\"https:\/\/midianinja.org\/es\/opiniao\/la-generacion-del-bloqueador-solar-o-por-que-debemos-narrar-la-cop-desde-la-esperanza\/#primaryimage\"},\"thumbnailUrl\":\"https:\/\/midianinja.org\/wp-content\/uploads\/2025\/10\/Capa_opiniao-scaled.png\",\"datePublished\":\"2025-11-12T21:35:06+00:00\",\"dateModified\":\"2025-11-12T21:35:11+00:00\",\"breadcrumb\":{\"@id\":\"https:\/\/midianinja.org\/es\/opiniao\/la-generacion-del-bloqueador-solar-o-por-que-debemos-narrar-la-cop-desde-la-esperanza\/#breadcrumb\"},\"inLanguage\":\"es\",\"potentialAction\":[{\"@type\":\"ReadAction\",\"target\":[\"https:\/\/midianinja.org\/es\/opiniao\/la-generacion-del-bloqueador-solar-o-por-que-debemos-narrar-la-cop-desde-la-esperanza\/\"]}]},{\"@type\":\"ImageObject\",\"inLanguage\":\"es\",\"@id\":\"https:\/\/midianinja.org\/es\/opiniao\/la-generacion-del-bloqueador-solar-o-por-que-debemos-narrar-la-cop-desde-la-esperanza\/#primaryimage\",\"url\":\"https:\/\/midianinja.org\/wp-content\/uploads\/2025\/10\/Capa_opiniao-scaled.png\",\"contentUrl\":\"https:\/\/midianinja.org\/wp-content\/uploads\/2025\/10\/Capa_opiniao-scaled.png\",\"width\":2560,\"height\":1440},{\"@type\":\"BreadcrumbList\",\"@id\":\"https:\/\/midianinja.org\/es\/opiniao\/la-generacion-del-bloqueador-solar-o-por-que-debemos-narrar-la-cop-desde-la-esperanza\/#breadcrumb\",\"itemListElement\":[{\"@type\":\"ListItem\",\"position\":1,\"name\":\"In\u00edcio\",\"item\":\"https:\/\/midianinja.org\/es\/\"},{\"@type\":\"ListItem\",\"position\":2,\"name\":\"La generaci\u00f3n del bloqueador solar o por qu\u00e9 debemos narrar la COP desde la esperanza\"}]},{\"@type\":\"WebSite\",\"@id\":\"https:\/\/midianinja.org\/#website\",\"url\":\"https:\/\/midianinja.org\/\",\"name\":\"M\u00eddia NINJA\",\"description\":\"Not\u00edcias, opini\u00e3o e jornalismo de urg\u00eancia.\",\"publisher\":{\"@id\":\"https:\/\/midianinja.org\/#organization\"},\"potentialAction\":[{\"@type\":\"SearchAction\",\"target\":{\"@type\":\"EntryPoint\",\"urlTemplate\":\"https:\/\/midianinja.org\/?s={search_term_string}\"},\"query-input\":{\"@type\":\"PropertyValueSpecification\",\"valueRequired\":true,\"valueName\":\"search_term_string\"}}],\"inLanguage\":\"es\"},{\"@type\":\"Organization\",\"@id\":\"https:\/\/midianinja.org\/#organization\",\"name\":\"M\u00eddia NINJA\",\"url\":\"https:\/\/midianinja.org\/\",\"logo\":{\"@type\":\"ImageObject\",\"inLanguage\":\"es\",\"@id\":\"https:\/\/midianinja.org\/#\/schema\/logo\/image\/\",\"url\":\"https:\/\/midianinja.org\/wp-content\/uploads\/2022\/11\/ninja-logo-preto-1.png\",\"contentUrl\":\"https:\/\/midianinja.org\/wp-content\/uploads\/2022\/11\/ninja-logo-preto-1.png\",\"width\":90,\"height\":60,\"caption\":\"M\u00eddia NINJA\"},\"image\":{\"@id\":\"https:\/\/midianinja.org\/#\/schema\/logo\/image\/\"},\"sameAs\":[\"https:\/\/www.facebook.com\/MidiaNINJA\",\"https:\/\/x.com\/MidiaNINJA\",\"https:\/\/www.instagram.com\/midianinja\/\"]}]}<\/script>\n<!-- \/ Yoast SEO Premium plugin. -->","yoast_head_json":{"title":"La generaci\u00f3n del bloqueador solar o por qu\u00e9 debemos narrar la COP desde la esperanza - M\u00eddia NINJA","robots":{"index":"index","follow":"follow","max-snippet":"max-snippet:-1","max-image-preview":"max-image-preview:large","max-video-preview":"max-video-preview:-1"},"canonical":"https:\/\/midianinja.org\/es\/opiniao\/la-generacion-del-bloqueador-solar-o-por-que-debemos-narrar-la-cop-desde-la-esperanza\/","og_locale":"es_ES","og_type":"article","og_title":"La generaci\u00f3n del bloqueador solar o por qu\u00e9 debemos narrar la COP desde la esperanza","og_description":"La generaci\u00f3n que temi\u00f3 al sol por el ozono hoy mira la COP30 en Bel\u00e9m. Entre el engagement catastrofista y el negacionismo de Trump, la esperanza, basada en la evidencia de que podemos cambiar, es nuestra \u00fanica revoluci\u00f3n.","og_url":"https:\/\/midianinja.org\/es\/opiniao\/la-generacion-del-bloqueador-solar-o-por-que-debemos-narrar-la-cop-desde-la-esperanza\/","og_site_name":"M\u00eddia NINJA","article_publisher":"https:\/\/www.facebook.com\/MidiaNINJA","article_modified_time":"2025-11-12T21:35:11+00:00","og_image":[{"width":2560,"height":1440,"url":"https:\/\/midianinja.org\/wp-content\/uploads\/2025\/10\/Capa_opiniao-scaled.png","type":"image\/png"}],"twitter_card":"summary_large_image","twitter_site":"@MidiaNINJA","twitter_misc":{"Tiempo de lectura":"9 minutos","Written by":"Colunista NINJA na COP30"},"schema":{"@context":"https:\/\/schema.org","@graph":[{"@type":"WebPage","@id":"https:\/\/midianinja.org\/es\/opiniao\/la-generacion-del-bloqueador-solar-o-por-que-debemos-narrar-la-cop-desde-la-esperanza\/","url":"https:\/\/midianinja.org\/es\/opiniao\/la-generacion-del-bloqueador-solar-o-por-que-debemos-narrar-la-cop-desde-la-esperanza\/","name":"La generaci\u00f3n del bloqueador solar o por qu\u00e9 debemos narrar la COP desde la esperanza - M\u00eddia NINJA","isPartOf":{"@id":"https:\/\/midianinja.org\/#website"},"primaryImageOfPage":{"@id":"https:\/\/midianinja.org\/es\/opiniao\/la-generacion-del-bloqueador-solar-o-por-que-debemos-narrar-la-cop-desde-la-esperanza\/#primaryimage"},"image":{"@id":"https:\/\/midianinja.org\/es\/opiniao\/la-generacion-del-bloqueador-solar-o-por-que-debemos-narrar-la-cop-desde-la-esperanza\/#primaryimage"},"thumbnailUrl":"https:\/\/midianinja.org\/wp-content\/uploads\/2025\/10\/Capa_opiniao-scaled.png","datePublished":"2025-11-12T21:35:06+00:00","dateModified":"2025-11-12T21:35:11+00:00","breadcrumb":{"@id":"https:\/\/midianinja.org\/es\/opiniao\/la-generacion-del-bloqueador-solar-o-por-que-debemos-narrar-la-cop-desde-la-esperanza\/#breadcrumb"},"inLanguage":"es","potentialAction":[{"@type":"ReadAction","target":["https:\/\/midianinja.org\/es\/opiniao\/la-generacion-del-bloqueador-solar-o-por-que-debemos-narrar-la-cop-desde-la-esperanza\/"]}]},{"@type":"ImageObject","inLanguage":"es","@id":"https:\/\/midianinja.org\/es\/opiniao\/la-generacion-del-bloqueador-solar-o-por-que-debemos-narrar-la-cop-desde-la-esperanza\/#primaryimage","url":"https:\/\/midianinja.org\/wp-content\/uploads\/2025\/10\/Capa_opiniao-scaled.png","contentUrl":"https:\/\/midianinja.org\/wp-content\/uploads\/2025\/10\/Capa_opiniao-scaled.png","width":2560,"height":1440},{"@type":"BreadcrumbList","@id":"https:\/\/midianinja.org\/es\/opiniao\/la-generacion-del-bloqueador-solar-o-por-que-debemos-narrar-la-cop-desde-la-esperanza\/#breadcrumb","itemListElement":[{"@type":"ListItem","position":1,"name":"In\u00edcio","item":"https:\/\/midianinja.org\/es\/"},{"@type":"ListItem","position":2,"name":"La generaci\u00f3n del bloqueador solar o por qu\u00e9 debemos narrar la COP desde la esperanza"}]},{"@type":"WebSite","@id":"https:\/\/midianinja.org\/#website","url":"https:\/\/midianinja.org\/","name":"M\u00eddia NINJA","description":"Not\u00edcias, opini\u00e3o e jornalismo de urg\u00eancia.","publisher":{"@id":"https:\/\/midianinja.org\/#organization"},"potentialAction":[{"@type":"SearchAction","target":{"@type":"EntryPoint","urlTemplate":"https:\/\/midianinja.org\/?s={search_term_string}"},"query-input":{"@type":"PropertyValueSpecification","valueRequired":true,"valueName":"search_term_string"}}],"inLanguage":"es"},{"@type":"Organization","@id":"https:\/\/midianinja.org\/#organization","name":"M\u00eddia NINJA","url":"https:\/\/midianinja.org\/","logo":{"@type":"ImageObject","inLanguage":"es","@id":"https:\/\/midianinja.org\/#\/schema\/logo\/image\/","url":"https:\/\/midianinja.org\/wp-content\/uploads\/2022\/11\/ninja-logo-preto-1.png","contentUrl":"https:\/\/midianinja.org\/wp-content\/uploads\/2022\/11\/ninja-logo-preto-1.png","width":90,"height":60,"caption":"M\u00eddia NINJA"},"image":{"@id":"https:\/\/midianinja.org\/#\/schema\/logo\/image\/"},"sameAs":["https:\/\/www.facebook.com\/MidiaNINJA","https:\/\/x.com\/MidiaNINJA","https:\/\/www.instagram.com\/midianinja\/"]}]}},"_links":{"self":[{"href":"https:\/\/midianinja.org\/es\/wp-json\/wp\/v2\/opiniao\/4652820","targetHints":{"allow":["GET"]}}],"collection":[{"href":"https:\/\/midianinja.org\/es\/wp-json\/wp\/v2\/opiniao"}],"about":[{"href":"https:\/\/midianinja.org\/es\/wp-json\/wp\/v2\/types\/opiniao"}],"author":[{"embeddable":true,"href":"https:\/\/midianinja.org\/es\/wp-json\/wp\/v2\/users\/11321"}],"version-history":[{"count":1,"href":"https:\/\/midianinja.org\/es\/wp-json\/wp\/v2\/opiniao\/4652820\/revisions"}],"predecessor-version":[{"id":4652821,"href":"https:\/\/midianinja.org\/es\/wp-json\/wp\/v2\/opiniao\/4652820\/revisions\/4652821"}],"wp:featuredmedia":[{"embeddable":true,"href":"https:\/\/midianinja.org\/es\/wp-json\/wp\/v2\/media\/4609421"}],"wp:attachment":[{"href":"https:\/\/midianinja.org\/es\/wp-json\/wp\/v2\/media?parent=4652820"}],"wp:term":[{"taxonomy":"category","embeddable":true,"href":"https:\/\/midianinja.org\/es\/wp-json\/wp\/v2\/categories?post=4652820"},{"taxonomy":"post_tag","embeddable":true,"href":"https:\/\/midianinja.org\/es\/wp-json\/wp\/v2\/tags?post=4652820"},{"taxonomy":"marcador_afluente","embeddable":true,"href":"https:\/\/midianinja.org\/es\/wp-json\/wp\/v2\/marcador_afluente?post=4652820"},{"taxonomy":"marcador_especial","embeddable":true,"href":"https:\/\/midianinja.org\/es\/wp-json\/wp\/v2\/marcador_especial?post=4652820"},{"taxonomy":"author","embeddable":true,"href":"https:\/\/midianinja.org\/es\/wp-json\/wp\/v2\/coauthors?post=4652820"}],"curies":[{"name":"wp","href":"https:\/\/api.w.org\/{rel}","templated":true}]}}