{"id":4611043,"date":"2025-11-10T02:09:31","date_gmt":"2025-11-10T05:09:31","guid":{"rendered":"https:\/\/midianinja.org\/opiniao\/quem-tem-direito-de-se-esgotar-pelo-planeta\/"},"modified":"2025-11-10T17:07:08","modified_gmt":"2025-11-10T20:07:08","slug":"quem-tem-direito-de-se-esgotar-pelo-planeta","status":"publish","type":"opiniao","link":"https:\/\/midianinja.org\/es\/opiniao\/quem-tem-direito-de-se-esgotar-pelo-planeta\/","title":{"rendered":"\u00bfQui\u00e9n tiene derecho de agotarse por el planeta?"},"content":{"rendered":"\n<p><em>Por Chris Zelglia, para la Cobertura Colaborativa NINJA COP30<\/em><\/p>\n\n\n\n<p>En el debate sobre el clima, se manifiesta como algo urgente. Todos est\u00e1n exhaustos, alarmados, al l\u00edmite de sus fuerzas. Sin embargo, \u00bfqui\u00e9n tiene la libertad de permitirse esa fatiga?<\/p>\n\n\n\n<p>Hay cuerpos que nunca tuvieron la oportunidad de descansar.&nbsp;<\/p>\n\n\n\n<p>Mientras que algunos discuten el burnout (estr\u00e9s cr\u00f3nico) ambiental en encuentros internacionales, otros experimentan el colapso clim\u00e1tico como parte de su d\u00eda a d\u00eda: hambre, falta de abrigo, poluci\u00f3n, desplazamiento forzoso.&nbsp;<\/p>\n\n\n\n<p>La crisis clim\u00e1tica es desigual, as\u00ed como el cansancio&nbsp;<\/p>\n\n\n\n<p>Lo que es considerado agotamiento emocional por algunos, para otros representa la herencia de siglos de explotaci\u00f3n y abandono por parte del Estado.&nbsp;<\/p>\n\n\n\n<p>Es en este abismo que la noci\u00f3n de fatiga global rebela su base ideol\u00f3gica, en la cual se agranda el sufrimiento, pero no la responsabilidad colectiva.&nbsp;<\/p>\n\n\n\n<p>No todos tienen la posibilidad de agotarse en favor del planeta, puesto que no todos son reconocidos como seres dignos de cuidado.&nbsp;<\/p>\n\n\n\n<p>El capitalismo emocional transform\u00f3 el colapso en una cuesti\u00f3n est\u00e9tica. El agotamiento se transform\u00f3 en una se\u00f1al de compromiso. Cuando hablamos de que el colapso se transform\u00f3 en una cuesti\u00f3n est\u00e9tica, estamos referimos a la forma en la que el sufrimiento y el agotamiento pasaron a ser s\u00edmbolos de compromiso moral. En la l\u00f3gica del capitalismo emocional, sentirse exhausto por el planeta se convierte en una especie de sello de autenticidad: cuanto m\u00e1s alguien demuestra su fatiga e indignaci\u00f3n, m\u00e1s comprometido parece estar con la causa. Esa din\u00e1mica transforma el cuidado en una performance y el malestar en lenguaje de pertenencia, desplazando el foco de la transformaci\u00f3n colectiva para la expresi\u00f3n individual del desgaste.&nbsp;<\/p>\n\n\n\n<p>Sin embargo, el activismo exhausto es solo viable para los privilegiados, aquellos que pueden parar, doler, tratarse y retomar. Comunidades tradicionales, mujeres negras y trabajadores en condiciones precarias no poseen ese intervalo simb\u00f3lico.&nbsp;<\/p>\n\n\n\n<p>Las pol\u00edticas clim\u00e1ticas frecuentemente operan con esa falta de percepci\u00f3n emocional: promueven una empat\u00eda global, pero desconsideran que la degradaci\u00f3n ambiental y el desgaste mental son distribuidos de acuerdo con la jerarqu\u00eda racial y econ\u00f3mica del mundo.&nbsp;<\/p>\n\n\n\n<p>Existen cuerpos que sustentan la vida de los otros y que, as\u00ed mismo, no son reconocidos como vidas que tienen valor.&nbsp;<\/p>\n\n\n\n<p>Por lo tanto, discutir la salud mental dentro de la crisis ecol\u00f3gica es abordar la desigualdad. Es entender que el agotamiento es una cuesti\u00f3n pol\u00edtica y que el descanso es un derecho negado a mucho en nombre del progreso, de la producci\u00f3n y hasta de la sustentabilidad.&nbsp;<\/p>\n\n\n\n<p>Precisamos de una ecolog\u00eda de cuidado que considere el peso desigual del colapso.&nbsp;<\/p>\n\n\n\n<p>Reconocer que hay cuerpos, lugares y subjetividades sobrecargadas es el primer paso para crear pol\u00edticas que no idealicen el agotamiento, pero que lo eviten.<\/p>\n\n\n\n<p>Proteger a aquellos que cuidan \u2013 mujeres, comunidades ribere\u00f1as, pueblos ind\u00edgenas, trabajadores invisibles \u2013 es el comienzo de una verdadera justicia clim\u00e1tica.&nbsp;<\/p>\n\n\n\n<p>Sin la redistribuci\u00f3n del derecho al descanso, no conseguiremos preservar un planeta sustentable.&nbsp;<\/p>\n\n\n\n<p>Aqu\u00ed hay algunas reflexiones y posibles sugerencias:&nbsp;<\/p>\n\n\n\n<p>No todos experimentan el cansancio de manera similar. El agotamiento tambi\u00e9n es una cuesti\u00f3n de privilegio<\/p>\n\n\n\n<p>Sugerencia: comparte con quien discute cuestiones clim\u00e1ticas, pero ignora el aspecto corporal.&nbsp;<\/p>\n\n\n\n<p>El activismo no debe llevar a la autodestrucci\u00f3n. Cuidar de uno mismo es parte de la lucha<\/p>\n\n\n\n<p>Sugerencia: guarde esta idea para acordarse de que el descanso es una cuesti\u00f3n pol\u00edtica.&nbsp;<\/p>\n\n\n\n<p>Sin justicia afectiva, no hay justicia clim\u00e1tica. Cuidar de los agotados es cuidar del planeta.&nbsp;<\/p>\n\n\n\n<p>\u00bfQui\u00e9n tiene el derecho al descanso en tu territorio?<\/p>\n","protected":false},"excerpt":{"rendered":"<p>No todo el cansancio es igual. El agotamiento clim\u00e1tico tambi\u00e9n es privilegio y desigualdad.<\/p>\n","protected":false},"author":7213,"featured_media":4610855,"menu_order":0,"template":"","format":"standard","meta":{"_coblocks_attr":"","_coblocks_dimensions":"","_coblocks_responsive_height":"","_coblocks_accordion_ie_support":"","newspack_ads_suppress_ads":false,"newspack_popups_has_disabled_popups":false,"newspack_sponsor_sponsorship_scope":"","newspack_sponsor_native_byline_display":"inherit","newspack_sponsor_native_category_display":"inherit","newspack_sponsor_underwriter_style":"inherit","newspack_sponsor_underwriter_placement":"inherit","rop_custom_images_group":[],"rop_custom_messages_group":[],"rop_publish_now":"initial","rop_publish_now_accounts":[],"rop_publish_now_history":[],"rop_publish_now_status":"pending","_themeisle_gutenberg_block_has_review":false,"footnotes":""},"categories":[21126,1480],"tags":[21133],"marcador_afluente":[20484],"marcador_especial":[21082],"coauthors":[20472],"class_list":["post-4611043","opiniao","type-opiniao","status-publish","format-standard","has-post-thumbnail","hentry","category-emergencia-climatica","category-meio-ambiente-es","tag-cop30","marcador_afluente-climax-now-es","marcador_especial-cop30"],"yoast_head":"<!-- This site is optimized with the Yoast SEO Premium plugin v25.2 (Yoast SEO v26.1.1) - https:\/\/yoast.com\/wordpress\/plugins\/seo\/ -->\n<title>\u00bfQui\u00e9n tiene derecho de agotarse por el planeta? - M\u00eddia NINJA<\/title>\n<meta name=\"robots\" content=\"index, follow, max-snippet:-1, max-image-preview:large, max-video-preview:-1\" \/>\n<link rel=\"canonical\" href=\"https:\/\/midianinja.org\/es\/opiniao\/quem-tem-direito-de-se-esgotar-pelo-planeta\/\" \/>\n<meta property=\"og:locale\" content=\"es_ES\" \/>\n<meta property=\"og:type\" content=\"article\" \/>\n<meta property=\"og:title\" content=\"\u00bfQui\u00e9n tiene derecho de agotarse por el planeta?\" \/>\n<meta property=\"og:description\" content=\"No todo el cansancio es igual. El agotamiento clim\u00e1tico tambi\u00e9n es privilegio y desigualdad.\" \/>\n<meta property=\"og:url\" content=\"https:\/\/midianinja.org\/es\/opiniao\/quem-tem-direito-de-se-esgotar-pelo-planeta\/\" \/>\n<meta property=\"og:site_name\" content=\"M\u00eddia NINJA\" \/>\n<meta property=\"article:publisher\" content=\"https:\/\/www.facebook.com\/MidiaNINJA\" \/>\n<meta property=\"article:modified_time\" content=\"2025-11-10T20:07:08+00:00\" \/>\n<meta property=\"og:image\" content=\"https:\/\/midianinja.org\/wp-content\/uploads\/2025\/11\/Captura-de-Tela-2025-11-10-as-02.05.02.png\" \/>\n\t<meta property=\"og:image:width\" content=\"1260\" \/>\n\t<meta property=\"og:image:height\" content=\"888\" \/>\n\t<meta property=\"og:image:type\" content=\"image\/png\" \/>\n<meta name=\"twitter:card\" content=\"summary_large_image\" \/>\n<meta name=\"twitter:site\" content=\"@MidiaNINJA\" \/>\n<meta name=\"twitter:label1\" content=\"Tiempo de lectura\" \/>\n\t<meta name=\"twitter:data1\" content=\"4 minutos\" \/>\n\t<meta name=\"twitter:label2\" content=\"Written by\" \/>\n\t<meta name=\"twitter:data2\" content=\"Climax\" \/>\n<script type=\"application\/ld+json\" class=\"yoast-schema-graph\">{\"@context\":\"https:\/\/schema.org\",\"@graph\":[{\"@type\":\"WebPage\",\"@id\":\"https:\/\/midianinja.org\/es\/opiniao\/quem-tem-direito-de-se-esgotar-pelo-planeta\/\",\"url\":\"https:\/\/midianinja.org\/es\/opiniao\/quem-tem-direito-de-se-esgotar-pelo-planeta\/\",\"name\":\"\u00bfQui\u00e9n tiene derecho de agotarse por el planeta? - M\u00eddia NINJA\",\"isPartOf\":{\"@id\":\"https:\/\/midianinja.org\/#website\"},\"primaryImageOfPage\":{\"@id\":\"https:\/\/midianinja.org\/es\/opiniao\/quem-tem-direito-de-se-esgotar-pelo-planeta\/#primaryimage\"},\"image\":{\"@id\":\"https:\/\/midianinja.org\/es\/opiniao\/quem-tem-direito-de-se-esgotar-pelo-planeta\/#primaryimage\"},\"thumbnailUrl\":\"https:\/\/midianinja.org\/wp-content\/uploads\/2025\/11\/Captura-de-Tela-2025-11-10-as-02.05.02.png\",\"datePublished\":\"2025-11-10T05:09:31+00:00\",\"dateModified\":\"2025-11-10T20:07:08+00:00\",\"breadcrumb\":{\"@id\":\"https:\/\/midianinja.org\/es\/opiniao\/quem-tem-direito-de-se-esgotar-pelo-planeta\/#breadcrumb\"},\"inLanguage\":\"es\",\"potentialAction\":[{\"@type\":\"ReadAction\",\"target\":[\"https:\/\/midianinja.org\/es\/opiniao\/quem-tem-direito-de-se-esgotar-pelo-planeta\/\"]}]},{\"@type\":\"ImageObject\",\"inLanguage\":\"es\",\"@id\":\"https:\/\/midianinja.org\/es\/opiniao\/quem-tem-direito-de-se-esgotar-pelo-planeta\/#primaryimage\",\"url\":\"https:\/\/midianinja.org\/wp-content\/uploads\/2025\/11\/Captura-de-Tela-2025-11-10-as-02.05.02.png\",\"contentUrl\":\"https:\/\/midianinja.org\/wp-content\/uploads\/2025\/11\/Captura-de-Tela-2025-11-10-as-02.05.02.png\",\"width\":1260,\"height\":888,\"caption\":\"Ilustra\u00e7\u00e3o:The Sunaina\/ Reprodu\u00e7\u00e3o Pinterest\"},{\"@type\":\"BreadcrumbList\",\"@id\":\"https:\/\/midianinja.org\/es\/opiniao\/quem-tem-direito-de-se-esgotar-pelo-planeta\/#breadcrumb\",\"itemListElement\":[{\"@type\":\"ListItem\",\"position\":1,\"name\":\"In\u00edcio\",\"item\":\"https:\/\/midianinja.org\/es\/\"},{\"@type\":\"ListItem\",\"position\":2,\"name\":\"\u00bfQui\u00e9n tiene derecho de agotarse por el planeta?\"}]},{\"@type\":\"WebSite\",\"@id\":\"https:\/\/midianinja.org\/#website\",\"url\":\"https:\/\/midianinja.org\/\",\"name\":\"M\u00eddia NINJA\",\"description\":\"Not\u00edcias, opini\u00e3o e jornalismo de urg\u00eancia.\",\"publisher\":{\"@id\":\"https:\/\/midianinja.org\/#organization\"},\"potentialAction\":[{\"@type\":\"SearchAction\",\"target\":{\"@type\":\"EntryPoint\",\"urlTemplate\":\"https:\/\/midianinja.org\/?s={search_term_string}\"},\"query-input\":{\"@type\":\"PropertyValueSpecification\",\"valueRequired\":true,\"valueName\":\"search_term_string\"}}],\"inLanguage\":\"es\"},{\"@type\":\"Organization\",\"@id\":\"https:\/\/midianinja.org\/#organization\",\"name\":\"M\u00eddia NINJA\",\"url\":\"https:\/\/midianinja.org\/\",\"logo\":{\"@type\":\"ImageObject\",\"inLanguage\":\"es\",\"@id\":\"https:\/\/midianinja.org\/#\/schema\/logo\/image\/\",\"url\":\"https:\/\/midianinja.org\/wp-content\/uploads\/2022\/11\/ninja-logo-preto-1.png\",\"contentUrl\":\"https:\/\/midianinja.org\/wp-content\/uploads\/2022\/11\/ninja-logo-preto-1.png\",\"width\":90,\"height\":60,\"caption\":\"M\u00eddia NINJA\"},\"image\":{\"@id\":\"https:\/\/midianinja.org\/#\/schema\/logo\/image\/\"},\"sameAs\":[\"https:\/\/www.facebook.com\/MidiaNINJA\",\"https:\/\/x.com\/MidiaNINJA\",\"https:\/\/www.instagram.com\/midianinja\/\"]}]}<\/script>\n<!-- \/ Yoast SEO Premium plugin. -->","yoast_head_json":{"title":"\u00bfQui\u00e9n tiene derecho de agotarse por el planeta? - M\u00eddia NINJA","robots":{"index":"index","follow":"follow","max-snippet":"max-snippet:-1","max-image-preview":"max-image-preview:large","max-video-preview":"max-video-preview:-1"},"canonical":"https:\/\/midianinja.org\/es\/opiniao\/quem-tem-direito-de-se-esgotar-pelo-planeta\/","og_locale":"es_ES","og_type":"article","og_title":"\u00bfQui\u00e9n tiene derecho de agotarse por el planeta?","og_description":"No todo el cansancio es igual. El agotamiento clim\u00e1tico tambi\u00e9n es privilegio y desigualdad.","og_url":"https:\/\/midianinja.org\/es\/opiniao\/quem-tem-direito-de-se-esgotar-pelo-planeta\/","og_site_name":"M\u00eddia NINJA","article_publisher":"https:\/\/www.facebook.com\/MidiaNINJA","article_modified_time":"2025-11-10T20:07:08+00:00","og_image":[{"width":1260,"height":888,"url":"https:\/\/midianinja.org\/wp-content\/uploads\/2025\/11\/Captura-de-Tela-2025-11-10-as-02.05.02.png","type":"image\/png"}],"twitter_card":"summary_large_image","twitter_site":"@MidiaNINJA","twitter_misc":{"Tiempo de lectura":"4 minutos","Written by":"Climax"},"schema":{"@context":"https:\/\/schema.org","@graph":[{"@type":"WebPage","@id":"https:\/\/midianinja.org\/es\/opiniao\/quem-tem-direito-de-se-esgotar-pelo-planeta\/","url":"https:\/\/midianinja.org\/es\/opiniao\/quem-tem-direito-de-se-esgotar-pelo-planeta\/","name":"\u00bfQui\u00e9n tiene derecho de agotarse por el planeta? - M\u00eddia NINJA","isPartOf":{"@id":"https:\/\/midianinja.org\/#website"},"primaryImageOfPage":{"@id":"https:\/\/midianinja.org\/es\/opiniao\/quem-tem-direito-de-se-esgotar-pelo-planeta\/#primaryimage"},"image":{"@id":"https:\/\/midianinja.org\/es\/opiniao\/quem-tem-direito-de-se-esgotar-pelo-planeta\/#primaryimage"},"thumbnailUrl":"https:\/\/midianinja.org\/wp-content\/uploads\/2025\/11\/Captura-de-Tela-2025-11-10-as-02.05.02.png","datePublished":"2025-11-10T05:09:31+00:00","dateModified":"2025-11-10T20:07:08+00:00","breadcrumb":{"@id":"https:\/\/midianinja.org\/es\/opiniao\/quem-tem-direito-de-se-esgotar-pelo-planeta\/#breadcrumb"},"inLanguage":"es","potentialAction":[{"@type":"ReadAction","target":["https:\/\/midianinja.org\/es\/opiniao\/quem-tem-direito-de-se-esgotar-pelo-planeta\/"]}]},{"@type":"ImageObject","inLanguage":"es","@id":"https:\/\/midianinja.org\/es\/opiniao\/quem-tem-direito-de-se-esgotar-pelo-planeta\/#primaryimage","url":"https:\/\/midianinja.org\/wp-content\/uploads\/2025\/11\/Captura-de-Tela-2025-11-10-as-02.05.02.png","contentUrl":"https:\/\/midianinja.org\/wp-content\/uploads\/2025\/11\/Captura-de-Tela-2025-11-10-as-02.05.02.png","width":1260,"height":888,"caption":"Ilustra\u00e7\u00e3o:The Sunaina\/ Reprodu\u00e7\u00e3o Pinterest"},{"@type":"BreadcrumbList","@id":"https:\/\/midianinja.org\/es\/opiniao\/quem-tem-direito-de-se-esgotar-pelo-planeta\/#breadcrumb","itemListElement":[{"@type":"ListItem","position":1,"name":"In\u00edcio","item":"https:\/\/midianinja.org\/es\/"},{"@type":"ListItem","position":2,"name":"\u00bfQui\u00e9n tiene derecho de agotarse por el planeta?"}]},{"@type":"WebSite","@id":"https:\/\/midianinja.org\/#website","url":"https:\/\/midianinja.org\/","name":"M\u00eddia NINJA","description":"Not\u00edcias, opini\u00e3o e jornalismo de urg\u00eancia.","publisher":{"@id":"https:\/\/midianinja.org\/#organization"},"potentialAction":[{"@type":"SearchAction","target":{"@type":"EntryPoint","urlTemplate":"https:\/\/midianinja.org\/?s={search_term_string}"},"query-input":{"@type":"PropertyValueSpecification","valueRequired":true,"valueName":"search_term_string"}}],"inLanguage":"es"},{"@type":"Organization","@id":"https:\/\/midianinja.org\/#organization","name":"M\u00eddia NINJA","url":"https:\/\/midianinja.org\/","logo":{"@type":"ImageObject","inLanguage":"es","@id":"https:\/\/midianinja.org\/#\/schema\/logo\/image\/","url":"https:\/\/midianinja.org\/wp-content\/uploads\/2022\/11\/ninja-logo-preto-1.png","contentUrl":"https:\/\/midianinja.org\/wp-content\/uploads\/2022\/11\/ninja-logo-preto-1.png","width":90,"height":60,"caption":"M\u00eddia NINJA"},"image":{"@id":"https:\/\/midianinja.org\/#\/schema\/logo\/image\/"},"sameAs":["https:\/\/www.facebook.com\/MidiaNINJA","https:\/\/x.com\/MidiaNINJA","https:\/\/www.instagram.com\/midianinja\/"]}]}},"_links":{"self":[{"href":"https:\/\/midianinja.org\/es\/wp-json\/wp\/v2\/opiniao\/4611043","targetHints":{"allow":["GET"]}}],"collection":[{"href":"https:\/\/midianinja.org\/es\/wp-json\/wp\/v2\/opiniao"}],"about":[{"href":"https:\/\/midianinja.org\/es\/wp-json\/wp\/v2\/types\/opiniao"}],"author":[{"embeddable":true,"href":"https:\/\/midianinja.org\/es\/wp-json\/wp\/v2\/users\/7213"}],"version-history":[{"count":1,"href":"https:\/\/midianinja.org\/es\/wp-json\/wp\/v2\/opiniao\/4611043\/revisions"}],"predecessor-version":[{"id":4611052,"href":"https:\/\/midianinja.org\/es\/wp-json\/wp\/v2\/opiniao\/4611043\/revisions\/4611052"}],"wp:featuredmedia":[{"embeddable":true,"href":"https:\/\/midianinja.org\/es\/wp-json\/wp\/v2\/media\/4610855"}],"wp:attachment":[{"href":"https:\/\/midianinja.org\/es\/wp-json\/wp\/v2\/media?parent=4611043"}],"wp:term":[{"taxonomy":"category","embeddable":true,"href":"https:\/\/midianinja.org\/es\/wp-json\/wp\/v2\/categories?post=4611043"},{"taxonomy":"post_tag","embeddable":true,"href":"https:\/\/midianinja.org\/es\/wp-json\/wp\/v2\/tags?post=4611043"},{"taxonomy":"marcador_afluente","embeddable":true,"href":"https:\/\/midianinja.org\/es\/wp-json\/wp\/v2\/marcador_afluente?post=4611043"},{"taxonomy":"marcador_especial","embeddable":true,"href":"https:\/\/midianinja.org\/es\/wp-json\/wp\/v2\/marcador_especial?post=4611043"},{"taxonomy":"author","embeddable":true,"href":"https:\/\/midianinja.org\/es\/wp-json\/wp\/v2\/coauthors?post=4611043"}],"curies":[{"name":"wp","href":"https:\/\/api.w.org\/{rel}","templated":true}]}}