{"id":4610807,"date":"2025-11-09T16:31:15","date_gmt":"2025-11-09T19:31:15","guid":{"rendered":"https:\/\/midianinja.org\/opiniao\/politicas-publicas-nao-sao-autoajuda-coletiva-sao-psicanalise-social\/"},"modified":"2025-11-09T16:35:50","modified_gmt":"2025-11-09T19:35:50","slug":"politicas-publicas-nao-sao-autoajuda-coletiva-sao-psicanalise-social","status":"publish","type":"opiniao","link":"https:\/\/midianinja.org\/es\/opiniao\/politicas-publicas-nao-sao-autoajuda-coletiva-sao-psicanalise-social\/","title":{"rendered":"Las pol\u00edticas p\u00fablicas no son autoayuda colectiva; son psicoan\u00e1lisis social"},"content":{"rendered":"\n<p><em>por Chris Zelglia<\/em><\/p>\n\n\n\n<p>Hay un argumento continuo y arriesgado de transformar las discusiones sobre la emergencia clim\u00e1tica en mensajes motivacionales. Como si la supervivencia del planeta estuviera condicionada al optimismo, la gratitud o una mentalidad individual que pudiera impedir la crisis estructural.<\/p>\n\n\n\n<p>El cambio narrativo no es sin pretensiones; cuando la pol\u00edtica se convierte en estribillo, la responsabilidad deja a los gobiernos y pasa a las manos de los individuos.<\/p>\n\n\n\n<p>De manera que, pronto, cuidar del medio ambiente parece solamente una cuesti\u00f3n de mentalidad y no m\u00e1s de equidad, presupuesto, justicia social y derechos.<\/p>\n\n\n\n<p>El capitalismo emocional encontr\u00f3 en la cuesti\u00f3n ambiental una nueva oportunidad: convertir la crisis hist\u00f3rica en ejercicios de respiraci\u00f3n.<\/p>\n\n\n\n<p>Sin embargo, enfrentar el colapso clim\u00e1tico requiere algo completamente distinto: pol\u00edticas p\u00fablicas como an\u00e1lisis social.<\/p>\n\n\n\n<p>No se trata de una cuesti\u00f3n de cambiar malas emociones y generar esperanza, sino de reconocer los dolores colectivos, conflictos reales y las redes estructurales de siglos de desigualdad, colonialismo, racismo y explotaci\u00f3n ambiental.<\/p>\n\n\n\n<p>La transici\u00f3n clim\u00e1tica exige coraje para escuchar y transformar tierras arrasadas, poblaciones agredidas, duelos acumulados y futuros negados: todo lo que fue asfixiado por siglos.<\/p>\n\n\n\n<p>El psicoan\u00e1lisis ense\u00f1\u00f3 y alerta que, al ignorar los s\u00edntomas, la crisis solamente se agrava y empeora.<\/p>\n\n\n\n<p>Cuando los gobiernos tratan los cambios clim\u00e1ticos como t\u00f3pico de comunicaci\u00f3n positiva, est\u00e1n evitando el punto central: el enfrentamiento de los traumas como manera de sanar desigualdades hist\u00f3ricas y responsabilizar a los causantes de la crisis, redistribuyendo el poder y cambiando los medios de producci\u00f3n.<\/p>\n\n\n\n<p>Pero recomendar resiliencia tiene un costo menor y clamar por esperanza es m\u00e1s f\u00e1cil. Sin embargo, resiliencia sin reparaci\u00f3n es m\u00e1s violencia, mientras que la esperanza explotada como anestesia no ofrece un horizonte verdadero.<\/p>\n\n\n\n<p>Las pol\u00edticas p\u00fablicas deben ser un contrapunto a la autoayuda clim\u00e1tica. No deben mirar al confort, sino reestructurar las condiciones materiales y simb\u00f3licas, garantizando que el cuidado no se convierta en sacrificio individual, sino en una construcci\u00f3n colectiva de futuro.<\/p>\n\n\n\n<p>Eso incluye una econom\u00eda que, para operar, no necesite destruir cuerpos y territorios, garantizando la protecci\u00f3n de activistas ambientales, financiando la econom\u00eda forestal, la salud mental p\u00fablica, la demarcaci\u00f3n de tierras y la educaci\u00f3n ecol\u00f3gica.<\/p>\n\n\n\n<p>No basta desear, es necesario crear un mundo: social, afectivo, pol\u00edtico y econ\u00f3mico.<\/p>\n\n\n\n<p>El psicoan\u00e1lisis demuestra que todo lo que no es procesado vuelve a repetirse. Mientras la pol\u00edtica lo valida: todo lo que no es institucionalizado se convierte en ret\u00f3rica.<\/p>\n\n\n\n<p>La transici\u00f3n ecol\u00f3gica no es un ejercicio de pensamiento positivo, es arduo trabajo psicol\u00f3gico, pol\u00edtico y material para deshacer siglos de violencia.<\/p>\n\n\n\n<p>La pol\u00edtica clim\u00e1tica empieza por reconocer los traumas y la formulaci\u00f3n de pol\u00edticas p\u00fablicas que tengan al cuidado como principio civilizatorio, no solamente como apelo emocional.<\/p>\n\n\n\n<p>Al planeta no le hacen falta bellas palabras, pero necesita reparaci\u00f3n, cooperaci\u00f3n y coraje institucional para nombrar la causa del dolor: desigualdad, explotaci\u00f3n y la demencia neoliberal de decir que un individuo puede solucionar los problemas del mundo por s\u00ed mismo.<\/p>\n","protected":false},"excerpt":{"rendered":"<p>La pol\u00edtica p\u00fablica no es mindset; es psicoan\u00e1lisis social, reparaci\u00f3n y cuidado con estructura, no autoayuda colectiva.<\/p>\n","protected":false},"author":11321,"featured_media":4610805,"menu_order":0,"template":"","format":"standard","meta":{"_coblocks_attr":"","_coblocks_dimensions":"","_coblocks_responsive_height":"","_coblocks_accordion_ie_support":"","newspack_ads_suppress_ads":false,"newspack_popups_has_disabled_popups":false,"newspack_sponsor_sponsorship_scope":"","newspack_sponsor_native_byline_display":"inherit","newspack_sponsor_native_category_display":"inherit","newspack_sponsor_underwriter_style":"inherit","newspack_sponsor_underwriter_placement":"inherit","rop_custom_images_group":[],"rop_custom_messages_group":[],"rop_publish_now":"initial","rop_publish_now_accounts":[],"rop_publish_now_history":[],"rop_publish_now_status":"pending","_themeisle_gutenberg_block_has_review":false,"footnotes":""},"categories":[12953,1285,1480,1172],"tags":[21137],"marcador_afluente":[13010,20484],"marcador_especial":[21082],"coauthors":[16548],"class_list":["post-4610807","opiniao","type-opiniao","status-publish","format-standard","has-post-thumbnail","hentry","category-cultura-es","category-cultura","category-meio-ambiente-es","category-meio-ambiente","tag-meio-ambiente","marcador_afluente-casa-ninja-amazonia-es","marcador_afluente-climax-now-es","marcador_especial-cop30"],"yoast_head":"<!-- This site is optimized with the Yoast SEO Premium plugin v25.2 (Yoast SEO v26.1.1) - https:\/\/yoast.com\/wordpress\/plugins\/seo\/ -->\n<title>Las pol\u00edticas p\u00fablicas no son autoayuda colectiva; son psicoan\u00e1lisis social - M\u00eddia NINJA<\/title>\n<meta name=\"robots\" content=\"index, follow, max-snippet:-1, max-image-preview:large, max-video-preview:-1\" \/>\n<link rel=\"canonical\" href=\"https:\/\/midianinja.org\/es\/opiniao\/politicas-publicas-nao-sao-autoajuda-coletiva-sao-psicanalise-social\/\" \/>\n<meta property=\"og:locale\" content=\"es_ES\" \/>\n<meta property=\"og:type\" content=\"article\" \/>\n<meta property=\"og:title\" content=\"Las pol\u00edticas p\u00fablicas no son autoayuda colectiva; son psicoan\u00e1lisis social\" \/>\n<meta property=\"og:description\" content=\"La pol\u00edtica p\u00fablica no es mindset; es psicoan\u00e1lisis social, reparaci\u00f3n y cuidado con estructura, no autoayuda colectiva.\" \/>\n<meta property=\"og:url\" content=\"https:\/\/midianinja.org\/es\/opiniao\/politicas-publicas-nao-sao-autoajuda-coletiva-sao-psicanalise-social\/\" \/>\n<meta property=\"og:site_name\" content=\"M\u00eddia NINJA\" \/>\n<meta property=\"article:publisher\" content=\"https:\/\/www.facebook.com\/MidiaNINJA\" \/>\n<meta property=\"article:modified_time\" content=\"2025-11-09T19:35:50+00:00\" \/>\n<meta property=\"og:image\" content=\"https:\/\/midianinja.org\/wp-content\/uploads\/2025\/11\/MAJO-GIOVO.jpg\" \/>\n\t<meta property=\"og:image:width\" content=\"1280\" \/>\n\t<meta property=\"og:image:height\" content=\"853\" \/>\n\t<meta property=\"og:image:type\" content=\"image\/jpeg\" \/>\n<meta name=\"twitter:card\" content=\"summary_large_image\" \/>\n<meta name=\"twitter:site\" content=\"@MidiaNINJA\" \/>\n<meta name=\"twitter:label1\" content=\"Tiempo de lectura\" \/>\n\t<meta name=\"twitter:data1\" content=\"3 minutos\" \/>\n\t<meta name=\"twitter:label2\" content=\"Written by\" \/>\n\t<meta name=\"twitter:data2\" content=\"Casa NINJA Amaz\u00f4nia\" \/>\n<script type=\"application\/ld+json\" class=\"yoast-schema-graph\">{\"@context\":\"https:\/\/schema.org\",\"@graph\":[{\"@type\":\"WebPage\",\"@id\":\"https:\/\/midianinja.org\/es\/opiniao\/politicas-publicas-nao-sao-autoajuda-coletiva-sao-psicanalise-social\/\",\"url\":\"https:\/\/midianinja.org\/es\/opiniao\/politicas-publicas-nao-sao-autoajuda-coletiva-sao-psicanalise-social\/\",\"name\":\"Las pol\u00edticas p\u00fablicas no son autoayuda colectiva; son psicoan\u00e1lisis social - M\u00eddia NINJA\",\"isPartOf\":{\"@id\":\"https:\/\/midianinja.org\/#website\"},\"primaryImageOfPage\":{\"@id\":\"https:\/\/midianinja.org\/es\/opiniao\/politicas-publicas-nao-sao-autoajuda-coletiva-sao-psicanalise-social\/#primaryimage\"},\"image\":{\"@id\":\"https:\/\/midianinja.org\/es\/opiniao\/politicas-publicas-nao-sao-autoajuda-coletiva-sao-psicanalise-social\/#primaryimage\"},\"thumbnailUrl\":\"https:\/\/midianinja.org\/wp-content\/uploads\/2025\/11\/MAJO-GIOVO.jpg\",\"datePublished\":\"2025-11-09T19:31:15+00:00\",\"dateModified\":\"2025-11-09T19:35:50+00:00\",\"breadcrumb\":{\"@id\":\"https:\/\/midianinja.org\/es\/opiniao\/politicas-publicas-nao-sao-autoajuda-coletiva-sao-psicanalise-social\/#breadcrumb\"},\"inLanguage\":\"es\",\"potentialAction\":[{\"@type\":\"ReadAction\",\"target\":[\"https:\/\/midianinja.org\/es\/opiniao\/politicas-publicas-nao-sao-autoajuda-coletiva-sao-psicanalise-social\/\"]}]},{\"@type\":\"ImageObject\",\"inLanguage\":\"es\",\"@id\":\"https:\/\/midianinja.org\/es\/opiniao\/politicas-publicas-nao-sao-autoajuda-coletiva-sao-psicanalise-social\/#primaryimage\",\"url\":\"https:\/\/midianinja.org\/wp-content\/uploads\/2025\/11\/MAJO-GIOVO.jpg\",\"contentUrl\":\"https:\/\/midianinja.org\/wp-content\/uploads\/2025\/11\/MAJO-GIOVO.jpg\",\"width\":1280,\"height\":853,\"caption\":\"Foto: MAJO GIOVO\"},{\"@type\":\"BreadcrumbList\",\"@id\":\"https:\/\/midianinja.org\/es\/opiniao\/politicas-publicas-nao-sao-autoajuda-coletiva-sao-psicanalise-social\/#breadcrumb\",\"itemListElement\":[{\"@type\":\"ListItem\",\"position\":1,\"name\":\"In\u00edcio\",\"item\":\"https:\/\/midianinja.org\/es\/\"},{\"@type\":\"ListItem\",\"position\":2,\"name\":\"Las pol\u00edticas p\u00fablicas no son autoayuda colectiva; son psicoan\u00e1lisis social\"}]},{\"@type\":\"WebSite\",\"@id\":\"https:\/\/midianinja.org\/#website\",\"url\":\"https:\/\/midianinja.org\/\",\"name\":\"M\u00eddia NINJA\",\"description\":\"Not\u00edcias, opini\u00e3o e jornalismo de urg\u00eancia.\",\"publisher\":{\"@id\":\"https:\/\/midianinja.org\/#organization\"},\"potentialAction\":[{\"@type\":\"SearchAction\",\"target\":{\"@type\":\"EntryPoint\",\"urlTemplate\":\"https:\/\/midianinja.org\/?s={search_term_string}\"},\"query-input\":{\"@type\":\"PropertyValueSpecification\",\"valueRequired\":true,\"valueName\":\"search_term_string\"}}],\"inLanguage\":\"es\"},{\"@type\":\"Organization\",\"@id\":\"https:\/\/midianinja.org\/#organization\",\"name\":\"M\u00eddia NINJA\",\"url\":\"https:\/\/midianinja.org\/\",\"logo\":{\"@type\":\"ImageObject\",\"inLanguage\":\"es\",\"@id\":\"https:\/\/midianinja.org\/#\/schema\/logo\/image\/\",\"url\":\"https:\/\/midianinja.org\/wp-content\/uploads\/2022\/11\/ninja-logo-preto-1.png\",\"contentUrl\":\"https:\/\/midianinja.org\/wp-content\/uploads\/2022\/11\/ninja-logo-preto-1.png\",\"width\":90,\"height\":60,\"caption\":\"M\u00eddia NINJA\"},\"image\":{\"@id\":\"https:\/\/midianinja.org\/#\/schema\/logo\/image\/\"},\"sameAs\":[\"https:\/\/www.facebook.com\/MidiaNINJA\",\"https:\/\/x.com\/MidiaNINJA\",\"https:\/\/www.instagram.com\/midianinja\/\"]}]}<\/script>\n<!-- \/ Yoast SEO Premium plugin. -->","yoast_head_json":{"title":"Las pol\u00edticas p\u00fablicas no son autoayuda colectiva; son psicoan\u00e1lisis social - M\u00eddia NINJA","robots":{"index":"index","follow":"follow","max-snippet":"max-snippet:-1","max-image-preview":"max-image-preview:large","max-video-preview":"max-video-preview:-1"},"canonical":"https:\/\/midianinja.org\/es\/opiniao\/politicas-publicas-nao-sao-autoajuda-coletiva-sao-psicanalise-social\/","og_locale":"es_ES","og_type":"article","og_title":"Las pol\u00edticas p\u00fablicas no son autoayuda colectiva; son psicoan\u00e1lisis social","og_description":"La pol\u00edtica p\u00fablica no es mindset; es psicoan\u00e1lisis social, reparaci\u00f3n y cuidado con estructura, no autoayuda colectiva.","og_url":"https:\/\/midianinja.org\/es\/opiniao\/politicas-publicas-nao-sao-autoajuda-coletiva-sao-psicanalise-social\/","og_site_name":"M\u00eddia NINJA","article_publisher":"https:\/\/www.facebook.com\/MidiaNINJA","article_modified_time":"2025-11-09T19:35:50+00:00","og_image":[{"width":1280,"height":853,"url":"https:\/\/midianinja.org\/wp-content\/uploads\/2025\/11\/MAJO-GIOVO.jpg","type":"image\/jpeg"}],"twitter_card":"summary_large_image","twitter_site":"@MidiaNINJA","twitter_misc":{"Tiempo de lectura":"3 minutos","Written by":"Casa NINJA Amaz\u00f4nia"},"schema":{"@context":"https:\/\/schema.org","@graph":[{"@type":"WebPage","@id":"https:\/\/midianinja.org\/es\/opiniao\/politicas-publicas-nao-sao-autoajuda-coletiva-sao-psicanalise-social\/","url":"https:\/\/midianinja.org\/es\/opiniao\/politicas-publicas-nao-sao-autoajuda-coletiva-sao-psicanalise-social\/","name":"Las pol\u00edticas p\u00fablicas no son autoayuda colectiva; son psicoan\u00e1lisis social - M\u00eddia NINJA","isPartOf":{"@id":"https:\/\/midianinja.org\/#website"},"primaryImageOfPage":{"@id":"https:\/\/midianinja.org\/es\/opiniao\/politicas-publicas-nao-sao-autoajuda-coletiva-sao-psicanalise-social\/#primaryimage"},"image":{"@id":"https:\/\/midianinja.org\/es\/opiniao\/politicas-publicas-nao-sao-autoajuda-coletiva-sao-psicanalise-social\/#primaryimage"},"thumbnailUrl":"https:\/\/midianinja.org\/wp-content\/uploads\/2025\/11\/MAJO-GIOVO.jpg","datePublished":"2025-11-09T19:31:15+00:00","dateModified":"2025-11-09T19:35:50+00:00","breadcrumb":{"@id":"https:\/\/midianinja.org\/es\/opiniao\/politicas-publicas-nao-sao-autoajuda-coletiva-sao-psicanalise-social\/#breadcrumb"},"inLanguage":"es","potentialAction":[{"@type":"ReadAction","target":["https:\/\/midianinja.org\/es\/opiniao\/politicas-publicas-nao-sao-autoajuda-coletiva-sao-psicanalise-social\/"]}]},{"@type":"ImageObject","inLanguage":"es","@id":"https:\/\/midianinja.org\/es\/opiniao\/politicas-publicas-nao-sao-autoajuda-coletiva-sao-psicanalise-social\/#primaryimage","url":"https:\/\/midianinja.org\/wp-content\/uploads\/2025\/11\/MAJO-GIOVO.jpg","contentUrl":"https:\/\/midianinja.org\/wp-content\/uploads\/2025\/11\/MAJO-GIOVO.jpg","width":1280,"height":853,"caption":"Foto: MAJO GIOVO"},{"@type":"BreadcrumbList","@id":"https:\/\/midianinja.org\/es\/opiniao\/politicas-publicas-nao-sao-autoajuda-coletiva-sao-psicanalise-social\/#breadcrumb","itemListElement":[{"@type":"ListItem","position":1,"name":"In\u00edcio","item":"https:\/\/midianinja.org\/es\/"},{"@type":"ListItem","position":2,"name":"Las pol\u00edticas p\u00fablicas no son autoayuda colectiva; son psicoan\u00e1lisis social"}]},{"@type":"WebSite","@id":"https:\/\/midianinja.org\/#website","url":"https:\/\/midianinja.org\/","name":"M\u00eddia NINJA","description":"Not\u00edcias, opini\u00e3o e jornalismo de urg\u00eancia.","publisher":{"@id":"https:\/\/midianinja.org\/#organization"},"potentialAction":[{"@type":"SearchAction","target":{"@type":"EntryPoint","urlTemplate":"https:\/\/midianinja.org\/?s={search_term_string}"},"query-input":{"@type":"PropertyValueSpecification","valueRequired":true,"valueName":"search_term_string"}}],"inLanguage":"es"},{"@type":"Organization","@id":"https:\/\/midianinja.org\/#organization","name":"M\u00eddia NINJA","url":"https:\/\/midianinja.org\/","logo":{"@type":"ImageObject","inLanguage":"es","@id":"https:\/\/midianinja.org\/#\/schema\/logo\/image\/","url":"https:\/\/midianinja.org\/wp-content\/uploads\/2022\/11\/ninja-logo-preto-1.png","contentUrl":"https:\/\/midianinja.org\/wp-content\/uploads\/2022\/11\/ninja-logo-preto-1.png","width":90,"height":60,"caption":"M\u00eddia NINJA"},"image":{"@id":"https:\/\/midianinja.org\/#\/schema\/logo\/image\/"},"sameAs":["https:\/\/www.facebook.com\/MidiaNINJA","https:\/\/x.com\/MidiaNINJA","https:\/\/www.instagram.com\/midianinja\/"]}]}},"_links":{"self":[{"href":"https:\/\/midianinja.org\/es\/wp-json\/wp\/v2\/opiniao\/4610807","targetHints":{"allow":["GET"]}}],"collection":[{"href":"https:\/\/midianinja.org\/es\/wp-json\/wp\/v2\/opiniao"}],"about":[{"href":"https:\/\/midianinja.org\/es\/wp-json\/wp\/v2\/types\/opiniao"}],"author":[{"embeddable":true,"href":"https:\/\/midianinja.org\/es\/wp-json\/wp\/v2\/users\/11321"}],"version-history":[{"count":1,"href":"https:\/\/midianinja.org\/es\/wp-json\/wp\/v2\/opiniao\/4610807\/revisions"}],"predecessor-version":[{"id":4610809,"href":"https:\/\/midianinja.org\/es\/wp-json\/wp\/v2\/opiniao\/4610807\/revisions\/4610809"}],"wp:featuredmedia":[{"embeddable":true,"href":"https:\/\/midianinja.org\/es\/wp-json\/wp\/v2\/media\/4610805"}],"wp:attachment":[{"href":"https:\/\/midianinja.org\/es\/wp-json\/wp\/v2\/media?parent=4610807"}],"wp:term":[{"taxonomy":"category","embeddable":true,"href":"https:\/\/midianinja.org\/es\/wp-json\/wp\/v2\/categories?post=4610807"},{"taxonomy":"post_tag","embeddable":true,"href":"https:\/\/midianinja.org\/es\/wp-json\/wp\/v2\/tags?post=4610807"},{"taxonomy":"marcador_afluente","embeddable":true,"href":"https:\/\/midianinja.org\/es\/wp-json\/wp\/v2\/marcador_afluente?post=4610807"},{"taxonomy":"marcador_especial","embeddable":true,"href":"https:\/\/midianinja.org\/es\/wp-json\/wp\/v2\/marcador_especial?post=4610807"},{"taxonomy":"author","embeddable":true,"href":"https:\/\/midianinja.org\/es\/wp-json\/wp\/v2\/coauthors?post=4610807"}],"curies":[{"name":"wp","href":"https:\/\/api.w.org\/{rel}","templated":true}]}}