{"id":4413654,"date":"2021-11-12T14:33:55","date_gmt":"2021-11-12T17:33:55","guid":{"rendered":"https:\/\/midianinja.org\/?p=4413654"},"modified":"2024-04-26T16:58:14","modified_gmt":"2024-04-26T19:58:14","slug":"las-falacias-del-capitalismo-verde-de-guillermo-lasso","status":"publish","type":"opiniao","link":"https:\/\/midianinja.org\/es\/opiniao\/las-falacias-del-capitalismo-verde-de-guillermo-lasso\/","title":{"rendered":"Las falacias del capitalismo verde de Guillermo Lasso"},"content":{"rendered":"<p><span style=\"font-weight: 400;\">Frente a los compromisos de los Estados Parte anunciados en el marco de la COP 26, basados en falsas soluciones al cambio clim\u00e1tico, y con el objetivo de interpelar la coherencia entre lo proclamado por los l\u00edderes mundiales como el presidente ecuatoriano Guillermo Lasso, es necesario establecer una reflexi\u00f3n sobre la direcci\u00f3n que ha tomado la agenda econ\u00f3mica y extractiva en sus primeros 6 meses de mandato.<\/span><\/p>\n<p><span style=\"font-weight: 400;\">El pasado 2 de noviembre el presidente de Ecuador, se dirigi\u00f3 a los l\u00edderes mundiales haciendo un llamado a impulsar <\/span><span style=\"font-weight: 400;\">\u201cla transici\u00f3n ecol\u00f3gica\u201d y a encaminar junto a sus hom\u00f3logos \u201cuna verdadera justicia clim\u00e1tica y ambiental\u201d<\/span><span style=\"font-weight: 400;\">.<\/span><\/p>\n<p><span style=\"font-weight: 400;\">Este tipo de \u00e1ngulo discursivo del Presidente Lasso no es nuevo. Es m\u00e1s, en el proceso electoral -asesorado por conocidos comunic\u00f3logos pol\u00edticos como Duran Barba-, <\/span><a href=\"https:\/\/twitter.com\/alambiente_ec\/status\/1445543014231805961?s=20\"><span style=\"font-weight: 400;\">firm\u00f3 varios acuerdos con colectivos ambientalistas<\/span><\/a><span style=\"font-weight: 400;\"> donde se comprometi\u00f3 a ejercer una pol\u00edtica ambientalmente responsable y ha no desarrollar la gran miner\u00eda en zonas que son ambiental y socialmente sensibles, como la Amazon\u00eda ecuatoriana.<\/span><\/p>\n<div id=\"attachment_4413662\" style=\"width: 1034px\" class=\"wp-caption alignnone\"><img loading=\"lazy\" decoding=\"async\" aria-describedby=\"caption-attachment-4413662\" class=\"size-large wp-image-4413662\" src=\"https:\/\/midianinja.org\/wp-content\/uploads\/2021\/11\/mecheros5-1024x693.jpg\" alt=\"Mechero encendido en Sucumb\u00edos. Archivo Acci\u00f3n Ecol\u00f3gica\" width=\"1024\" height=\"693\" srcset=\"https:\/\/midianinja.org\/wp-content\/uploads\/2021\/11\/mecheros5-1024x693.jpg 1024w, https:\/\/midianinja.org\/wp-content\/uploads\/2021\/11\/mecheros5-300x203.jpg 300w, https:\/\/midianinja.org\/wp-content\/uploads\/2021\/11\/mecheros5-768x520.jpg 768w, https:\/\/midianinja.org\/wp-content\/uploads\/2021\/11\/mecheros5-1080x731.jpg 1080w, https:\/\/midianinja.org\/wp-content\/uploads\/2021\/11\/mecheros5.jpg 1831w\" sizes=\"auto, (max-width: 1024px) 100vw, 1024px\" \/><p id=\"caption-attachment-4413662\" class=\"wp-caption-text\">Mechero encendido en Sucumb\u00edos. Archivo Acci\u00f3n Ecol\u00f3gica<\/p><\/div>\n<p><span style=\"font-weight: 400;\">Sin embargo, en sus primeros cien d\u00edas en contradicci\u00f3n a lo que ha planteado por el Panel Intergubernamental de expertos sobre Cambio Clim\u00e1tico y la Agencia Internacional de Energ\u00eda, sobre la necesidad urgente de abandonar la producci\u00f3n de combustibles f\u00f3siles para detener el crisis clim\u00e1tica, en especialmente en la regi\u00f3n Amaz\u00f3nica; Lasso anunci\u00f3 que duplicar\u00e1 la producci\u00f3n nacional de petr\u00f3leo a 1 mill\u00f3n de barriles diarios y, posicionar\u00e1 al pa\u00eds como un atractivo minero.\u00a0<\/span><\/p>\n<p><span style=\"font-weight: 400;\">Para lograrlo, <\/span><a href=\"https:\/\/amazonwatch.org\/news\/2021\/0916-ecuadors-new-administration-opens-doors-to-finance-and-corporations-to-expand-extraction\"><span style=\"font-weight: 400;\">emiti\u00f3 dos decretos ejecutivos (No. 95 y 151)<\/span><\/a><span style=\"font-weight: 400;\">, que buscan ampliar la frontera extractiva a trav\u00e9s de la generaci\u00f3n de incentivos para la inversi\u00f3n extranjera basados en la flexibilizaci\u00f3n de normas socio ambientales y asumiendo los derechos como la consulta y participaci\u00f3n como meros \u201ctr\u00e1mites administrativos\u201d habilitantes para la aprobaci\u00f3n de licencias ambientales express. S\u00ed Lasso procurar\u00eda una verdadera transici\u00f3n ecol\u00f3gica buscar\u00eda mejorar los procesos institucionales y reforzar la fiscalizaci\u00f3n de las empresas responsables de desastres socioambientales. Todo lo contrario, con estos decretos est\u00e1 promoviendo un proceso agresivo de privatizaci\u00f3n acelerada, debilitamiento los mecanismos de control y socavando el patrimonio nacional en beneficio de los capitales transnacionales.\u00a0<\/span><\/p>\n<p><span style=\"font-weight: 400;\">Adicionalmente, obstruyen el trabajo de defensores de derechos humanos, colectivos y la naturaleza, e incumple con los compromisos del Estado de generar mecanismos de protecci\u00f3n para defensores ambientales conforme a las obligaciones adquiridas con la entrada en vigencia del Acuerdo de Escaz\u00fa.<\/span><\/p>\n<p><span style=\"font-weight: 400;\">Un ejemplo sustancial, es el<\/span><a href=\"https:\/\/ddhhecuador.org\/derrame-de-crudo-en-la-amazonia-ecuatoriana\"><span style=\"font-weight: 400;\"> caso del derrame petrolero del 7 de abril de 2020<\/span><\/a><span style=\"font-weight: 400;\">, donde se vertieron m\u00e1s 15,800 barriles en la riberas de los r\u00edos Coca y Napo en el norte de la Amazon\u00eda ecuatoriana. Este derrame afect\u00f3 a m\u00e1s de 27.000 kichwas, dej\u00e1ndolos en plena pandemia sin alimento, acceso al agua, contaminando sus territorios y sin generar procesos de remediaci\u00f3n y reparaci\u00f3n oportunos. No obstante, la justicia deneg\u00f3 las demandas de acci\u00f3n de protecci\u00f3n y medidas cautelares mediante tecnicismos mal fundamentados. A su vez, la justicia ordinaria desde la fiscal\u00eda se encuentra criminalizando a las abogadas defensoras de las y los afectados. Ante este evento, el gobierno solamente ha negado su participaci\u00f3n y procura apoyar a las empresas para perpetuar su negligencia.\u00a0<\/span><\/p>\n<p><span style=\"font-weight: 400;\">En cuanto a la contaminaci\u00f3n por la quema de gas que se desprende de la explotaci\u00f3n petrolera; existe <\/span><a href=\"https:\/\/www.eluniverso.com\/noticias\/economia\/sentencia-para-apagar-mecheros-en-ecuador-enciende-debate-sobre-contaminacion-y-desperdicio-de-gas-asociado-nota\/\"><span style=\"font-weight: 400;\">una sentencia favorable para 9 ni\u00f1as que demandaron al Estado, por el impacto a la salud de la poblaci\u00f3n que vive alrededor de 443 mecheros<\/span><\/a><span style=\"font-weight: 400;\">, sin embargo, pese a que la sentencia ya se dict\u00f3 en enero de 2021, hasta la fecha no se han tomado acciones para eliminar los mecheros y tampoco, se han implementado mecanismos de reutilizaci\u00f3n del gas. M\u00e1s a\u00fan considerando que, el \u00fanico compromiso real que tiene el pa\u00eds en su Contribuci\u00f3n Nacional Determina frente al Acuerdo de Par\u00eds, es la implementaci\u00f3n de un plan de eficiencia energ\u00e9tica que se compromete a reducir las emisiones de carbono, a trav\u00e9s de la construcci\u00f3n de infraestructura que permita lograr el envasamiento y\/o transportaci\u00f3n de para la reutilizaci\u00f3n del gas de la industria petrolera. No obstante, se planifica duplicar la producci\u00f3n petrolera sin garantizar siquiera lo comprometido.<\/span><\/p>\n<p><span style=\"font-weight: 400;\">En conclusi\u00f3n, las declaraciones del presidente Lasso solamente demuestran que est\u00e1 alineado con un capitalismo verde, cuyas verdaderas intenciones son beneficiar el inter\u00e9s de las transnacionales, m\u00e1s no resolver las causas estructurales y los impactos que genera el Cambio Clim\u00e1tico en Ecuador y el mundo.<\/span><\/p>\n<div id=\"attachment_4413663\" style=\"width: 1034px\" class=\"wp-caption alignnone\"><img loading=\"lazy\" decoding=\"async\" aria-describedby=\"caption-attachment-4413663\" class=\"size-large wp-image-4413663\" src=\"https:\/\/midianinja.org\/wp-content\/uploads\/2021\/11\/WhatsApp-Image-2020-06-22-at-18.51.54-3-1024x682.jpeg\" alt=\"Contaminaci\u00f3n a dos meses del derrame de crudo. Foto: Enviada por comuneros de la zona.\" width=\"1024\" height=\"682\" srcset=\"https:\/\/midianinja.org\/wp-content\/uploads\/2021\/11\/WhatsApp-Image-2020-06-22-at-18.51.54-3.jpeg 1024w, https:\/\/midianinja.org\/wp-content\/uploads\/2021\/11\/WhatsApp-Image-2020-06-22-at-18.51.54-3-300x200.jpeg 300w, https:\/\/midianinja.org\/wp-content\/uploads\/2021\/11\/WhatsApp-Image-2020-06-22-at-18.51.54-3-768x512.jpeg 768w\" sizes=\"auto, (max-width: 1024px) 100vw, 1024px\" \/><p id=\"caption-attachment-4413663\" class=\"wp-caption-text\">Contaminaci\u00f3n a dos meses del derrame de crudo. Foto: Enviada por comuneros de la zona.<\/p><\/div>\n<p>&nbsp;<\/p>\n<p>&nbsp;<\/p>\n","protected":false},"excerpt":{"rendered":"<p>Frente a los compromisos de los Estados Parte anunciados en el marco de la COP 26, basados en falsas soluciones al cambio clim\u00e1tico, y con el objetivo de interpelar la coherencia entre lo proclamado por los l\u00edderes mundiales como el presidente ecuatoriano Guillermo Lasso, es necesario establecer una reflexi\u00f3n sobre la direcci\u00f3n que ha tomado [&hellip;]<\/p>\n","protected":false},"author":5007,"featured_media":0,"menu_order":0,"template":"","format":"standard","meta":{"_coblocks_attr":"","_coblocks_dimensions":"","_coblocks_responsive_height":"","_coblocks_accordion_ie_support":"","newspack_ads_suppress_ads":false,"newspack_popups_has_disabled_popups":false,"newspack_sponsor_sponsorship_scope":"","newspack_sponsor_native_byline_display":"inherit","newspack_sponsor_native_category_display":"inherit","newspack_sponsor_underwriter_style":"inherit","newspack_sponsor_underwriter_placement":"inherit","rop_custom_images_group":[],"rop_custom_messages_group":[],"rop_publish_now":"initial","rop_publish_now_accounts":[],"rop_publish_now_history":[],"rop_publish_now_status":"pending","_themeisle_gutenberg_block_has_review":false,"footnotes":""},"categories":[],"tags":[],"marcador_afluente":[],"marcador_especial":[],"coauthors":[],"class_list":["post-4413654","opiniao","type-opiniao","status-publish","format-standard","hentry"],"yoast_head":"<!-- This site is optimized with the Yoast SEO Premium plugin v25.2 (Yoast SEO v26.1.1) - https:\/\/yoast.com\/wordpress\/plugins\/seo\/ -->\n<title>Las falacias del capitalismo verde de Guillermo Lasso - M\u00eddia NINJA<\/title>\n<meta name=\"robots\" content=\"index, follow, max-snippet:-1, max-image-preview:large, max-video-preview:-1\" \/>\n<link rel=\"canonical\" href=\"https:\/\/midianinja.org\/es\/opiniao\/las-falacias-del-capitalismo-verde-de-guillermo-lasso\/\" \/>\n<meta property=\"og:locale\" content=\"es_ES\" \/>\n<meta property=\"og:type\" content=\"article\" \/>\n<meta property=\"og:title\" content=\"Las falacias del capitalismo verde de Guillermo Lasso\" \/>\n<meta property=\"og:description\" content=\"Frente a los compromisos de los Estados Parte anunciados en el marco de la COP 26, basados en falsas soluciones al cambio clim\u00e1tico, y con el objetivo de interpelar la coherencia entre lo proclamado por los l\u00edderes mundiales como el presidente ecuatoriano Guillermo Lasso, es necesario establecer una reflexi\u00f3n sobre la direcci\u00f3n que ha tomado [&hellip;]\" \/>\n<meta property=\"og:url\" content=\"https:\/\/midianinja.org\/es\/opiniao\/las-falacias-del-capitalismo-verde-de-guillermo-lasso\/\" \/>\n<meta property=\"og:site_name\" content=\"M\u00eddia NINJA\" \/>\n<meta property=\"article:publisher\" content=\"https:\/\/www.facebook.com\/MidiaNINJA\" \/>\n<meta property=\"article:modified_time\" content=\"2024-04-26T19:58:14+00:00\" \/>\n<meta property=\"og:image\" content=\"https:\/\/midianinja.org\/wp-content\/uploads\/2021\/11\/mecheros5-1024x693.jpg\" \/>\n<meta name=\"twitter:card\" content=\"summary_large_image\" \/>\n<meta name=\"twitter:site\" content=\"@MidiaNINJA\" \/>\n<meta name=\"twitter:label1\" content=\"Tiempo de lectura\" \/>\n\t<meta name=\"twitter:data1\" content=\"4 minutos\" \/>\n\t<meta name=\"twitter:label2\" content=\"Written by\" \/>\n\t<meta name=\"twitter:data2\" content=\"NINJA\" \/>\n<script type=\"application\/ld+json\" class=\"yoast-schema-graph\">{\"@context\":\"https:\/\/schema.org\",\"@graph\":[{\"@type\":\"WebPage\",\"@id\":\"https:\/\/midianinja.org\/es\/opiniao\/las-falacias-del-capitalismo-verde-de-guillermo-lasso\/\",\"url\":\"https:\/\/midianinja.org\/es\/opiniao\/las-falacias-del-capitalismo-verde-de-guillermo-lasso\/\",\"name\":\"Las falacias del capitalismo verde de Guillermo Lasso - M\u00eddia NINJA\",\"isPartOf\":{\"@id\":\"https:\/\/midianinja.org\/#website\"},\"primaryImageOfPage\":{\"@id\":\"https:\/\/midianinja.org\/es\/opiniao\/las-falacias-del-capitalismo-verde-de-guillermo-lasso\/#primaryimage\"},\"image\":{\"@id\":\"https:\/\/midianinja.org\/es\/opiniao\/las-falacias-del-capitalismo-verde-de-guillermo-lasso\/#primaryimage\"},\"thumbnailUrl\":\"https:\/\/midianinja.org\/wp-content\/uploads\/2021\/11\/mecheros5-1024x693.jpg\",\"datePublished\":\"2021-11-12T17:33:55+00:00\",\"dateModified\":\"2024-04-26T19:58:14+00:00\",\"breadcrumb\":{\"@id\":\"https:\/\/midianinja.org\/es\/opiniao\/las-falacias-del-capitalismo-verde-de-guillermo-lasso\/#breadcrumb\"},\"inLanguage\":\"es\",\"potentialAction\":[{\"@type\":\"ReadAction\",\"target\":[\"https:\/\/midianinja.org\/es\/opiniao\/las-falacias-del-capitalismo-verde-de-guillermo-lasso\/\"]}]},{\"@type\":\"ImageObject\",\"inLanguage\":\"es\",\"@id\":\"https:\/\/midianinja.org\/es\/opiniao\/las-falacias-del-capitalismo-verde-de-guillermo-lasso\/#primaryimage\",\"url\":\"https:\/\/midianinja.org\/wp-content\/uploads\/2021\/11\/mecheros5-1024x693.jpg\",\"contentUrl\":\"https:\/\/midianinja.org\/wp-content\/uploads\/2021\/11\/mecheros5-1024x693.jpg\"},{\"@type\":\"BreadcrumbList\",\"@id\":\"https:\/\/midianinja.org\/es\/opiniao\/las-falacias-del-capitalismo-verde-de-guillermo-lasso\/#breadcrumb\",\"itemListElement\":[{\"@type\":\"ListItem\",\"position\":1,\"name\":\"In\u00edcio\",\"item\":\"https:\/\/midianinja.org\/es\/\"},{\"@type\":\"ListItem\",\"position\":2,\"name\":\"Las falacias del capitalismo verde de Guillermo Lasso\"}]},{\"@type\":\"WebSite\",\"@id\":\"https:\/\/midianinja.org\/#website\",\"url\":\"https:\/\/midianinja.org\/\",\"name\":\"M\u00eddia NINJA\",\"description\":\"Not\u00edcias, opini\u00e3o e jornalismo de urg\u00eancia.\",\"publisher\":{\"@id\":\"https:\/\/midianinja.org\/#organization\"},\"potentialAction\":[{\"@type\":\"SearchAction\",\"target\":{\"@type\":\"EntryPoint\",\"urlTemplate\":\"https:\/\/midianinja.org\/?s={search_term_string}\"},\"query-input\":{\"@type\":\"PropertyValueSpecification\",\"valueRequired\":true,\"valueName\":\"search_term_string\"}}],\"inLanguage\":\"es\"},{\"@type\":\"Organization\",\"@id\":\"https:\/\/midianinja.org\/#organization\",\"name\":\"M\u00eddia NINJA\",\"url\":\"https:\/\/midianinja.org\/\",\"logo\":{\"@type\":\"ImageObject\",\"inLanguage\":\"es\",\"@id\":\"https:\/\/midianinja.org\/#\/schema\/logo\/image\/\",\"url\":\"https:\/\/midianinja.org\/wp-content\/uploads\/2022\/11\/ninja-logo-preto-1.png\",\"contentUrl\":\"https:\/\/midianinja.org\/wp-content\/uploads\/2022\/11\/ninja-logo-preto-1.png\",\"width\":90,\"height\":60,\"caption\":\"M\u00eddia NINJA\"},\"image\":{\"@id\":\"https:\/\/midianinja.org\/#\/schema\/logo\/image\/\"},\"sameAs\":[\"https:\/\/www.facebook.com\/MidiaNINJA\",\"https:\/\/x.com\/MidiaNINJA\",\"https:\/\/www.instagram.com\/midianinja\/\"]}]}<\/script>\n<!-- \/ Yoast SEO Premium plugin. -->","yoast_head_json":{"title":"Las falacias del capitalismo verde de Guillermo Lasso - M\u00eddia NINJA","robots":{"index":"index","follow":"follow","max-snippet":"max-snippet:-1","max-image-preview":"max-image-preview:large","max-video-preview":"max-video-preview:-1"},"canonical":"https:\/\/midianinja.org\/es\/opiniao\/las-falacias-del-capitalismo-verde-de-guillermo-lasso\/","og_locale":"es_ES","og_type":"article","og_title":"Las falacias del capitalismo verde de Guillermo Lasso","og_description":"Frente a los compromisos de los Estados Parte anunciados en el marco de la COP 26, basados en falsas soluciones al cambio clim\u00e1tico, y con el objetivo de interpelar la coherencia entre lo proclamado por los l\u00edderes mundiales como el presidente ecuatoriano Guillermo Lasso, es necesario establecer una reflexi\u00f3n sobre la direcci\u00f3n que ha tomado [&hellip;]","og_url":"https:\/\/midianinja.org\/es\/opiniao\/las-falacias-del-capitalismo-verde-de-guillermo-lasso\/","og_site_name":"M\u00eddia NINJA","article_publisher":"https:\/\/www.facebook.com\/MidiaNINJA","article_modified_time":"2024-04-26T19:58:14+00:00","og_image":[{"url":"https:\/\/midianinja.org\/wp-content\/uploads\/2021\/11\/mecheros5-1024x693.jpg","type":"","width":"","height":""}],"twitter_card":"summary_large_image","twitter_site":"@MidiaNINJA","twitter_misc":{"Tiempo de lectura":"4 minutos","Written by":"NINJA"},"schema":{"@context":"https:\/\/schema.org","@graph":[{"@type":"WebPage","@id":"https:\/\/midianinja.org\/es\/opiniao\/las-falacias-del-capitalismo-verde-de-guillermo-lasso\/","url":"https:\/\/midianinja.org\/es\/opiniao\/las-falacias-del-capitalismo-verde-de-guillermo-lasso\/","name":"Las falacias del capitalismo verde de Guillermo Lasso - M\u00eddia NINJA","isPartOf":{"@id":"https:\/\/midianinja.org\/#website"},"primaryImageOfPage":{"@id":"https:\/\/midianinja.org\/es\/opiniao\/las-falacias-del-capitalismo-verde-de-guillermo-lasso\/#primaryimage"},"image":{"@id":"https:\/\/midianinja.org\/es\/opiniao\/las-falacias-del-capitalismo-verde-de-guillermo-lasso\/#primaryimage"},"thumbnailUrl":"https:\/\/midianinja.org\/wp-content\/uploads\/2021\/11\/mecheros5-1024x693.jpg","datePublished":"2021-11-12T17:33:55+00:00","dateModified":"2024-04-26T19:58:14+00:00","breadcrumb":{"@id":"https:\/\/midianinja.org\/es\/opiniao\/las-falacias-del-capitalismo-verde-de-guillermo-lasso\/#breadcrumb"},"inLanguage":"es","potentialAction":[{"@type":"ReadAction","target":["https:\/\/midianinja.org\/es\/opiniao\/las-falacias-del-capitalismo-verde-de-guillermo-lasso\/"]}]},{"@type":"ImageObject","inLanguage":"es","@id":"https:\/\/midianinja.org\/es\/opiniao\/las-falacias-del-capitalismo-verde-de-guillermo-lasso\/#primaryimage","url":"https:\/\/midianinja.org\/wp-content\/uploads\/2021\/11\/mecheros5-1024x693.jpg","contentUrl":"https:\/\/midianinja.org\/wp-content\/uploads\/2021\/11\/mecheros5-1024x693.jpg"},{"@type":"BreadcrumbList","@id":"https:\/\/midianinja.org\/es\/opiniao\/las-falacias-del-capitalismo-verde-de-guillermo-lasso\/#breadcrumb","itemListElement":[{"@type":"ListItem","position":1,"name":"In\u00edcio","item":"https:\/\/midianinja.org\/es\/"},{"@type":"ListItem","position":2,"name":"Las falacias del capitalismo verde de Guillermo Lasso"}]},{"@type":"WebSite","@id":"https:\/\/midianinja.org\/#website","url":"https:\/\/midianinja.org\/","name":"M\u00eddia NINJA","description":"Not\u00edcias, opini\u00e3o e jornalismo de urg\u00eancia.","publisher":{"@id":"https:\/\/midianinja.org\/#organization"},"potentialAction":[{"@type":"SearchAction","target":{"@type":"EntryPoint","urlTemplate":"https:\/\/midianinja.org\/?s={search_term_string}"},"query-input":{"@type":"PropertyValueSpecification","valueRequired":true,"valueName":"search_term_string"}}],"inLanguage":"es"},{"@type":"Organization","@id":"https:\/\/midianinja.org\/#organization","name":"M\u00eddia NINJA","url":"https:\/\/midianinja.org\/","logo":{"@type":"ImageObject","inLanguage":"es","@id":"https:\/\/midianinja.org\/#\/schema\/logo\/image\/","url":"https:\/\/midianinja.org\/wp-content\/uploads\/2022\/11\/ninja-logo-preto-1.png","contentUrl":"https:\/\/midianinja.org\/wp-content\/uploads\/2022\/11\/ninja-logo-preto-1.png","width":90,"height":60,"caption":"M\u00eddia NINJA"},"image":{"@id":"https:\/\/midianinja.org\/#\/schema\/logo\/image\/"},"sameAs":["https:\/\/www.facebook.com\/MidiaNINJA","https:\/\/x.com\/MidiaNINJA","https:\/\/www.instagram.com\/midianinja\/"]}]}},"_links":{"self":[{"href":"https:\/\/midianinja.org\/es\/wp-json\/wp\/v2\/opiniao\/4413654","targetHints":{"allow":["GET"]}}],"collection":[{"href":"https:\/\/midianinja.org\/es\/wp-json\/wp\/v2\/opiniao"}],"about":[{"href":"https:\/\/midianinja.org\/es\/wp-json\/wp\/v2\/types\/opiniao"}],"author":[{"embeddable":true,"href":"https:\/\/midianinja.org\/es\/wp-json\/wp\/v2\/users\/5007"}],"version-history":[{"count":5,"href":"https:\/\/midianinja.org\/es\/wp-json\/wp\/v2\/opiniao\/4413654\/revisions"}],"predecessor-version":[{"id":4555198,"href":"https:\/\/midianinja.org\/es\/wp-json\/wp\/v2\/opiniao\/4413654\/revisions\/4555198"}],"wp:attachment":[{"href":"https:\/\/midianinja.org\/es\/wp-json\/wp\/v2\/media?parent=4413654"}],"wp:term":[{"taxonomy":"category","embeddable":true,"href":"https:\/\/midianinja.org\/es\/wp-json\/wp\/v2\/categories?post=4413654"},{"taxonomy":"post_tag","embeddable":true,"href":"https:\/\/midianinja.org\/es\/wp-json\/wp\/v2\/tags?post=4413654"},{"taxonomy":"marcador_afluente","embeddable":true,"href":"https:\/\/midianinja.org\/es\/wp-json\/wp\/v2\/marcador_afluente?post=4413654"},{"taxonomy":"marcador_especial","embeddable":true,"href":"https:\/\/midianinja.org\/es\/wp-json\/wp\/v2\/marcador_especial?post=4413654"},{"taxonomy":"author","embeddable":true,"href":"https:\/\/midianinja.org\/es\/wp-json\/wp\/v2\/coauthors?post=4413654"}],"curies":[{"name":"wp","href":"https:\/\/api.w.org\/{rel}","templated":true}]}}