{"id":4670071,"date":"2026-04-25T23:27:57","date_gmt":"2026-04-26T02:27:57","guid":{"rendered":"https:\/\/midianinja.org\/?post_type=especial&#038;p=4670071"},"modified":"2026-04-27T22:37:59","modified_gmt":"2026-04-28T01:37:59","slug":"climax-santa-marta","status":"publish","type":"especial","link":"https:\/\/midianinja.org\/es\/especial\/climax-santa-marta\/","title":{"rendered":"Climax Santa Marta"},"content":{"rendered":"\n<div class=\"wp-block-columns is-layout-flex wp-container-core-columns-is-layout-9d6595d7 wp-block-columns-is-layout-flex\" id=\"banner\">\n<div class=\"wp-block-column is-layout-flow wp-block-column-is-layout-flow\" style=\"flex-basis:100%\">\n<div class=\"wp-block-cover topotiradentes25 hide-mobile ticss-f004b67c coblocks-animate\" style=\"min-height:100%;aspect-ratio:unset;\" data-coblocks-animation=\"clipHorizontal\"><img data-dominant-color=\"994625\" data-has-transparency=\"false\" style=\"--dominant-color: #994625;\" loading=\"lazy\" decoding=\"async\" width=\"1280\" height=\"853\" sizes=\"auto, (max-width: 1280px) 100vw, 1280px\" class=\"wp-block-cover__image-background wp-image-4669822 size-full not-transparent\" alt=\"\" src=\"https:\/\/midianinja.org\/wp-content\/uploads\/2026\/04\/photo_5136531804142636369_y.jpg\" data-object-fit=\"cover\" srcset=\"https:\/\/midianinja.org\/wp-content\/uploads\/2026\/04\/photo_5136531804142636369_y.jpg 1280w, https:\/\/midianinja.org\/wp-content\/uploads\/2026\/04\/photo_5136531804142636369_y-300x200.jpg 300w, https:\/\/midianinja.org\/wp-content\/uploads\/2026\/04\/photo_5136531804142636369_y-750x500.jpg 750w, https:\/\/midianinja.org\/wp-content\/uploads\/2026\/04\/photo_5136531804142636369_y-768x512.jpg 768w, https:\/\/midianinja.org\/wp-content\/uploads\/2026\/04\/photo_5136531804142636369_y-1200x800.jpg 1200w\" \/><span aria-hidden=\"true\" class=\"wp-block-cover__background has-background-dim-0 has-background-dim\" style=\"background-color:#5f4183\"><\/span><div class=\"wp-block-cover__inner-container is-layout-constrained wp-container-core-cover-is-layout-2fcc7f22 wp-block-cover-is-layout-constrained\">\n<div style=\"height:100px\" aria-hidden=\"true\" class=\"wp-block-spacer\"><\/div>\n<\/div><\/div>\n<\/div>\n\n\n\n<div class=\"wp-block-column is-layout-flow wp-block-column-is-layout-flow\" style=\"flex-basis:270px\">\n<div class=\"wp-block-cover\" style=\"min-height:510px;aspect-ratio:unset;\"><span aria-hidden=\"true\" class=\"wp-block-cover__background has-primary-pure-background-color has-background-dim-100 has-background-dim\"><\/span><div class=\"wp-block-cover__inner-container is-layout-constrained wp-block-cover-is-layout-constrained\">\n<figure class=\"wp-block-image aligncenter size-full ticss-e1d2360a\"><img data-dominant-color=\"000000\" data-has-transparency=\"true\" loading=\"lazy\" decoding=\"async\" width=\"500\" height=\"449\" sizes=\"auto, (max-width: 500px) 100vw, 500px\" src=\"https:\/\/midianinja.org\/wp-content\/uploads\/2026\/04\/climax.now-logo-v2-completo-preto-1-1.png\" alt=\"\" class=\"wp-image-4669981 has-transparency\" style=\"--dominant-color: #000000; object-fit:cover\" srcset=\"https:\/\/midianinja.org\/wp-content\/uploads\/2026\/04\/climax.now-logo-v2-completo-preto-1-1.png 500w, https:\/\/midianinja.org\/wp-content\/uploads\/2026\/04\/climax.now-logo-v2-completo-preto-1-1-300x269.png 300w\" \/><\/figure>\n\n\n\n<h2 class=\"wp-block-heading has-white-color has-text-color has-link-color has-oswald-font-family has-small-standard-font-size has-custom-font wp-elements-361e2205d39fd7160dcdabe12f2dc3b4\" id=\"h-climax-now\" style=\"font-family:Oswald\">Climax.now<\/h2>\n\n\n\n<hr class=\"wp-block-separator has-alpha-channel-opacity\"\/>\n\n\n\n<p class=\"has-white-color has-text-color has-link-color has-small-font-size wp-elements-2401f7bbd3a66d2f4b0f2f88560a5895\" style=\"font-style:normal;font-weight:500\">Rede que une agentes culturais e comunicadores em defesa da justi\u00e7a clim\u00e1tica.<\/p>\n\n\n\n<ul class=\"wp-block-social-links has-icon-color has-icon-background-color is-content-justification-center is-layout-flex wp-container-core-social-links-is-layout-16018d1d wp-block-social-links-is-layout-flex\"><li style=\"color: #F5F5F5; background-color: #333333; \" class=\"wp-social-link wp-social-link-facebook has-secondary-light-color has-low-pure-background-color wp-block-social-link\"><a rel=\"noopener nofollow\" target=\"_blank\" href=\"https:\/\/www.facebook.com\/people\/Climax-Now\/61554086073284\/\" class=\"wp-block-social-link-anchor\"><svg width=\"24\" height=\"24\" viewBox=\"0 0 24 24\" version=\"1.1\" xmlns=\"http:\/\/www.w3.org\/2000\/svg\" aria-hidden=\"true\" focusable=\"false\"><path d=\"M12 2C6.5 2 2 6.5 2 12c0 5 3.7 9.1 8.4 9.9v-7H7.9V12h2.5V9.8c0-2.5 1.5-3.9 3.8-3.9 1.1 0 2.2.2 2.2.2v2.5h-1.3c-1.2 0-1.6.8-1.6 1.6V12h2.8l-.4 2.9h-2.3v7C18.3 21.1 22 17 22 12c0-5.5-4.5-10-10-10z\"><\/path><\/svg><span class=\"wp-block-social-link-label screen-reader-text\">Facebook<\/span><\/a><\/li>\n\n<li style=\"color: #F5F5F5; background-color: #333333; \" class=\"wp-social-link wp-social-link-instagram has-secondary-light-color has-low-pure-background-color wp-block-social-link\"><a rel=\"noopener nofollow\" target=\"_blank\" href=\"https:\/\/www.instagram.com\/climax.now\" class=\"wp-block-social-link-anchor\"><svg width=\"24\" height=\"24\" viewBox=\"0 0 24 24\" version=\"1.1\" xmlns=\"http:\/\/www.w3.org\/2000\/svg\" aria-hidden=\"true\" focusable=\"false\"><path d=\"M12,4.622c2.403,0,2.688,0.009,3.637,0.052c0.877,0.04,1.354,0.187,1.671,0.31c0.42,0.163,0.72,0.358,1.035,0.673 c0.315,0.315,0.51,0.615,0.673,1.035c0.123,0.317,0.27,0.794,0.31,1.671c0.043,0.949,0.052,1.234,0.052,3.637 s-0.009,2.688-0.052,3.637c-0.04,0.877-0.187,1.354-0.31,1.671c-0.163,0.42-0.358,0.72-0.673,1.035 c-0.315,0.315-0.615,0.51-1.035,0.673c-0.317,0.123-0.794,0.27-1.671,0.31c-0.949,0.043-1.233,0.052-3.637,0.052 s-2.688-0.009-3.637-0.052c-0.877-0.04-1.354-0.187-1.671-0.31c-0.42-0.163-0.72-0.358-1.035-0.673 c-0.315-0.315-0.51-0.615-0.673-1.035c-0.123-0.317-0.27-0.794-0.31-1.671C4.631,14.688,4.622,14.403,4.622,12 s0.009-2.688,0.052-3.637c0.04-0.877,0.187-1.354,0.31-1.671c0.163-0.42,0.358-0.72,0.673-1.035 c0.315-0.315,0.615-0.51,1.035-0.673c0.317-0.123,0.794-0.27,1.671-0.31C9.312,4.631,9.597,4.622,12,4.622 M12,3 C9.556,3,9.249,3.01,8.289,3.054C7.331,3.098,6.677,3.25,6.105,3.472C5.513,3.702,5.011,4.01,4.511,4.511 c-0.5,0.5-0.808,1.002-1.038,1.594C3.25,6.677,3.098,7.331,3.054,8.289C3.01,9.249,3,9.556,3,12c0,2.444,0.01,2.751,0.054,3.711 c0.044,0.958,0.196,1.612,0.418,2.185c0.23,0.592,0.538,1.094,1.038,1.594c0.5,0.5,1.002,0.808,1.594,1.038 c0.572,0.222,1.227,0.375,2.185,0.418C9.249,20.99,9.556,21,12,21s2.751-0.01,3.711-0.054c0.958-0.044,1.612-0.196,2.185-0.418 c0.592-0.23,1.094-0.538,1.594-1.038c0.5-0.5,0.808-1.002,1.038-1.594c0.222-0.572,0.375-1.227,0.418-2.185 C20.99,14.751,21,14.444,21,12s-0.01-2.751-0.054-3.711c-0.044-0.958-0.196-1.612-0.418-2.185c-0.23-0.592-0.538-1.094-1.038-1.594 c-0.5-0.5-1.002-0.808-1.594-1.038c-0.572-0.222-1.227-0.375-2.185-0.418C14.751,3.01,14.444,3,12,3L12,3z M12,7.378 c-2.552,0-4.622,2.069-4.622,4.622S9.448,16.622,12,16.622s4.622-2.069,4.622-4.622S14.552,7.378,12,7.378z M12,15 c-1.657,0-3-1.343-3-3s1.343-3,3-3s3,1.343,3,3S13.657,15,12,15z M16.804,6.116c-0.596,0-1.08,0.484-1.08,1.08 s0.484,1.08,1.08,1.08c0.596,0,1.08-0.484,1.08-1.08S17.401,6.116,16.804,6.116z\"><\/path><\/svg><span class=\"wp-block-social-link-label screen-reader-text\">Instagram<\/span><\/a><\/li><\/ul>\n<\/div><\/div>\n<\/div>\n<\/div>\n\n\n\n<div class=\"wp-block-columns is-layout-flex wp-container-core-columns-is-layout-9d6595d7 wp-block-columns-is-layout-flex\" id=\"banner\">\n<div class=\"wp-block-column is-layout-flow wp-block-column-is-layout-flow\" style=\"flex-basis:100%\">\n<figure class=\"wp-block-image size-large ticss-62588ed2\"><img data-dominant-color=\"a15329\" data-has-transparency=\"false\" style=\"--dominant-color: #a15329;\" loading=\"lazy\" decoding=\"async\" width=\"563\" height=\"750\" sizes=\"auto, (max-width: 563px) 100vw, 563px\" src=\"https:\/\/midianinja.org\/wp-content\/uploads\/2026\/04\/photo_5136531804142636165_y-563x750.jpg\" alt=\"\" class=\"wp-image-4669838 not-transparent\" srcset=\"https:\/\/midianinja.org\/wp-content\/uploads\/2026\/04\/photo_5136531804142636165_y-563x750.jpg 563w, https:\/\/midianinja.org\/wp-content\/uploads\/2026\/04\/photo_5136531804142636165_y-225x300.jpg 225w, https:\/\/midianinja.org\/wp-content\/uploads\/2026\/04\/photo_5136531804142636165_y-768x1024.jpg 768w, https:\/\/midianinja.org\/wp-content\/uploads\/2026\/04\/photo_5136531804142636165_y-900x1200.jpg 900w, https:\/\/midianinja.org\/wp-content\/uploads\/2026\/04\/photo_5136531804142636165_y-600x800.jpg 600w, https:\/\/midianinja.org\/wp-content\/uploads\/2026\/04\/photo_5136531804142636165_y-450x600.jpg 450w, https:\/\/midianinja.org\/wp-content\/uploads\/2026\/04\/photo_5136531804142636165_y-300x400.jpg 300w, https:\/\/midianinja.org\/wp-content\/uploads\/2026\/04\/photo_5136531804142636165_y-150x200.jpg 150w, https:\/\/midianinja.org\/wp-content\/uploads\/2026\/04\/photo_5136531804142636165_y.jpg 960w\" \/><\/figure>\n<\/div>\n<\/div>\n\n\n\n<div class=\"wp-block-columns is-layout-flex wp-container-core-columns-is-layout-9d6595d7 wp-block-columns-is-layout-flex\">\n<div class=\"wp-block-column is-layout-flow wp-block-column-is-layout-flow\" style=\"flex-basis:70%\">\n<h2 class=\"wp-block-heading texto-vintage ticss-9a36ef9e has-helvetica-font-family has-custom-font has-custom-letterspacing\" id=\"sobre\" style=\"font-family:Helvetica;letter-spacing:1.7px\">SOBRE<\/h2>\n\n\n\n<p class=\"has-text-color has-link-color has-custom-lineheight wp-elements-bba30195100c5d10da202db542152909\" style=\"color:#000000;line-height:1.38;font-size:15px\">A transi\u00e7\u00e3o energ\u00e9tica n\u00e3o \u00e9 uma op\u00e7\u00e3o. \u00c9 uma urg\u00eancia. Sem a necessidade de consensos que historicamente travam os grandes f\u00f3runs multilaterais, a 1\u00aa Confer\u00eancia Internacional de Transi\u00e7\u00e3o para Fora dos Combust\u00edveis F\u00f3sseis, em Santa Marta, na Col\u00f4mbia, abre um espa\u00e7o in\u00e9dito para avan\u00e7ar o debate e esbo\u00e7ar caminhos concretos. Uma oportunidade \u00fanica de desenhar os mapas e afinar a b\u00fassola para a sa\u00edda da depend\u00eancia f\u00f3ssil. <\/p>\n\n\n\n<p class=\"has-text-color has-link-color has-custom-lineheight wp-elements-b8d39f842239c8869223bf516e2c699c\" style=\"color:#000000;line-height:1.38;font-size:16px\">Em meio \u00e0 crise global do petr\u00f3leo, com o fechamento do Estreito de Ormuz impondo consequ\u00eancias devastadoras para povos ao redor do mundo, fica evidente o que j\u00e1 sab\u00edamos: a depend\u00eancia dos combust\u00edveis f\u00f3sseis segue causando danos profundos \u00e0 sociedade e precisa acabar. <\/p>\n\n\n\n<p class=\"has-text-color has-link-color has-custom-lineheight wp-elements-701f7e74573a488dd10f9f41bcddea60\" style=\"color:#000000;line-height:1.38;font-size:16px\">Mas qualquer transi\u00e7\u00e3o que se pretenda justa n\u00e3o pode repetir a l\u00f3gica colonialista e extrativista que marcou os primeiros ciclos econ\u00f4micos. O protagonismo dos povos tradicionais, das comunidades ind\u00edgenas e das popula\u00e7\u00f5es diretamente afetadas n\u00e3o \u00e9 detalhe. \u00c9 condi\u00e7\u00e3o. Estaremos em Santa Marta para acompanhar e cobrir a confer\u00eancia com esse olhar. <\/p>\n\n\n\n<p class=\"has-text-color has-link-color has-custom-lineheight wp-elements-0407ed5bd3bb432dbbfcd8c831d05506\" style=\"color:#000000;line-height:1.38;font-size:16px\">Vamos trazer as vozes das comunidades afetadas e dos povos que j\u00e1 constroem solu\u00e7\u00f5es reais para enfrentar a crise que vivemos hoje. <\/p>\n\n\n\n<p style=\"font-size:15px\">Acompanhe a cobertura em <a href=\"https:\/\/climax.now\/\" target=\"_blank\" rel=\"noreferrer noopener\">climax.now<\/a><\/p>\n<\/div>\n\n\n\n<div class=\"wp-block-column is-vertically-aligned-center ingresso-fixo is-layout-flow wp-block-column-is-layout-flow\" style=\"flex-basis:30%\">\n<figure class=\"wp-block-image aligncenter size-large  ticss-a1352540\"><img data-dominant-color=\"848998\" data-has-transparency=\"false\" style=\"--dominant-color: #848998;\" loading=\"lazy\" decoding=\"async\" width=\"750\" height=\"563\" sizes=\"auto, (max-width: 750px) 100vw, 750px\" src=\"https:\/\/midianinja.org\/wp-content\/uploads\/2026\/04\/1-permian-methane-von-pless-gas-flaring-photo-hi-rez-16-750x563.jpg\" alt=\"\" class=\"wp-image-4669881 not-transparent\" srcset=\"https:\/\/midianinja.org\/wp-content\/uploads\/2026\/04\/1-permian-methane-von-pless-gas-flaring-photo-hi-rez-16-750x563.jpg 750w, https:\/\/midianinja.org\/wp-content\/uploads\/2026\/04\/1-permian-methane-von-pless-gas-flaring-photo-hi-rez-16-300x225.jpg 300w, https:\/\/midianinja.org\/wp-content\/uploads\/2026\/04\/1-permian-methane-von-pless-gas-flaring-photo-hi-rez-16-768x576.jpg 768w, https:\/\/midianinja.org\/wp-content\/uploads\/2026\/04\/1-permian-methane-von-pless-gas-flaring-photo-hi-rez-16-800x600.jpg 800w, https:\/\/midianinja.org\/wp-content\/uploads\/2026\/04\/1-permian-methane-von-pless-gas-flaring-photo-hi-rez-16-600x450.jpg 600w, https:\/\/midianinja.org\/wp-content\/uploads\/2026\/04\/1-permian-methane-von-pless-gas-flaring-photo-hi-rez-16-400x300.jpg 400w, https:\/\/midianinja.org\/wp-content\/uploads\/2026\/04\/1-permian-methane-von-pless-gas-flaring-photo-hi-rez-16-200x150.jpg 200w, https:\/\/midianinja.org\/wp-content\/uploads\/2026\/04\/1-permian-methane-von-pless-gas-flaring-photo-hi-rez-16.avif 1000w\" \/><figcaption class=\"wp-element-caption\">Queima de g\u00e1s (flaring) em \u00e1rea de produ\u00e7\u00e3o de petr\u00f3leo: Foto: Leslie Von Pless\/NASA<br \/><br \/><br \/><\/figcaption><\/figure>\n<\/div>\n<\/div>\n\n\n\n<div style=\"height:32px\" aria-hidden=\"true\" class=\"wp-block-spacer\"><\/div>\n\n\n\n<section id=\"wp-block-themeisle-blocks-advanced-columns-e3867280\" class=\"wp-block-themeisle-blocks-advanced-columns alignfull has-1-columns has-desktop-equal-layout has-tablet-equal-layout has-mobile-equal-layout has-vertical-flex-start has-light-bg\"><div class=\"wp-block-themeisle-blocks-advanced-columns-overlay\"><\/div><div class=\"innerblocks-wrap\">\n<div id=\"wp-block-themeisle-blocks-advanced-column-1376140d\" class=\"wp-block-themeisle-blocks-advanced-column\">\n<div class=\"marquee-missao-container\" role=\"region\" aria-label=\"Destaque Miss\u00e3o Cl\u00edmax\">\n    <div class=\"marquee-missao-wrapper\">\n        <a href=\"https:\/\/www.eventbrite.com.br\/e\/mapa-de-las-palabras-como-narrar-la-transicion-energetica-justa-tickets-1987764103944?aff=oddtdtcreator#organizer-card\" \n           target=\"_blank\" \n           rel=\"noopener noreferrer\" \n           class=\"marquee-missao-text\">\n            AGENDA &#8211; MISS\u00c3O CL\u00cdMAX SANTA MARTA \u2014 24 a 29 de Abril \u2014&nbsp;\n        <\/a>\n        \n        <a href=\"https:\/\/www.eventbrite.com.br\/e\/mapa-de-las-palabras-como-narrar-la-transicion-energetica-justa-tickets-1987764103944?aff=oddtdtcreator#organizer-card\" \n           target=\"_blank\" \n           rel=\"noopener noreferrer\" \n           class=\"marquee-missao-text\" \n           aria-hidden=\"true\">\n            Transi\u00e7\u00e3o energ\u00e9tica justa! \/\/ Rumo a um futuro livre de combust\u00edveis f\u00f3sseis \/\/ Miss\u00e3o Cl\u00edmax Santa Marta\n&nbsp;\n        <\/a>\n        <a href=\"https:\/\/www.eventbrite.com.br\/e\/mapa-de-las-palabras-como-narrar-la-transicion-energetica-justa-tickets-1987764103944?aff=oddtdtcreator#organizer-card\" \n           target=\"_blank\" \n           rel=\"noopener noreferrer\" \n           class=\"marquee-missao-text\" \n           aria-hidden=\"true\">\n            Transi\u00e7\u00e3o energ\u00e9tica justa! \/\/ Rumo a um futuro livre de combust\u00edveis f\u00f3sseis \/\/ Miss\u00e3o Cl\u00edmax Santa Marta\n&nbsp;\n        <\/a>\n        <a href=\"https:\/\/www.eventbrite.com.br\/e\/mapa-de-las-palabras-como-narrar-la-transicion-energetica-justa-tickets-1987764103944?aff=oddtdtcreator#organizer-card\" \n           target=\"_blank\" \n           rel=\"noopener noreferrer\" \n           class=\"marquee-missao-text\" \n           aria-hidden=\"true\">\n            Transi\u00e7\u00e3o energ\u00e9tica justa! \/\/ Rumo a um futuro livre de combust\u00edveis f\u00f3sseis \/\/ Miss\u00e3o Cl\u00edmax Santa Marta\n\u2014&nbsp;\n        <\/a>\n    <\/div>\n<\/div>\n\n<style>\n@media screen and (max-width: 767px) {\n    \n\n}\n\/* 1. Container que ocupa a tela toda *\/\n.marquee-missao-container {\n    width: 100vw;\n    position: relative;\n    left: 50%;\n    right: 50%;\n    margin-left: -50vw;\n    margin-right: -50vw;\n    background-color: #000000;\n    overflow: hidden;\n    padding: 18px 0;\n    display: flex;\n    align-items: center;\n    box-sizing: border-box;\n    border-top: 1px solid #f7e9b4;\n    border-bottom: 1px solid #f7e9b4;\n    z-index: 9;\n}\n\n\/* 2. Conte\u00fado em Movimento *\/\n.marquee-missao-wrapper {\n    display: flex;\n    white-space: nowrap;\n    will-change: transform;\n    animation: scroll-marquee-climax 30s linear infinite;\n}\n\n\/* 3. Estilo do Link\/Texto *\/\n.marquee-missao-text {\n    color: #f7e9b4; \/* Cor padr\u00e3o *\/\n    text-decoration: none;\n    font-family: 'Inter', sans-serif;\n    font-size: 1.3rem;\n    font-weight: 800;\n    text-transform: uppercase;\n    letter-spacing: 1.5px;\n    padding-right: 15px;\n    transition: all 0.3s ease; \/* Transi\u00e7\u00e3o suave para a cor de hover *\/\n}\n\n\/* Efeito Hover com a nova cor solicitada *\/\n.marquee-missao-text:hover {\n    color: #F2D06B !important; \n    text-shadow: 0 0 10px rgba(242, 208, 107, 0.4); \/* Brilho suave na cor nova *\/\n}\n\n\/* 4. Anima\u00e7\u00e3o *\/\n@keyframes scroll-marquee-climax {\n    0% { transform: translateX(0); }\n    100% { transform: translateX(-25%); }\n}\n\n\/* Pausa ao passar o mouse *\/\n.marquee-missao-container:hover .marquee-missao-wrapper {\n    animation-play-state: paused;\n}\n\n\/* Acessibilidade para redu\u00e7\u00e3o de movimento *\/\n@media (prefers-reduced-motion: reduce) {\n    .marquee-missao-wrapper {\n        animation: none;\n        white-space: normal;\n        display: block;\n        text-align: center;\n    }\n    .marquee-missao-container {\n        width: 100%;\n        margin: 0;\n        left: 0;\n    }\n}\n\n\n.header-especiais .menu-especial, .header-especiais .menu-especial__logo-mobile, .single-especial #app .menu-especial, .single-especial #app  {\n    position: relative;\n    border: solid black 1px;\n}\n\n \n \n.single .menu-especial__links a {\n    color: var(--menu-especial-link);\n    font-weight: 700;\n    text-decoration: none;\n    text-transform: uppercase;\n}\n.menu-especial__lang-select {\n    display: inline-block !important; \/* ou block *\/\n    visibility: visible !important;\n    opacity: 1 !important;\n}\n<\/style>\n<\/div>\n<\/div><\/section>\n\n\n\n<section id=\"wp-block-themeisle-blocks-advanced-columns-56c86e27\" class=\"wp-block-themeisle-blocks-advanced-columns alignfull has-1-columns has-desktop-equal-layout has-tablet-equal-layout has-mobile-equal-layout has-vertical-flex-start has-dark-bg\"><div class=\"wp-block-themeisle-blocks-advanced-columns-overlay\"><\/div><div class=\"innerblocks-wrap\">\n<div id=\"wp-block-themeisle-blocks-advanced-column-465986e8\" class=\"wp-block-themeisle-blocks-advanced-column\">\n<section id=\"wp-block-themeisle-blocks-advanced-columns-fc389454\" class=\"wp-block-themeisle-blocks-advanced-columns has-1-columns has-desktop-equal-layout has-tablet-equal-layout has-mobile-equal-layout has-vertical-flex-start\"><div class=\"wp-block-themeisle-blocks-advanced-columns-overlay\"><\/div><div class=\"innerblocks-wrap\">\n<div id=\"wp-block-themeisle-blocks-advanced-column-db7dbd9e\" class=\"wp-block-themeisle-blocks-advanced-column\">\n<h2 class=\"wp-block-heading texto-vintage ticss-9a36ef9e has-helvetica-font-family has-custom-font has-custom-letterspacing\" id=\"cobertura\" style=\"font-family:Helvetica;letter-spacing:1.7px\">COBERTURA<\/h2>\n\n\n\n<div class=\"wp-block-query is-layout-flow wp-block-query-is-layout-flow\">\n\n\n<div style=\"height:46px\" aria-hidden=\"true\" class=\"wp-block-spacer\"><\/div>\n\n\n<div class=\"wp-block-query-no-results\">\n\n<p><\/p>\n\n<\/div>\n\n\n\n\n<div style=\"height:33px\" aria-hidden=\"true\" id=\"agenda\" class=\"wp-block-spacer\"><\/div>\n\n\n\n<section class=\"banner-ninja-v3\">\n  <div class=\"top-row\">\n    <h2 class=\"banner-title\">O MAPA DAS PALAVRAS<\/h2>\n    <a href=\"https:\/\/www.eventbrite.com.br\/e\/mapa-de-las-palabras-como-narrar-la-transicion-energetica-justa-tickets-1987764103944?aff=oddtdtcreator#organizer-card\" class=\"btn-agenda\">AGENDA<\/a>\n  <\/div>\n\n  <div class=\"bottom-grid\">\n    <div class=\"credito-bloco\">\n      <span class=\"tag\">POR<\/span>\n      <p class=\"nomes\">M\u00eddia NINJA &#038; Pulitzer Center<\/p>\n    <\/div>\n    \n    <div class=\"credito-bloco\">\n      <span class=\"tag\">CO-ORGANIZA\u00c7\u00c3O<\/span>\n      <p class=\"nomes\">ClimaInfo, Tinta, Climate Tracker &#038; Mongabay<\/p>\n    <\/div>\n  <\/div>\n<\/section>\n<style>\n.banner-ninja-v3 {\n  color: #f7e9b4!important; \/* Texto principal preto *\/\n  padding: 40px;\n  border: 1px solid #e0d29d; \/* Borda sutil para definir o limite do papel *\/\n  font-family: sans-serif;\n  max-width: 1200px;\n  margin: 0 auto;\n}\n\n.top-row {\n  display: flex;\n  justify-content: space-between;\n  align-items: flex-end;\n  margin-bottom: 40px;\n  border-bottom: 5px solid #f7e9b4; \/* Linha de destaque preta *\/\n  padding-bottom: 15px;\n}\n\n.banner-title {\n  font-family: 'MidiaNinja', sans-serif;\n  color: #f7e9b4!important;\nfont-size: clamp(1.2rem, 3vw, 1.8rem);  margin: 0;\n  line-height: 0.85;\n  text-transform: uppercase;\n}\n\n.btn-agenda {\n  border: 2px solid #e0d29d;\n  color: #f7e9b4!important;\n  text-decoration: none;\n  padding: 10px 25px;\n  font-weight: 900;\n  font-size: 0.9rem;\n  letter-spacing: 1px;\n  transition: all 0.3s ease;\n  white-space: nowrap;\n}\n\n.btn-agenda:hover {\n  background-color: #111111!important;\n  color: #f7e9b4!important; \/* Inverte as cores no hover *\/\n}\n\n.bottom-grid {\n  display: grid;\n  grid-template-columns: 1fr 2fr;\n  gap: 40px;\n}\n\n.tag {\n  display: inline-block;\n  background-color: #f7e9b4!important; \/* Fundo da tag preto *\/\n  color: #d7432b\n!important; \/* Texto da tag na cor creme *\/\n  font-family: 'MidiaNinja', sans-serif;\n  font-size: 0.75rem;\n  padding: 4px 10px;\n  margin-bottom: 12px;\n  font-weight: bold;\n  letter-spacing: 1px;\n}\n\n.nomes {\n  margin: 0;\n  font-size: 1.1rem;\n  font-weight: 600; \/* Um pouco mais de peso para ler bem no creme *\/\n  line-height: 1.5;\n  color: #e0d29d!important;\n}\n\n\/* Responsividade *\/\n@media (max-width: 768px) {\n  .top-row {\n    flex-direction: column;\n    align-items: flex-start;\n    gap: 20px;\n  }\n  .bottom-grid {\n    grid-template-columns: 1fr;\n    gap: 25px;\n  }\n  .banner-ninja-v3 {\n    padding: 25px;\n  }\n}\n<\/style>\n<\/div>\n<\/div>\n<\/div><\/section>\n\n\n\n<section id=\"wp-block-themeisle-blocks-advanced-columns-dac416b1\" class=\"wp-block-themeisle-blocks-advanced-columns has-1-columns has-desktop-equal-layout has-tablet-equal-layout has-mobile-equal-layout has-vertical-flex-start\"><div class=\"wp-block-themeisle-blocks-advanced-columns-overlay\"><\/div><div class=\"innerblocks-wrap\">\n<div id=\"wp-block-themeisle-blocks-advanced-column-42265a61\" class=\"wp-block-themeisle-blocks-advanced-column\">\n<div style=\"height:13px\" aria-hidden=\"true\" id=\"videos\" class=\"wp-block-spacer\"><\/div>\n<\/div>\n<\/div><\/section>\n<\/div>\n<\/div><\/section>\n\n\n<div id=\"block__latest-horizontal-posts-4670071-0\" class=\"latest-horizontal-posts-block videos-desktop-ticss-d7a2c859 model-videos content-left show-slides-3\" data-slider=\"horizontal-posts\" data-slides-to-show=\"3\"><div class=\"container\"><div class=\"latest-horizontal-posts-block__content\"><div class=\"latest-horizontal-posts-block__heading\"><h2><a href=\"https:\/\/midianinja.org\/tv-ninja\/\">V\u00eddeos<\/a><\/h2><\/div><div class=\"latest-horizontal-posts-block__footer\"><div class=\"latest-horizontal-posts-block__dots\"><\/div><div class=\"latest-horizontal-posts-block__arrows\"><\/div><\/div><!-- .latest-horizontal-posts-block__footer --><\/div><!-- .latest-horizontal-posts-block__content --><div class=\"latest-horizontal-posts-block__slides\"><a href=\"https:\/\/www.youtube.com\/watch?v=rIxoYWuVxjQ\" target=\"_blank\" itemprop=\"url\">\n    <div class=\"post videos\" itemscope itemtype=\"http:\/\/schema.org\/VideoObject\">\n        <div class=\"post-thumbnail\">\n            <div class=\"play\"><\/div>\n            <img decoding=\"async\" src=\"https:\/\/i.ytimg.com\/vi\/rIxoYWuVxjQ\/mqdefault.jpg\" alt=\"\ud83d\udca3Esca\u0302ndalo do contrabando!\ud83d\udca3PF pede que STF investigue Hugo Motta e Ciro Nogueira\ud83d\udca3\" itemprop=\"thumbnailUrl\">\n        <\/div>\n        <meta itemprop=\"contentUrl\" content=\"https:\/\/www.youtube.com\/watch?v=rIxoYWuVxjQ\">\n        <meta itemprop=\"name\" content=\"\ud83d\udca3Esca\u0302ndalo do contrabando!\ud83d\udca3PF pede que STF investigue Hugo Motta e Ciro Nogueira\ud83d\udca3\">\n        <meta itemprop=\"description\" content=\"\">\n        <meta itemprop=\"uploadDate\" content=\"\">\n        <meta itemprop=\"duration\" content=\"\">\n    <\/div>\n<\/a>\n<a href=\"https:\/\/www.youtube.com\/watch?v=-R2KMFx6Rrs\" target=\"_blank\" itemprop=\"url\">\n    <div class=\"post videos\" itemscope itemtype=\"http:\/\/schema.org\/VideoObject\">\n        <div class=\"post-thumbnail\">\n            <div class=\"play\"><\/div>\n            <img decoding=\"async\" src=\"https:\/\/i.ytimg.com\/vi\/-R2KMFx6Rrs\/mqdefault.jpg\" alt=\"\ud83d\udca5Messias n\u00e3o cai na provoca\u00e7\u00e3o de Fl\u00e1vio e rebate acusa\u00e7\u00e3o sobre irm\u00e3o de Lula no INSS\ud83d\udca5\" itemprop=\"thumbnailUrl\">\n        <\/div>\n        <meta itemprop=\"contentUrl\" content=\"https:\/\/www.youtube.com\/watch?v=-R2KMFx6Rrs\">\n        <meta itemprop=\"name\" content=\"\ud83d\udca5Messias n\u00e3o cai na provoca\u00e7\u00e3o de Fl\u00e1vio e rebate acusa\u00e7\u00e3o sobre irm\u00e3o de Lula no INSS\ud83d\udca5\">\n        <meta itemprop=\"description\" content=\"\">\n        <meta itemprop=\"uploadDate\" content=\"\">\n        <meta itemprop=\"duration\" content=\"\">\n    <\/div>\n<\/a>\n<a href=\"https:\/\/www.youtube.com\/watch?v=imvChzaxetE\" target=\"_blank\" itemprop=\"url\">\n    <div class=\"post videos\" itemscope itemtype=\"http:\/\/schema.org\/VideoObject\">\n        <div class=\"post-thumbnail\">\n            <div class=\"play\"><\/div>\n            <img decoding=\"async\" src=\"https:\/\/i.ytimg.com\/vi\/imvChzaxetE\/mqdefault.jpg\" alt=\"\ud83d\udea8&quot;8\/1 foi o epis\u00f3dio mais triste da minha vida&quot;: Messias conta como soube do ataque\ud83d\udea8\" itemprop=\"thumbnailUrl\">\n        <\/div>\n        <meta itemprop=\"contentUrl\" content=\"https:\/\/www.youtube.com\/watch?v=imvChzaxetE\">\n        <meta itemprop=\"name\" content=\"\ud83d\udea8&quot;8\/1 foi o epis\u00f3dio mais triste da minha vida&quot;: Messias conta como soube do ataque\ud83d\udea8\">\n        <meta itemprop=\"description\" content=\"\">\n        <meta itemprop=\"uploadDate\" content=\"\">\n        <meta itemprop=\"duration\" content=\"\">\n    <\/div>\n<\/a>\n<a href=\"https:\/\/www.youtube.com\/watch?v=fRfHKXKWrF4\" target=\"_blank\" itemprop=\"url\">\n    <div class=\"post videos\" itemscope itemtype=\"http:\/\/schema.org\/VideoObject\">\n        <div class=\"post-thumbnail\">\n            <div class=\"play\"><\/div>\n            <img decoding=\"async\" src=\"https:\/\/i.ytimg.com\/vi\/fRfHKXKWrF4\/mqdefault.jpg\" alt=\"\ud83d\udea8Jorge Messias adota tom conservador e afirma ser \u201ctotalmente contra ab0rto\u201d durante sabatina\ud83d\udea8\" itemprop=\"thumbnailUrl\">\n        <\/div>\n        <meta itemprop=\"contentUrl\" content=\"https:\/\/www.youtube.com\/watch?v=fRfHKXKWrF4\">\n        <meta itemprop=\"name\" content=\"\ud83d\udea8Jorge Messias adota tom conservador e afirma ser \u201ctotalmente contra ab0rto\u201d durante sabatina\ud83d\udea8\">\n        <meta itemprop=\"description\" content=\"\">\n        <meta itemprop=\"uploadDate\" content=\"\">\n        <meta itemprop=\"duration\" content=\"\">\n    <\/div>\n<\/a>\n<a href=\"https:\/\/www.youtube.com\/watch?v=gRfSbiD3Wdw\" target=\"_blank\" itemprop=\"url\">\n    <div class=\"post videos\" itemscope itemtype=\"http:\/\/schema.org\/VideoObject\">\n        <div class=\"post-thumbnail\">\n            <div class=\"play\"><\/div>\n            <img decoding=\"async\" src=\"https:\/\/i.ytimg.com\/vi\/gRfSbiD3Wdw\/mqdefault.jpg\" alt=\"\ud83d\udd25Jorge Messias diz que STF n\u00e3o deve ser o &quot;Procon da pol\u00edtica\u201d\ud83d\udd25\" itemprop=\"thumbnailUrl\">\n        <\/div>\n        <meta itemprop=\"contentUrl\" content=\"https:\/\/www.youtube.com\/watch?v=gRfSbiD3Wdw\">\n        <meta itemprop=\"name\" content=\"\ud83d\udd25Jorge Messias diz que STF n\u00e3o deve ser o &quot;Procon da pol\u00edtica\u201d\ud83d\udd25\">\n        <meta itemprop=\"description\" content=\"\">\n        <meta itemprop=\"uploadDate\" content=\"\">\n        <meta itemprop=\"duration\" content=\"\">\n    <\/div>\n<\/a>\n<\/div><!-- .latest-horizontal-posts-block__slides --><div class=\"latest-horizontal-posts-block__footer medium-only\"><div class=\"latest-horizontal-posts-block__dots\"><\/div><div class=\"latest-horizontal-posts-block__arrows\"><\/div><\/div><!-- .latest-horizontal-posts-block__footer --><\/div><\/div><!-- .latest-horizontal-posts-block -->\n\n\n<div id=\"wp-block-themeisle-blocks-advanced-columns-0aca5ad0\" class=\"wp-block-themeisle-blocks-advanced-columns alignfull has-3-columns has-desktop-equal-layout has-tablet-equal-layout has-mobile-collapsedRows-layout has-vertical-center has-light-bg\"><div class=\"wp-block-themeisle-blocks-advanced-columns-overlay\"><\/div><div class=\"innerblocks-wrap\">\n<div id=\"wp-block-themeisle-blocks-advanced-column-05203a91\" class=\"wp-block-themeisle-blocks-advanced-column\">\n<figure class=\"wp-block-image aligncenter size-full is-resized\"><img data-dominant-color=\"000000\" data-has-transparency=\"true\" loading=\"lazy\" decoding=\"async\" width=\"500\" height=\"449\" sizes=\"auto, (max-width: 500px) 100vw, 500px\" src=\"https:\/\/midianinja.org\/wp-content\/uploads\/2026\/04\/climax.now-logo-v2-completo-preto-1-1.png\" alt=\"\" class=\"wp-image-4669981 has-transparency\" style=\"--dominant-color: #000000; width:100px;height:auto\" srcset=\"https:\/\/midianinja.org\/wp-content\/uploads\/2026\/04\/climax.now-logo-v2-completo-preto-1-1.png 500w, https:\/\/midianinja.org\/wp-content\/uploads\/2026\/04\/climax.now-logo-v2-completo-preto-1-1-300x269.png 300w\" \/><\/figure>\n<\/div>\n\n\n\n<div id=\"wp-block-themeisle-blocks-advanced-column-7c904bb7\" class=\"wp-block-themeisle-blocks-advanced-column\"><\/div>\n\n\n\n<div id=\"wp-block-themeisle-blocks-advanced-column-191a8a87\" class=\"wp-block-themeisle-blocks-advanced-column\">\n<ul class=\"wp-block-social-links has-icon-color has-icon-background-color is-content-justification-center is-layout-flex wp-container-core-social-links-is-layout-16018d1d wp-block-social-links-is-layout-flex\"><li style=\"color: #262626; background-color: #33333300; \" class=\"wp-social-link wp-social-link-facebook has-primary-pure-color wp-block-social-link\"><a rel=\"noopener nofollow\" target=\"_blank\" href=\"https:\/\/www.facebook.com\/people\/Climax-Now\/61554086073284\/\" class=\"wp-block-social-link-anchor\"><svg width=\"24\" height=\"24\" viewBox=\"0 0 24 24\" version=\"1.1\" xmlns=\"http:\/\/www.w3.org\/2000\/svg\" aria-hidden=\"true\" focusable=\"false\"><path d=\"M12 2C6.5 2 2 6.5 2 12c0 5 3.7 9.1 8.4 9.9v-7H7.9V12h2.5V9.8c0-2.5 1.5-3.9 3.8-3.9 1.1 0 2.2.2 2.2.2v2.5h-1.3c-1.2 0-1.6.8-1.6 1.6V12h2.8l-.4 2.9h-2.3v7C18.3 21.1 22 17 22 12c0-5.5-4.5-10-10-10z\"><\/path><\/svg><span class=\"wp-block-social-link-label screen-reader-text\">Facebook<\/span><\/a><\/li>\n\n<li style=\"color: #262626; background-color: #33333300; \" class=\"wp-social-link wp-social-link-instagram has-primary-pure-color wp-block-social-link\"><a rel=\"noopener nofollow\" target=\"_blank\" href=\"https:\/\/www.instagram.com\/climax.now\" class=\"wp-block-social-link-anchor\"><svg width=\"24\" height=\"24\" viewBox=\"0 0 24 24\" version=\"1.1\" xmlns=\"http:\/\/www.w3.org\/2000\/svg\" aria-hidden=\"true\" focusable=\"false\"><path d=\"M12,4.622c2.403,0,2.688,0.009,3.637,0.052c0.877,0.04,1.354,0.187,1.671,0.31c0.42,0.163,0.72,0.358,1.035,0.673 c0.315,0.315,0.51,0.615,0.673,1.035c0.123,0.317,0.27,0.794,0.31,1.671c0.043,0.949,0.052,1.234,0.052,3.637 s-0.009,2.688-0.052,3.637c-0.04,0.877-0.187,1.354-0.31,1.671c-0.163,0.42-0.358,0.72-0.673,1.035 c-0.315,0.315-0.615,0.51-1.035,0.673c-0.317,0.123-0.794,0.27-1.671,0.31c-0.949,0.043-1.233,0.052-3.637,0.052 s-2.688-0.009-3.637-0.052c-0.877-0.04-1.354-0.187-1.671-0.31c-0.42-0.163-0.72-0.358-1.035-0.673 c-0.315-0.315-0.51-0.615-0.673-1.035c-0.123-0.317-0.27-0.794-0.31-1.671C4.631,14.688,4.622,14.403,4.622,12 s0.009-2.688,0.052-3.637c0.04-0.877,0.187-1.354,0.31-1.671c0.163-0.42,0.358-0.72,0.673-1.035 c0.315-0.315,0.615-0.51,1.035-0.673c0.317-0.123,0.794-0.27,1.671-0.31C9.312,4.631,9.597,4.622,12,4.622 M12,3 C9.556,3,9.249,3.01,8.289,3.054C7.331,3.098,6.677,3.25,6.105,3.472C5.513,3.702,5.011,4.01,4.511,4.511 c-0.5,0.5-0.808,1.002-1.038,1.594C3.25,6.677,3.098,7.331,3.054,8.289C3.01,9.249,3,9.556,3,12c0,2.444,0.01,2.751,0.054,3.711 c0.044,0.958,0.196,1.612,0.418,2.185c0.23,0.592,0.538,1.094,1.038,1.594c0.5,0.5,1.002,0.808,1.594,1.038 c0.572,0.222,1.227,0.375,2.185,0.418C9.249,20.99,9.556,21,12,21s2.751-0.01,3.711-0.054c0.958-0.044,1.612-0.196,2.185-0.418 c0.592-0.23,1.094-0.538,1.594-1.038c0.5-0.5,0.808-1.002,1.038-1.594c0.222-0.572,0.375-1.227,0.418-2.185 C20.99,14.751,21,14.444,21,12s-0.01-2.751-0.054-3.711c-0.044-0.958-0.196-1.612-0.418-2.185c-0.23-0.592-0.538-1.094-1.038-1.594 c-0.5-0.5-1.002-0.808-1.594-1.038c-0.572-0.222-1.227-0.375-2.185-0.418C14.751,3.01,14.444,3,12,3L12,3z M12,7.378 c-2.552,0-4.622,2.069-4.622,4.622S9.448,16.622,12,16.622s4.622-2.069,4.622-4.622S14.552,7.378,12,7.378z M12,15 c-1.657,0-3-1.343-3-3s1.343-3,3-3s3,1.343,3,3S13.657,15,12,15z M16.804,6.116c-0.596,0-1.08,0.484-1.08,1.08 s0.484,1.08,1.08,1.08c0.596,0,1.08-0.484,1.08-1.08S17.401,6.116,16.804,6.116z\"><\/path><\/svg><span class=\"wp-block-social-link-label screen-reader-text\">Instagram<\/span><\/a><\/li><\/ul>\n<\/div>\n<\/div><\/div>\n","protected":false},"excerpt":{"rendered":"<p>SOBRE A transi\u00e7\u00e3o energ\u00e9tica n\u00e3o \u00e9 uma op\u00e7\u00e3o. \u00c9 uma urg\u00eancia. Sem a necessidade de consensos que historicamente travam os grandes f\u00f3runs multilaterais, a 1\u00aa Confer\u00eancia Internacional de Transi\u00e7\u00e3o para Fora dos Combust\u00edveis F\u00f3sseis, em Santa Marta, na Col\u00f4mbia, abre um espa\u00e7o in\u00e9dito para avan\u00e7ar o debate e esbo\u00e7ar caminhos concretos. Uma oportunidade \u00fanica de [&hellip;]<\/p>\n","protected":false},"author":7651,"featured_media":4669806,"parent":0,"menu_order":0,"template":"","format":"standard","meta":{"_coblocks_attr":"","_coblocks_dimensions":"","_coblocks_responsive_height":"","_coblocks_accordion_ie_support":"","newspack_ads_suppress_ads":false,"newspack_popups_has_disabled_popups":false,"newspack_sponsor_sponsorship_scope":"","newspack_sponsor_native_byline_display":"inherit","newspack_sponsor_native_category_display":"inherit","newspack_sponsor_underwriter_style":"inherit","newspack_sponsor_underwriter_placement":"inherit","rop_custom_images_group":[],"rop_custom_messages_group":[],"rop_publish_now":"initial","rop_publish_now_accounts":[],"rop_publish_now_history":[],"rop_publish_now_status":"pending","_themeisle_gutenberg_block_has_review":false,"footnotes":""},"categories":[],"tags":[],"marcador_afluente":[20484],"marcador_especial":[21222],"coauthors":[21178],"class_list":["post-4670071","especial","type-especial","status-publish","format-standard","has-post-thumbnail","hentry","marcador_afluente-climax-now-es","marcador_especial-climax-santa-marta"],"yoast_head":"<!-- This site is optimized with the Yoast SEO Premium plugin v25.2 (Yoast SEO v26.1.1) - https:\/\/yoast.com\/wordpress\/plugins\/seo\/ -->\n<title>Climax Santa Marta - M\u00eddia NINJA<\/title>\n<meta name=\"robots\" content=\"index, follow, max-snippet:-1, max-image-preview:large, max-video-preview:-1\" \/>\n<link rel=\"canonical\" href=\"https:\/\/midianinja.org\/es\/especial\/climax-santa-marta\/\" \/>\n<meta property=\"og:locale\" content=\"es_ES\" \/>\n<meta property=\"og:type\" content=\"article\" \/>\n<meta property=\"og:title\" content=\"Climax Santa Marta\" \/>\n<meta property=\"og:description\" content=\"SOBRE A transi\u00e7\u00e3o energ\u00e9tica n\u00e3o \u00e9 uma op\u00e7\u00e3o. \u00c9 uma urg\u00eancia. Sem a necessidade de consensos que historicamente travam os grandes f\u00f3runs multilaterais, a 1\u00aa Confer\u00eancia Internacional de Transi\u00e7\u00e3o para Fora dos Combust\u00edveis F\u00f3sseis, em Santa Marta, na Col\u00f4mbia, abre um espa\u00e7o in\u00e9dito para avan\u00e7ar o debate e esbo\u00e7ar caminhos concretos. Uma oportunidade \u00fanica de [&hellip;]\" \/>\n<meta property=\"og:url\" content=\"https:\/\/midianinja.org\/es\/especial\/climax-santa-marta\/\" \/>\n<meta property=\"og:site_name\" content=\"M\u00eddia NINJA\" \/>\n<meta property=\"article:publisher\" content=\"https:\/\/www.facebook.com\/MidiaNINJA\" \/>\n<meta property=\"article:modified_time\" content=\"2026-04-28T01:37:59+00:00\" \/>\n<meta property=\"og:image\" content=\"https:\/\/midianinja.org\/wp-content\/uploads\/2026\/04\/avatar-santa-marta.png\" \/>\n\t<meta property=\"og:image:width\" content=\"1081\" \/>\n\t<meta property=\"og:image:height\" content=\"1081\" \/>\n\t<meta property=\"og:image:type\" content=\"image\/png\" \/>\n<meta name=\"twitter:card\" content=\"summary_large_image\" \/>\n<meta name=\"twitter:site\" content=\"@MidiaNINJA\" \/>\n<meta name=\"twitter:label1\" content=\"Tiempo de lectura\" \/>\n\t<meta name=\"twitter:data1\" content=\"3 minutos\" \/>\n\t<meta name=\"twitter:label2\" content=\"Written by\" \/>\n\t<meta name=\"twitter:data2\" content=\"Batista\" \/>\n<script type=\"application\/ld+json\" class=\"yoast-schema-graph\">{\"@context\":\"https:\/\/schema.org\",\"@graph\":[{\"@type\":\"WebPage\",\"@id\":\"https:\/\/midianinja.org\/es\/especial\/climax-santa-marta\/\",\"url\":\"https:\/\/midianinja.org\/es\/especial\/climax-santa-marta\/\",\"name\":\"Climax Santa Marta - M\u00eddia NINJA\",\"isPartOf\":{\"@id\":\"https:\/\/midianinja.org\/#website\"},\"primaryImageOfPage\":{\"@id\":\"https:\/\/midianinja.org\/es\/especial\/climax-santa-marta\/#primaryimage\"},\"image\":{\"@id\":\"https:\/\/midianinja.org\/es\/especial\/climax-santa-marta\/#primaryimage\"},\"thumbnailUrl\":\"https:\/\/midianinja.org\/wp-content\/uploads\/2026\/04\/avatar-santa-marta.png\",\"datePublished\":\"2026-04-26T02:27:57+00:00\",\"dateModified\":\"2026-04-28T01:37:59+00:00\",\"breadcrumb\":{\"@id\":\"https:\/\/midianinja.org\/es\/especial\/climax-santa-marta\/#breadcrumb\"},\"inLanguage\":\"es\",\"potentialAction\":[{\"@type\":\"ReadAction\",\"target\":[\"https:\/\/midianinja.org\/es\/especial\/climax-santa-marta\/\"]}]},{\"@type\":\"ImageObject\",\"inLanguage\":\"es\",\"@id\":\"https:\/\/midianinja.org\/es\/especial\/climax-santa-marta\/#primaryimage\",\"url\":\"https:\/\/midianinja.org\/wp-content\/uploads\/2026\/04\/avatar-santa-marta.png\",\"contentUrl\":\"https:\/\/midianinja.org\/wp-content\/uploads\/2026\/04\/avatar-santa-marta.png\",\"width\":1081,\"height\":1081},{\"@type\":\"BreadcrumbList\",\"@id\":\"https:\/\/midianinja.org\/es\/especial\/climax-santa-marta\/#breadcrumb\",\"itemListElement\":[{\"@type\":\"ListItem\",\"position\":1,\"name\":\"In\u00edcio\",\"item\":\"https:\/\/midianinja.org\/es\/\"},{\"@type\":\"ListItem\",\"position\":2,\"name\":\"Especiais\",\"item\":\"https:\/\/midianinja.org\/especial\/\"},{\"@type\":\"ListItem\",\"position\":3,\"name\":\"Climax Santa Marta\"}]},{\"@type\":\"WebSite\",\"@id\":\"https:\/\/midianinja.org\/#website\",\"url\":\"https:\/\/midianinja.org\/\",\"name\":\"M\u00eddia NINJA\",\"description\":\"Not\u00edcias, opini\u00e3o e jornalismo de urg\u00eancia.\",\"publisher\":{\"@id\":\"https:\/\/midianinja.org\/#organization\"},\"potentialAction\":[{\"@type\":\"SearchAction\",\"target\":{\"@type\":\"EntryPoint\",\"urlTemplate\":\"https:\/\/midianinja.org\/?s={search_term_string}\"},\"query-input\":{\"@type\":\"PropertyValueSpecification\",\"valueRequired\":true,\"valueName\":\"search_term_string\"}}],\"inLanguage\":\"es\"},{\"@type\":\"Organization\",\"@id\":\"https:\/\/midianinja.org\/#organization\",\"name\":\"M\u00eddia NINJA\",\"url\":\"https:\/\/midianinja.org\/\",\"logo\":{\"@type\":\"ImageObject\",\"inLanguage\":\"es\",\"@id\":\"https:\/\/midianinja.org\/#\/schema\/logo\/image\/\",\"url\":\"https:\/\/midianinja.org\/wp-content\/uploads\/2022\/11\/ninja-logo-preto-1.png\",\"contentUrl\":\"https:\/\/midianinja.org\/wp-content\/uploads\/2022\/11\/ninja-logo-preto-1.png\",\"width\":90,\"height\":60,\"caption\":\"M\u00eddia NINJA\"},\"image\":{\"@id\":\"https:\/\/midianinja.org\/#\/schema\/logo\/image\/\"},\"sameAs\":[\"https:\/\/www.facebook.com\/MidiaNINJA\",\"https:\/\/x.com\/MidiaNINJA\",\"https:\/\/www.instagram.com\/midianinja\/\"]}]}<\/script>\n<!-- \/ Yoast SEO Premium plugin. -->","yoast_head_json":{"title":"Climax Santa Marta - M\u00eddia NINJA","robots":{"index":"index","follow":"follow","max-snippet":"max-snippet:-1","max-image-preview":"max-image-preview:large","max-video-preview":"max-video-preview:-1"},"canonical":"https:\/\/midianinja.org\/es\/especial\/climax-santa-marta\/","og_locale":"es_ES","og_type":"article","og_title":"Climax Santa Marta","og_description":"SOBRE A transi\u00e7\u00e3o energ\u00e9tica n\u00e3o \u00e9 uma op\u00e7\u00e3o. \u00c9 uma urg\u00eancia. Sem a necessidade de consensos que historicamente travam os grandes f\u00f3runs multilaterais, a 1\u00aa Confer\u00eancia Internacional de Transi\u00e7\u00e3o para Fora dos Combust\u00edveis F\u00f3sseis, em Santa Marta, na Col\u00f4mbia, abre um espa\u00e7o in\u00e9dito para avan\u00e7ar o debate e esbo\u00e7ar caminhos concretos. Uma oportunidade \u00fanica de [&hellip;]","og_url":"https:\/\/midianinja.org\/es\/especial\/climax-santa-marta\/","og_site_name":"M\u00eddia NINJA","article_publisher":"https:\/\/www.facebook.com\/MidiaNINJA","article_modified_time":"2026-04-28T01:37:59+00:00","og_image":[{"width":1081,"height":1081,"url":"https:\/\/midianinja.org\/wp-content\/uploads\/2026\/04\/avatar-santa-marta.png","type":"image\/png"}],"twitter_card":"summary_large_image","twitter_site":"@MidiaNINJA","twitter_misc":{"Tiempo de lectura":"3 minutos","Written by":"Batista"},"schema":{"@context":"https:\/\/schema.org","@graph":[{"@type":"WebPage","@id":"https:\/\/midianinja.org\/es\/especial\/climax-santa-marta\/","url":"https:\/\/midianinja.org\/es\/especial\/climax-santa-marta\/","name":"Climax Santa Marta - M\u00eddia NINJA","isPartOf":{"@id":"https:\/\/midianinja.org\/#website"},"primaryImageOfPage":{"@id":"https:\/\/midianinja.org\/es\/especial\/climax-santa-marta\/#primaryimage"},"image":{"@id":"https:\/\/midianinja.org\/es\/especial\/climax-santa-marta\/#primaryimage"},"thumbnailUrl":"https:\/\/midianinja.org\/wp-content\/uploads\/2026\/04\/avatar-santa-marta.png","datePublished":"2026-04-26T02:27:57+00:00","dateModified":"2026-04-28T01:37:59+00:00","breadcrumb":{"@id":"https:\/\/midianinja.org\/es\/especial\/climax-santa-marta\/#breadcrumb"},"inLanguage":"es","potentialAction":[{"@type":"ReadAction","target":["https:\/\/midianinja.org\/es\/especial\/climax-santa-marta\/"]}]},{"@type":"ImageObject","inLanguage":"es","@id":"https:\/\/midianinja.org\/es\/especial\/climax-santa-marta\/#primaryimage","url":"https:\/\/midianinja.org\/wp-content\/uploads\/2026\/04\/avatar-santa-marta.png","contentUrl":"https:\/\/midianinja.org\/wp-content\/uploads\/2026\/04\/avatar-santa-marta.png","width":1081,"height":1081},{"@type":"BreadcrumbList","@id":"https:\/\/midianinja.org\/es\/especial\/climax-santa-marta\/#breadcrumb","itemListElement":[{"@type":"ListItem","position":1,"name":"In\u00edcio","item":"https:\/\/midianinja.org\/es\/"},{"@type":"ListItem","position":2,"name":"Especiais","item":"https:\/\/midianinja.org\/especial\/"},{"@type":"ListItem","position":3,"name":"Climax Santa Marta"}]},{"@type":"WebSite","@id":"https:\/\/midianinja.org\/#website","url":"https:\/\/midianinja.org\/","name":"M\u00eddia NINJA","description":"Not\u00edcias, opini\u00e3o e jornalismo de urg\u00eancia.","publisher":{"@id":"https:\/\/midianinja.org\/#organization"},"potentialAction":[{"@type":"SearchAction","target":{"@type":"EntryPoint","urlTemplate":"https:\/\/midianinja.org\/?s={search_term_string}"},"query-input":{"@type":"PropertyValueSpecification","valueRequired":true,"valueName":"search_term_string"}}],"inLanguage":"es"},{"@type":"Organization","@id":"https:\/\/midianinja.org\/#organization","name":"M\u00eddia NINJA","url":"https:\/\/midianinja.org\/","logo":{"@type":"ImageObject","inLanguage":"es","@id":"https:\/\/midianinja.org\/#\/schema\/logo\/image\/","url":"https:\/\/midianinja.org\/wp-content\/uploads\/2022\/11\/ninja-logo-preto-1.png","contentUrl":"https:\/\/midianinja.org\/wp-content\/uploads\/2022\/11\/ninja-logo-preto-1.png","width":90,"height":60,"caption":"M\u00eddia NINJA"},"image":{"@id":"https:\/\/midianinja.org\/#\/schema\/logo\/image\/"},"sameAs":["https:\/\/www.facebook.com\/MidiaNINJA","https:\/\/x.com\/MidiaNINJA","https:\/\/www.instagram.com\/midianinja\/"]}]}},"_links":{"self":[{"href":"https:\/\/midianinja.org\/es\/wp-json\/wp\/v2\/especial\/4670071","targetHints":{"allow":["GET"]}}],"collection":[{"href":"https:\/\/midianinja.org\/es\/wp-json\/wp\/v2\/especial"}],"about":[{"href":"https:\/\/midianinja.org\/es\/wp-json\/wp\/v2\/types\/especial"}],"author":[{"embeddable":true,"href":"https:\/\/midianinja.org\/es\/wp-json\/wp\/v2\/users\/7651"}],"version-history":[{"count":4,"href":"https:\/\/midianinja.org\/es\/wp-json\/wp\/v2\/especial\/4670071\/revisions"}],"predecessor-version":[{"id":4670148,"href":"https:\/\/midianinja.org\/es\/wp-json\/wp\/v2\/especial\/4670071\/revisions\/4670148"}],"wp:featuredmedia":[{"embeddable":true,"href":"https:\/\/midianinja.org\/es\/wp-json\/wp\/v2\/media\/4669806"}],"wp:attachment":[{"href":"https:\/\/midianinja.org\/es\/wp-json\/wp\/v2\/media?parent=4670071"}],"wp:term":[{"taxonomy":"category","embeddable":true,"href":"https:\/\/midianinja.org\/es\/wp-json\/wp\/v2\/categories?post=4670071"},{"taxonomy":"post_tag","embeddable":true,"href":"https:\/\/midianinja.org\/es\/wp-json\/wp\/v2\/tags?post=4670071"},{"taxonomy":"marcador_afluente","embeddable":true,"href":"https:\/\/midianinja.org\/es\/wp-json\/wp\/v2\/marcador_afluente?post=4670071"},{"taxonomy":"marcador_especial","embeddable":true,"href":"https:\/\/midianinja.org\/es\/wp-json\/wp\/v2\/marcador_especial?post=4670071"},{"taxonomy":"author","embeddable":true,"href":"https:\/\/midianinja.org\/es\/wp-json\/wp\/v2\/coauthors?post=4670071"}],"curies":[{"name":"wp","href":"https:\/\/api.w.org\/{rel}","templated":true}]}}